{"id":268,"date":"2023-03-22T19:20:59","date_gmt":"2023-03-22T19:20:59","guid":{"rendered":"https:\/\/naturschutzsl.ch\/test\/?page_id=268"},"modified":"2026-04-19T12:54:13","modified_gmt":"2026-04-19T12:54:13","slug":"fotos-2","status":"publish","type":"page","link":"https:\/\/naturschutzsl.ch\/index.php\/bilder-links\/fotos-2\/","title":{"rendered":"B&#038;L: Fotos"},"content":{"rendered":"\n<h2 class=\"wp-block-heading has-text-align-center\">Fotos<\/h2>\n\n\n\n<p>Fotos von unseren Mitgliedern:<\/p>\n\n\n\n<div class=\"wp-block-spacer\" style=\"height: 30px;\" aria-hidden=\"true\">\u00a0<\/div>\n\n\n\n<figure class=\"wp-block-gallery has-nested-images columns-4 is-cropped wp-block-gallery-1 is-layout-flex wp-block-gallery-is-layout-flex\">\n<figure class=\"wp-block-image size-large\"><a href=\"https:\/\/naturschutzsl.ch\/wp-content\/uploads\/2026\/04\/Fasanen-Paar-und-Wildschwein-mit-Frischling-Petite-Camargue-Alsacienne-F-19.04.2026_Simon-Keller.jpg\"><img loading=\"lazy\" decoding=\"async\" width=\"1024\" height=\"646\" data-id=\"2187\" src=\"https:\/\/naturschutzsl.ch\/wp-content\/uploads\/2026\/04\/Fasanen-Paar-und-Wildschwein-mit-Frischling-Petite-Camargue-Alsacienne-F-19.04.2026_Simon-Keller-1024x646.jpg\" alt=\"\" class=\"wp-image-2187\" srcset=\"https:\/\/naturschutzsl.ch\/wp-content\/uploads\/2026\/04\/Fasanen-Paar-und-Wildschwein-mit-Frischling-Petite-Camargue-Alsacienne-F-19.04.2026_Simon-Keller-1024x646.jpg 1024w, https:\/\/naturschutzsl.ch\/wp-content\/uploads\/2026\/04\/Fasanen-Paar-und-Wildschwein-mit-Frischling-Petite-Camargue-Alsacienne-F-19.04.2026_Simon-Keller-300x189.jpg 300w, https:\/\/naturschutzsl.ch\/wp-content\/uploads\/2026\/04\/Fasanen-Paar-und-Wildschwein-mit-Frischling-Petite-Camargue-Alsacienne-F-19.04.2026_Simon-Keller-768x484.jpg 768w, https:\/\/naturschutzsl.ch\/wp-content\/uploads\/2026\/04\/Fasanen-Paar-und-Wildschwein-mit-Frischling-Petite-Camargue-Alsacienne-F-19.04.2026_Simon-Keller-150x95.jpg 150w, https:\/\/naturschutzsl.ch\/wp-content\/uploads\/2026\/04\/Fasanen-Paar-und-Wildschwein-mit-Frischling-Petite-Camargue-Alsacienne-F-19.04.2026_Simon-Keller.jpg 1142w\" sizes=\"auto, (max-width: 1024px) 100vw, 1024px\" \/><\/a><figcaption class=\"wp-element-caption\">Fasanen-Paar und Wildschwein mit Frischling, Petitie Camargue Alsacienne F, 19.04.2026, Simon Keller<\/figcaption><\/figure>\n\n\n\n<figure class=\"wp-block-image size-large\"><a href=\"https:\/\/naturschutzsl.ch\/wp-content\/uploads\/2026\/04\/Blaukehlchen-singt-im-Wauwilermoos-LU-18.04.2026-Simon-Keller-scaled.jpg\"><img loading=\"lazy\" decoding=\"async\" width=\"1024\" height=\"766\" data-id=\"2188\" src=\"https:\/\/naturschutzsl.ch\/wp-content\/uploads\/2026\/04\/Blaukehlchen-singt-im-Wauwilermoos-LU-18.04.2026-Simon-Keller-1024x766.jpg\" alt=\"\" class=\"wp-image-2188\" srcset=\"https:\/\/naturschutzsl.ch\/wp-content\/uploads\/2026\/04\/Blaukehlchen-singt-im-Wauwilermoos-LU-18.04.2026-Simon-Keller-1024x766.jpg 1024w, https:\/\/naturschutzsl.ch\/wp-content\/uploads\/2026\/04\/Blaukehlchen-singt-im-Wauwilermoos-LU-18.04.2026-Simon-Keller-300x224.jpg 300w, https:\/\/naturschutzsl.ch\/wp-content\/uploads\/2026\/04\/Blaukehlchen-singt-im-Wauwilermoos-LU-18.04.2026-Simon-Keller-768x574.jpg 768w, https:\/\/naturschutzsl.ch\/wp-content\/uploads\/2026\/04\/Blaukehlchen-singt-im-Wauwilermoos-LU-18.04.2026-Simon-Keller-1536x1149.jpg 1536w, https:\/\/naturschutzsl.ch\/wp-content\/uploads\/2026\/04\/Blaukehlchen-singt-im-Wauwilermoos-LU-18.04.2026-Simon-Keller-2048x1532.jpg 2048w, https:\/\/naturschutzsl.ch\/wp-content\/uploads\/2026\/04\/Blaukehlchen-singt-im-Wauwilermoos-LU-18.04.2026-Simon-Keller-150x112.jpg 150w\" sizes=\"auto, (max-width: 1024px) 100vw, 1024px\" \/><\/a><figcaption class=\"wp-element-caption\">Blaukehlchen singt im Wauilwermoos LU, 18.4.2026, Simon Keller<\/figcaption><\/figure>\n\n\n\n<figure class=\"wp-block-image size-large\"><a href=\"https:\/\/naturschutzsl.ch\/wp-content\/uploads\/2026\/04\/Wiedehopf-auf-Nussbaum-Hauptstr.-70-Seltisberg-BL-im-eigenen-Garten-17.04.2026-scaled.jpg\"><img loading=\"lazy\" decoding=\"async\" width=\"1024\" height=\"763\" data-id=\"2183\" src=\"https:\/\/naturschutzsl.ch\/wp-content\/uploads\/2026\/04\/Wiedehopf-auf-Nussbaum-Hauptstr.-70-Seltisberg-BL-im-eigenen-Garten-17.04.2026-1024x763.jpg\" alt=\"\" class=\"wp-image-2183\" srcset=\"https:\/\/naturschutzsl.ch\/wp-content\/uploads\/2026\/04\/Wiedehopf-auf-Nussbaum-Hauptstr.-70-Seltisberg-BL-im-eigenen-Garten-17.04.2026-1024x763.jpg 1024w, https:\/\/naturschutzsl.ch\/wp-content\/uploads\/2026\/04\/Wiedehopf-auf-Nussbaum-Hauptstr.-70-Seltisberg-BL-im-eigenen-Garten-17.04.2026-300x224.jpg 300w, https:\/\/naturschutzsl.ch\/wp-content\/uploads\/2026\/04\/Wiedehopf-auf-Nussbaum-Hauptstr.-70-Seltisberg-BL-im-eigenen-Garten-17.04.2026-768x572.jpg 768w, https:\/\/naturschutzsl.ch\/wp-content\/uploads\/2026\/04\/Wiedehopf-auf-Nussbaum-Hauptstr.-70-Seltisberg-BL-im-eigenen-Garten-17.04.2026-1536x1145.jpg 1536w, https:\/\/naturschutzsl.ch\/wp-content\/uploads\/2026\/04\/Wiedehopf-auf-Nussbaum-Hauptstr.-70-Seltisberg-BL-im-eigenen-Garten-17.04.2026-2048x1527.jpg 2048w, https:\/\/naturschutzsl.ch\/wp-content\/uploads\/2026\/04\/Wiedehopf-auf-Nussbaum-Hauptstr.-70-Seltisberg-BL-im-eigenen-Garten-17.04.2026-150x112.jpg 150w\" sizes=\"auto, (max-width: 1024px) 100vw, 1024px\" \/><\/a><figcaption class=\"wp-element-caption\">Wiedehopf bei mir im Garten Hauptstr. 70 Seltisberg, Simon Keller<\/figcaption><\/figure>\n\n\n\n<figure class=\"wp-block-image size-large\"><a href=\"https:\/\/naturschutzsl.ch\/wp-content\/uploads\/2026\/03\/Mauerlaeufer-Collage-Nuglar-SO-20.03.2026.jpg\"><img loading=\"lazy\" decoding=\"async\" width=\"1024\" height=\"576\" data-id=\"2121\" src=\"https:\/\/naturschutzsl.ch\/wp-content\/uploads\/2026\/03\/Mauerlaeufer-Collage-Nuglar-SO-20.03.2026-1024x576.jpg\" alt=\"\" class=\"wp-image-2121\" srcset=\"https:\/\/naturschutzsl.ch\/wp-content\/uploads\/2026\/03\/Mauerlaeufer-Collage-Nuglar-SO-20.03.2026-1024x576.jpg 1024w, https:\/\/naturschutzsl.ch\/wp-content\/uploads\/2026\/03\/Mauerlaeufer-Collage-Nuglar-SO-20.03.2026-300x169.jpg 300w, https:\/\/naturschutzsl.ch\/wp-content\/uploads\/2026\/03\/Mauerlaeufer-Collage-Nuglar-SO-20.03.2026-768x432.jpg 768w, https:\/\/naturschutzsl.ch\/wp-content\/uploads\/2026\/03\/Mauerlaeufer-Collage-Nuglar-SO-20.03.2026-150x84.jpg 150w, https:\/\/naturschutzsl.ch\/wp-content\/uploads\/2026\/03\/Mauerlaeufer-Collage-Nuglar-SO-20.03.2026.jpg 1280w\" sizes=\"auto, (max-width: 1024px) 100vw, 1024px\" \/><\/a><figcaption class=\"wp-element-caption\">Mauerl\u00e4ufer-Collage Nuglar SO 20.03.2026, Simon Keller<\/figcaption><\/figure>\n\n\n\n<figure class=\"wp-block-image size-large\"><a href=\"https:\/\/naturschutzsl.ch\/wp-content\/uploads\/2026\/03\/Elstern-Collage-Seltisberg-BL-23.03.2026-Simon-Keller-1.jpg\"><img loading=\"lazy\" decoding=\"async\" width=\"1024\" height=\"607\" data-id=\"2135\" src=\"https:\/\/naturschutzsl.ch\/wp-content\/uploads\/2026\/03\/Elstern-Collage-Seltisberg-BL-23.03.2026-Simon-Keller-1-1024x607.jpg\" alt=\"Elster, Seltisberg, 03.2026, Simon Keller\" class=\"wp-image-2135\" srcset=\"https:\/\/naturschutzsl.ch\/wp-content\/uploads\/2026\/03\/Elstern-Collage-Seltisberg-BL-23.03.2026-Simon-Keller-1-1024x607.jpg 1024w, https:\/\/naturschutzsl.ch\/wp-content\/uploads\/2026\/03\/Elstern-Collage-Seltisberg-BL-23.03.2026-Simon-Keller-1-300x178.jpg 300w, https:\/\/naturschutzsl.ch\/wp-content\/uploads\/2026\/03\/Elstern-Collage-Seltisberg-BL-23.03.2026-Simon-Keller-1-768x455.jpg 768w, https:\/\/naturschutzsl.ch\/wp-content\/uploads\/2026\/03\/Elstern-Collage-Seltisberg-BL-23.03.2026-Simon-Keller-1-150x89.jpg 150w, https:\/\/naturschutzsl.ch\/wp-content\/uploads\/2026\/03\/Elstern-Collage-Seltisberg-BL-23.03.2026-Simon-Keller-1.jpg 1215w\" sizes=\"auto, (max-width: 1024px) 100vw, 1024px\" \/><\/a><figcaption class=\"wp-element-caption\">Elster auf Nussbaum, Seltisberg BL, 03.2026, Simon Keller<\/figcaption><\/figure>\n\n\n\n<figure class=\"wp-block-image size-large\"><a href=\"https:\/\/naturschutzsl.ch\/wp-content\/uploads\/2026\/02\/DSCN6485-scaled.jpg\"><img loading=\"lazy\" decoding=\"async\" width=\"714\" height=\"1024\" data-id=\"2061\" src=\"https:\/\/naturschutzsl.ch\/wp-content\/uploads\/2026\/02\/DSCN6485-714x1024.jpg\" alt=\"\" class=\"wp-image-2061\" srcset=\"https:\/\/naturschutzsl.ch\/wp-content\/uploads\/2026\/02\/DSCN6485-714x1024.jpg 714w, https:\/\/naturschutzsl.ch\/wp-content\/uploads\/2026\/02\/DSCN6485-209x300.jpg 209w, https:\/\/naturschutzsl.ch\/wp-content\/uploads\/2026\/02\/DSCN6485-768x1101.jpg 768w, https:\/\/naturschutzsl.ch\/wp-content\/uploads\/2026\/02\/DSCN6485-1071x1536.jpg 1071w, https:\/\/naturschutzsl.ch\/wp-content\/uploads\/2026\/02\/DSCN6485-1428x2048.jpg 1428w, https:\/\/naturschutzsl.ch\/wp-content\/uploads\/2026\/02\/DSCN6485-105x150.jpg 105w, https:\/\/naturschutzsl.ch\/wp-content\/uploads\/2026\/02\/DSCN6485-scaled.jpg 1785w\" sizes=\"auto, (max-width: 714px) 100vw, 714px\" \/><\/a><figcaption class=\"wp-element-caption\">Schwanzmeise, Buechhalde Seltisberg, 02.02.2026_Simon Keller<\/figcaption><\/figure>\n\n\n\n<figure class=\"wp-block-image size-large\"><a href=\"https:\/\/naturschutzsl.ch\/wp-content\/uploads\/2026\/02\/Stieglitze-Seltisberg-BL-01.2026_Maya-Loew.jpeg\"><img loading=\"lazy\" decoding=\"async\" width=\"682\" height=\"1024\" data-id=\"2059\" src=\"https:\/\/naturschutzsl.ch\/wp-content\/uploads\/2026\/02\/Stieglitze-Seltisberg-BL-01.2026_Maya-Loew-682x1024.jpeg\" alt=\"\" class=\"wp-image-2059\" srcset=\"https:\/\/naturschutzsl.ch\/wp-content\/uploads\/2026\/02\/Stieglitze-Seltisberg-BL-01.2026_Maya-Loew-682x1024.jpeg 682w, https:\/\/naturschutzsl.ch\/wp-content\/uploads\/2026\/02\/Stieglitze-Seltisberg-BL-01.2026_Maya-Loew-200x300.jpeg 200w, https:\/\/naturschutzsl.ch\/wp-content\/uploads\/2026\/02\/Stieglitze-Seltisberg-BL-01.2026_Maya-Loew-768x1152.jpeg 768w, https:\/\/naturschutzsl.ch\/wp-content\/uploads\/2026\/02\/Stieglitze-Seltisberg-BL-01.2026_Maya-Loew-100x150.jpeg 100w, https:\/\/naturschutzsl.ch\/wp-content\/uploads\/2026\/02\/Stieglitze-Seltisberg-BL-01.2026_Maya-Loew.jpeg 853w\" sizes=\"auto, (max-width: 682px) 100vw, 682px\" \/><\/a><figcaption class=\"wp-element-caption\">Stieglitze in Seltisberg 01.2026_Maya L\u00f6w<\/figcaption><\/figure>\n\n\n\n<figure class=\"wp-block-image size-large\"><a href=\"https:\/\/naturschutzsl.ch\/wp-content\/uploads\/2026\/03\/Steppenkiebitz-im-Elsass-bei-Aspach-le-Bas-F-10.03.2026.jpg\"><img loading=\"lazy\" decoding=\"async\" width=\"1024\" height=\"680\" data-id=\"2082\" src=\"https:\/\/naturschutzsl.ch\/wp-content\/uploads\/2026\/03\/Steppenkiebitz-im-Elsass-bei-Aspach-le-Bas-F-10.03.2026-1024x680.jpg\" alt=\"\" class=\"wp-image-2082\" srcset=\"https:\/\/naturschutzsl.ch\/wp-content\/uploads\/2026\/03\/Steppenkiebitz-im-Elsass-bei-Aspach-le-Bas-F-10.03.2026-1024x680.jpg 1024w, https:\/\/naturschutzsl.ch\/wp-content\/uploads\/2026\/03\/Steppenkiebitz-im-Elsass-bei-Aspach-le-Bas-F-10.03.2026-300x199.jpg 300w, https:\/\/naturschutzsl.ch\/wp-content\/uploads\/2026\/03\/Steppenkiebitz-im-Elsass-bei-Aspach-le-Bas-F-10.03.2026-768x510.jpg 768w, https:\/\/naturschutzsl.ch\/wp-content\/uploads\/2026\/03\/Steppenkiebitz-im-Elsass-bei-Aspach-le-Bas-F-10.03.2026-150x100.jpg 150w, https:\/\/naturschutzsl.ch\/wp-content\/uploads\/2026\/03\/Steppenkiebitz-im-Elsass-bei-Aspach-le-Bas-F-10.03.2026-375x250.jpg 375w, https:\/\/naturschutzsl.ch\/wp-content\/uploads\/2026\/03\/Steppenkiebitz-im-Elsass-bei-Aspach-le-Bas-F-10.03.2026.jpg 1084w\" sizes=\"auto, (max-width: 1024px) 100vw, 1024px\" \/><\/a><figcaption class=\"wp-element-caption\">Steppenkiebitz im nahen Elsass Aspach-le-Bas F, 10.03.2026, Simon Keller<\/figcaption><\/figure>\n\n\n\n<figure class=\"wp-block-image size-large\"><a href=\"https:\/\/naturschutzsl.ch\/wp-content\/uploads\/2026\/01\/Ohrenlerchen-Collage-Belchen-Gipfel-D-24.01.2026.jpg\"><img loading=\"lazy\" decoding=\"async\" width=\"1024\" height=\"576\" data-id=\"2055\" src=\"https:\/\/naturschutzsl.ch\/wp-content\/uploads\/2026\/01\/Ohrenlerchen-Collage-Belchen-Gipfel-D-24.01.2026-1024x576.jpg\" alt=\"\" class=\"wp-image-2055\" srcset=\"https:\/\/naturschutzsl.ch\/wp-content\/uploads\/2026\/01\/Ohrenlerchen-Collage-Belchen-Gipfel-D-24.01.2026-1024x576.jpg 1024w, https:\/\/naturschutzsl.ch\/wp-content\/uploads\/2026\/01\/Ohrenlerchen-Collage-Belchen-Gipfel-D-24.01.2026-300x169.jpg 300w, https:\/\/naturschutzsl.ch\/wp-content\/uploads\/2026\/01\/Ohrenlerchen-Collage-Belchen-Gipfel-D-24.01.2026-768x432.jpg 768w, https:\/\/naturschutzsl.ch\/wp-content\/uploads\/2026\/01\/Ohrenlerchen-Collage-Belchen-Gipfel-D-24.01.2026-150x84.jpg 150w, https:\/\/naturschutzsl.ch\/wp-content\/uploads\/2026\/01\/Ohrenlerchen-Collage-Belchen-Gipfel-D-24.01.2026.jpg 1280w\" sizes=\"auto, (max-width: 1024px) 100vw, 1024px\" \/><\/a><figcaption class=\"wp-element-caption\">Ohrenlerche auf Belchen-Gipfel D, 24.01.2026_Simon Keller<\/figcaption><\/figure>\n\n\n\n<figure class=\"wp-block-image size-large\"><a href=\"https:\/\/naturschutzsl.ch\/wp-content\/uploads\/2026\/01\/Zwergsaeger-Collage-KW-Augst-Altrhein-Wyhlen-D-14.01.2026.jpg\"><img loading=\"lazy\" decoding=\"async\" width=\"936\" height=\"707\" data-id=\"2051\" src=\"https:\/\/naturschutzsl.ch\/wp-content\/uploads\/2026\/01\/Zwergsaeger-Collage-KW-Augst-Altrhein-Wyhlen-D-14.01.2026.jpg\" alt=\"\" class=\"wp-image-2051\" srcset=\"https:\/\/naturschutzsl.ch\/wp-content\/uploads\/2026\/01\/Zwergsaeger-Collage-KW-Augst-Altrhein-Wyhlen-D-14.01.2026.jpg 936w, https:\/\/naturschutzsl.ch\/wp-content\/uploads\/2026\/01\/Zwergsaeger-Collage-KW-Augst-Altrhein-Wyhlen-D-14.01.2026-300x227.jpg 300w, https:\/\/naturschutzsl.ch\/wp-content\/uploads\/2026\/01\/Zwergsaeger-Collage-KW-Augst-Altrhein-Wyhlen-D-14.01.2026-768x580.jpg 768w, https:\/\/naturschutzsl.ch\/wp-content\/uploads\/2026\/01\/Zwergsaeger-Collage-KW-Augst-Altrhein-Wyhlen-D-14.01.2026-150x113.jpg 150w\" sizes=\"auto, (max-width: 936px) 100vw, 936px\" \/><\/a><figcaption class=\"wp-element-caption\">Zwergs\u00e4ger 2m+3w beim KW Augst-Altrhein Wyhlen D, 14.01.2026_Simon Keller<\/figcaption><\/figure>\n\n\n\n<figure class=\"wp-block-image size-large\"><a href=\"https:\/\/naturschutzsl.ch\/wp-content\/uploads\/2026\/01\/Sterntaucher-Collage-Wallbach-AG_10.01.2026.jpg\"><img loading=\"lazy\" decoding=\"async\" width=\"1024\" height=\"651\" data-id=\"2049\" src=\"https:\/\/naturschutzsl.ch\/wp-content\/uploads\/2026\/01\/Sterntaucher-Collage-Wallbach-AG_10.01.2026-1024x651.jpg\" alt=\"\" class=\"wp-image-2049\" srcset=\"https:\/\/naturschutzsl.ch\/wp-content\/uploads\/2026\/01\/Sterntaucher-Collage-Wallbach-AG_10.01.2026-1024x651.jpg 1024w, https:\/\/naturschutzsl.ch\/wp-content\/uploads\/2026\/01\/Sterntaucher-Collage-Wallbach-AG_10.01.2026-300x191.jpg 300w, https:\/\/naturschutzsl.ch\/wp-content\/uploads\/2026\/01\/Sterntaucher-Collage-Wallbach-AG_10.01.2026-768x488.jpg 768w, https:\/\/naturschutzsl.ch\/wp-content\/uploads\/2026\/01\/Sterntaucher-Collage-Wallbach-AG_10.01.2026-150x95.jpg 150w, https:\/\/naturschutzsl.ch\/wp-content\/uploads\/2026\/01\/Sterntaucher-Collage-Wallbach-AG_10.01.2026.jpg 1132w\" sizes=\"auto, (max-width: 1024px) 100vw, 1024px\" \/><\/a><figcaption class=\"wp-element-caption\">Sterntaucher bei Wallbach AG, 10.01.2026_Simon Keller<\/figcaption><\/figure>\n\n\n\n<figure class=\"wp-block-image size-large\"><a href=\"https:\/\/naturschutzsl.ch\/wp-content\/uploads\/2025\/09\/Collage-Klingnauer-Stausee-AG-inkl.-Blutmond-Mondfinsternis-in-Seltisberg-BL-07.09.2025.jpg\"><img loading=\"lazy\" decoding=\"async\" width=\"1024\" height=\"576\" data-id=\"1991\" src=\"https:\/\/naturschutzsl.ch\/wp-content\/uploads\/2025\/09\/Collage-Klingnauer-Stausee-AG-inkl.-Blutmond-Mondfinsternis-in-Seltisberg-BL-07.09.2025-1024x576.jpg\" alt=\"\" class=\"wp-image-1991\" srcset=\"https:\/\/naturschutzsl.ch\/wp-content\/uploads\/2025\/09\/Collage-Klingnauer-Stausee-AG-inkl.-Blutmond-Mondfinsternis-in-Seltisberg-BL-07.09.2025-1024x576.jpg 1024w, https:\/\/naturschutzsl.ch\/wp-content\/uploads\/2025\/09\/Collage-Klingnauer-Stausee-AG-inkl.-Blutmond-Mondfinsternis-in-Seltisberg-BL-07.09.2025-300x169.jpg 300w, https:\/\/naturschutzsl.ch\/wp-content\/uploads\/2025\/09\/Collage-Klingnauer-Stausee-AG-inkl.-Blutmond-Mondfinsternis-in-Seltisberg-BL-07.09.2025-768x432.jpg 768w, https:\/\/naturschutzsl.ch\/wp-content\/uploads\/2025\/09\/Collage-Klingnauer-Stausee-AG-inkl.-Blutmond-Mondfinsternis-in-Seltisberg-BL-07.09.2025-150x84.jpg 150w, https:\/\/naturschutzsl.ch\/wp-content\/uploads\/2025\/09\/Collage-Klingnauer-Stausee-AG-inkl.-Blutmond-Mondfinsternis-in-Seltisberg-BL-07.09.2025.jpg 1280w\" sizes=\"auto, (max-width: 1024px) 100vw, 1024px\" \/><\/a><figcaption class=\"wp-element-caption\">Rosaflamingos am Klingnauerstausee AG + Blutmond\/Mondfinsternis in Seltisberg BL, 07.09.2025, Simon Keller<\/figcaption><\/figure>\n\n\n\n<figure class=\"wp-block-image size-large\"><a href=\"https:\/\/naturschutzsl.ch\/wp-content\/uploads\/2025\/09\/Loeffler-Collage-Altrhein-Wyhlen-D-6.9.2025_Simon-Keller.jpg\"><img loading=\"lazy\" decoding=\"async\" width=\"1024\" height=\"713\" data-id=\"1988\" src=\"https:\/\/naturschutzsl.ch\/wp-content\/uploads\/2025\/09\/Loeffler-Collage-Altrhein-Wyhlen-D-6.9.2025_Simon-Keller-1024x713.jpg\" alt=\"\" class=\"wp-image-1988\" srcset=\"https:\/\/naturschutzsl.ch\/wp-content\/uploads\/2025\/09\/Loeffler-Collage-Altrhein-Wyhlen-D-6.9.2025_Simon-Keller-1024x713.jpg 1024w, https:\/\/naturschutzsl.ch\/wp-content\/uploads\/2025\/09\/Loeffler-Collage-Altrhein-Wyhlen-D-6.9.2025_Simon-Keller-300x209.jpg 300w, https:\/\/naturschutzsl.ch\/wp-content\/uploads\/2025\/09\/Loeffler-Collage-Altrhein-Wyhlen-D-6.9.2025_Simon-Keller-768x535.jpg 768w, https:\/\/naturschutzsl.ch\/wp-content\/uploads\/2025\/09\/Loeffler-Collage-Altrhein-Wyhlen-D-6.9.2025_Simon-Keller-150x104.jpg 150w, https:\/\/naturschutzsl.ch\/wp-content\/uploads\/2025\/09\/Loeffler-Collage-Altrhein-Wyhlen-D-6.9.2025_Simon-Keller.jpg 1034w\" sizes=\"auto, (max-width: 1024px) 100vw, 1024px\" \/><\/a><figcaption class=\"wp-element-caption\">L\u00f6ffler bei KW Augst \/ Altrhein Wyhlen, 06.09.2025, entdeckt von Simon Keller<\/figcaption><\/figure>\n\n\n\n<figure class=\"wp-block-image size-large\"><a href=\"https:\/\/naturschutzsl.ch\/wp-content\/uploads\/2025\/09\/Sichler-Steinwaelzer-Collage-KW-Leibstadt-AG-Birsmuendung-28.8.21.9.2025.jpg\"><img loading=\"lazy\" decoding=\"async\" width=\"1024\" height=\"632\" data-id=\"2011\" src=\"https:\/\/naturschutzsl.ch\/wp-content\/uploads\/2025\/09\/Sichler-Steinwaelzer-Collage-KW-Leibstadt-AG-Birsmuendung-28.8.21.9.2025-1024x632.jpg\" alt=\"\" class=\"wp-image-2011\" srcset=\"https:\/\/naturschutzsl.ch\/wp-content\/uploads\/2025\/09\/Sichler-Steinwaelzer-Collage-KW-Leibstadt-AG-Birsmuendung-28.8.21.9.2025-1024x632.jpg 1024w, https:\/\/naturschutzsl.ch\/wp-content\/uploads\/2025\/09\/Sichler-Steinwaelzer-Collage-KW-Leibstadt-AG-Birsmuendung-28.8.21.9.2025-300x185.jpg 300w, https:\/\/naturschutzsl.ch\/wp-content\/uploads\/2025\/09\/Sichler-Steinwaelzer-Collage-KW-Leibstadt-AG-Birsmuendung-28.8.21.9.2025-768x474.jpg 768w, https:\/\/naturschutzsl.ch\/wp-content\/uploads\/2025\/09\/Sichler-Steinwaelzer-Collage-KW-Leibstadt-AG-Birsmuendung-28.8.21.9.2025-150x93.jpg 150w, https:\/\/naturschutzsl.ch\/wp-content\/uploads\/2025\/09\/Sichler-Steinwaelzer-Collage-KW-Leibstadt-AG-Birsmuendung-28.8.21.9.2025.jpg 1167w\" sizes=\"auto, (max-width: 1024px) 100vw, 1024px\" \/><\/a><figcaption class=\"wp-element-caption\">Steinw\u00e4lzer und Sichler an der Birsm\u00fcndung und KW Leibstadt AG, 28.8.+21.9.2025, Simon Keller<\/figcaption><\/figure>\n\n\n\n<figure class=\"wp-block-image size-large\"><a href=\"https:\/\/naturschutzsl.ch\/wp-content\/uploads\/2025\/08\/Wendehals-Collage-Buechhalde-Seltisberg-BL-14.8.2025.jpg\"><img loading=\"lazy\" decoding=\"async\" width=\"1024\" height=\"576\" data-id=\"1962\" src=\"https:\/\/naturschutzsl.ch\/wp-content\/uploads\/2025\/08\/Wendehals-Collage-Buechhalde-Seltisberg-BL-14.8.2025-1024x576.jpg\" alt=\"\" class=\"wp-image-1962\" srcset=\"https:\/\/naturschutzsl.ch\/wp-content\/uploads\/2025\/08\/Wendehals-Collage-Buechhalde-Seltisberg-BL-14.8.2025-1024x576.jpg 1024w, https:\/\/naturschutzsl.ch\/wp-content\/uploads\/2025\/08\/Wendehals-Collage-Buechhalde-Seltisberg-BL-14.8.2025-300x169.jpg 300w, https:\/\/naturschutzsl.ch\/wp-content\/uploads\/2025\/08\/Wendehals-Collage-Buechhalde-Seltisberg-BL-14.8.2025-768x432.jpg 768w, https:\/\/naturschutzsl.ch\/wp-content\/uploads\/2025\/08\/Wendehals-Collage-Buechhalde-Seltisberg-BL-14.8.2025-150x84.jpg 150w, https:\/\/naturschutzsl.ch\/wp-content\/uploads\/2025\/08\/Wendehals-Collage-Buechhalde-Seltisberg-BL-14.8.2025.jpg 1280w\" sizes=\"auto, (max-width: 1024px) 100vw, 1024px\" \/><\/a><figcaption class=\"wp-element-caption\">Wendehals auf Buechhalde Seltisberg, 14.08.2025, Simon Keller<\/figcaption><\/figure>\n\n\n\n<figure class=\"wp-block-image size-large\"><a href=\"https:\/\/naturschutzsl.ch\/wp-content\/uploads\/2025\/08\/Wiedehopf-250814.jpg\"><img loading=\"lazy\" decoding=\"async\" width=\"1024\" height=\"683\" data-id=\"1967\" src=\"https:\/\/naturschutzsl.ch\/wp-content\/uploads\/2025\/08\/Wiedehopf-250814-1024x683.jpg\" alt=\"Wiedehopf\" class=\"wp-image-1967\" srcset=\"https:\/\/naturschutzsl.ch\/wp-content\/uploads\/2025\/08\/Wiedehopf-250814-1024x683.jpg 1024w, https:\/\/naturschutzsl.ch\/wp-content\/uploads\/2025\/08\/Wiedehopf-250814-300x200.jpg 300w, https:\/\/naturschutzsl.ch\/wp-content\/uploads\/2025\/08\/Wiedehopf-250814-768x512.jpg 768w, https:\/\/naturschutzsl.ch\/wp-content\/uploads\/2025\/08\/Wiedehopf-250814-1536x1024.jpg 1536w, https:\/\/naturschutzsl.ch\/wp-content\/uploads\/2025\/08\/Wiedehopf-250814-150x100.jpg 150w, https:\/\/naturschutzsl.ch\/wp-content\/uploads\/2025\/08\/Wiedehopf-250814-375x250.jpg 375w, https:\/\/naturschutzsl.ch\/wp-content\/uploads\/2025\/08\/Wiedehopf-250814.jpg 2048w\" sizes=\"auto, (max-width: 1024px) 100vw, 1024px\" \/><\/a><figcaption class=\"wp-element-caption\">Wiedehopf 250814, Dieter Roth<\/figcaption><\/figure>\n\n\n\n<figure class=\"wp-block-image size-large\"><a href=\"https:\/\/naturschutzsl.ch\/wp-content\/uploads\/2025\/08\/DSCN3328-scaled.jpg\"><img loading=\"lazy\" decoding=\"async\" width=\"1024\" height=\"793\" data-id=\"1959\" src=\"https:\/\/naturschutzsl.ch\/wp-content\/uploads\/2025\/08\/DSCN3328-1024x793.jpg\" alt=\"\" class=\"wp-image-1959\" srcset=\"https:\/\/naturschutzsl.ch\/wp-content\/uploads\/2025\/08\/DSCN3328-1024x793.jpg 1024w, https:\/\/naturschutzsl.ch\/wp-content\/uploads\/2025\/08\/DSCN3328-300x232.jpg 300w, https:\/\/naturschutzsl.ch\/wp-content\/uploads\/2025\/08\/DSCN3328-768x595.jpg 768w, https:\/\/naturschutzsl.ch\/wp-content\/uploads\/2025\/08\/DSCN3328-1536x1190.jpg 1536w, https:\/\/naturschutzsl.ch\/wp-content\/uploads\/2025\/08\/DSCN3328-2048x1586.jpg 2048w, https:\/\/naturschutzsl.ch\/wp-content\/uploads\/2025\/08\/DSCN3328-150x116.jpg 150w\" sizes=\"auto, (max-width: 1024px) 100vw, 1024px\" \/><\/a><figcaption class=\"wp-element-caption\">Zaunammer m, unterhalb H\u00f6fli (erste Brut in Lupsingen), 13.08.2025_Simon Keller<\/figcaption><\/figure>\n\n\n\n<figure class=\"wp-block-image size-large\"><a href=\"https:\/\/naturschutzsl.ch\/wp-content\/uploads\/2025\/08\/Kleinspecht-Collage-Seltisberg-BL-12.08.2025.jpg\"><img loading=\"lazy\" decoding=\"async\" width=\"1023\" height=\"641\" data-id=\"1957\" src=\"https:\/\/naturschutzsl.ch\/wp-content\/uploads\/2025\/08\/Kleinspecht-Collage-Seltisberg-BL-12.08.2025.jpg\" alt=\"\" class=\"wp-image-1957\" srcset=\"https:\/\/naturschutzsl.ch\/wp-content\/uploads\/2025\/08\/Kleinspecht-Collage-Seltisberg-BL-12.08.2025.jpg 1023w, https:\/\/naturschutzsl.ch\/wp-content\/uploads\/2025\/08\/Kleinspecht-Collage-Seltisberg-BL-12.08.2025-300x188.jpg 300w, https:\/\/naturschutzsl.ch\/wp-content\/uploads\/2025\/08\/Kleinspecht-Collage-Seltisberg-BL-12.08.2025-768x481.jpg 768w, https:\/\/naturschutzsl.ch\/wp-content\/uploads\/2025\/08\/Kleinspecht-Collage-Seltisberg-BL-12.08.2025-150x94.jpg 150w\" sizes=\"auto, (max-width: 1023px) 100vw, 1023px\" \/><\/a><figcaption class=\"wp-element-caption\">Kleinspecht m, F\u00e4lkle Seltisberg BL, 12.8.2025, Simon Keller<\/figcaption><\/figure>\n\n\n\n<figure class=\"wp-block-image size-large\"><a href=\"https:\/\/naturschutzsl.ch\/wp-content\/uploads\/2025\/05\/DSCN1593-scaled.jpg\"><img loading=\"lazy\" decoding=\"async\" width=\"1024\" height=\"722\" data-id=\"1933\" src=\"https:\/\/naturschutzsl.ch\/wp-content\/uploads\/2025\/05\/DSCN1593-1024x722.jpg\" alt=\"\" class=\"wp-image-1933\" srcset=\"https:\/\/naturschutzsl.ch\/wp-content\/uploads\/2025\/05\/DSCN1593-1024x722.jpg 1024w, https:\/\/naturschutzsl.ch\/wp-content\/uploads\/2025\/05\/DSCN1593-300x212.jpg 300w, https:\/\/naturschutzsl.ch\/wp-content\/uploads\/2025\/05\/DSCN1593-768x542.jpg 768w, https:\/\/naturschutzsl.ch\/wp-content\/uploads\/2025\/05\/DSCN1593-1536x1084.jpg 1536w, https:\/\/naturschutzsl.ch\/wp-content\/uploads\/2025\/05\/DSCN1593-2048x1445.jpg 2048w, https:\/\/naturschutzsl.ch\/wp-content\/uploads\/2025\/05\/DSCN1593-150x106.jpg 150w\" sizes=\"auto, (max-width: 1024px) 100vw, 1024px\" \/><\/a><figcaption class=\"wp-element-caption\">Sperlingskauz zur Brutzeit 2025 im Oberbaselbiet_Foto Simon Keller<\/figcaption><\/figure>\n\n\n\n<figure class=\"wp-block-image size-large\"><a href=\"https:\/\/naturschutzsl.ch\/wp-content\/uploads\/2025\/08\/Bienenfresser-Collage-PCA-F-09.08.2025-Simon-Keller.jpg\"><img loading=\"lazy\" decoding=\"async\" width=\"1024\" height=\"576\" data-id=\"1955\" src=\"https:\/\/naturschutzsl.ch\/wp-content\/uploads\/2025\/08\/Bienenfresser-Collage-PCA-F-09.08.2025-Simon-Keller-1024x576.jpg\" alt=\"\" class=\"wp-image-1955\" srcset=\"https:\/\/naturschutzsl.ch\/wp-content\/uploads\/2025\/08\/Bienenfresser-Collage-PCA-F-09.08.2025-Simon-Keller-1024x576.jpg 1024w, https:\/\/naturschutzsl.ch\/wp-content\/uploads\/2025\/08\/Bienenfresser-Collage-PCA-F-09.08.2025-Simon-Keller-300x169.jpg 300w, https:\/\/naturschutzsl.ch\/wp-content\/uploads\/2025\/08\/Bienenfresser-Collage-PCA-F-09.08.2025-Simon-Keller-768x432.jpg 768w, https:\/\/naturschutzsl.ch\/wp-content\/uploads\/2025\/08\/Bienenfresser-Collage-PCA-F-09.08.2025-Simon-Keller-150x84.jpg 150w, https:\/\/naturschutzsl.ch\/wp-content\/uploads\/2025\/08\/Bienenfresser-Collage-PCA-F-09.08.2025-Simon-Keller.jpg 1280w\" sizes=\"auto, (max-width: 1024px) 100vw, 1024px\" \/><\/a><figcaption class=\"wp-element-caption\">Bienenfresser 50 Ex. in der Petite Camargue F am 09.08.2025, Foto Simon Keller<\/figcaption><\/figure>\n\n\n\n<figure class=\"wp-block-image size-large\"><a href=\"https:\/\/naturschutzsl.ch\/wp-content\/uploads\/2025\/06\/Wauwilermoos-LU_NSL-Exkursion-9.6.2025-geleitet-von-Simon-Keller.jpg\"><img loading=\"lazy\" decoding=\"async\" width=\"1024\" height=\"576\" data-id=\"1943\" src=\"https:\/\/naturschutzsl.ch\/wp-content\/uploads\/2025\/06\/Wauwilermoos-LU_NSL-Exkursion-9.6.2025-geleitet-von-Simon-Keller-1024x576.jpg\" alt=\"\" class=\"wp-image-1943\" srcset=\"https:\/\/naturschutzsl.ch\/wp-content\/uploads\/2025\/06\/Wauwilermoos-LU_NSL-Exkursion-9.6.2025-geleitet-von-Simon-Keller-1024x576.jpg 1024w, https:\/\/naturschutzsl.ch\/wp-content\/uploads\/2025\/06\/Wauwilermoos-LU_NSL-Exkursion-9.6.2025-geleitet-von-Simon-Keller-300x169.jpg 300w, https:\/\/naturschutzsl.ch\/wp-content\/uploads\/2025\/06\/Wauwilermoos-LU_NSL-Exkursion-9.6.2025-geleitet-von-Simon-Keller-768x432.jpg 768w, https:\/\/naturschutzsl.ch\/wp-content\/uploads\/2025\/06\/Wauwilermoos-LU_NSL-Exkursion-9.6.2025-geleitet-von-Simon-Keller-150x84.jpg 150w, https:\/\/naturschutzsl.ch\/wp-content\/uploads\/2025\/06\/Wauwilermoos-LU_NSL-Exkursion-9.6.2025-geleitet-von-Simon-Keller.jpg 1280w\" sizes=\"auto, (max-width: 1024px) 100vw, 1024px\" \/><\/a><figcaption class=\"wp-element-caption\">Zwergdommel, Turteltaube, Kiebitze, Feldhasen &amp; Co. an der NSL-Exkursion ins Wauwilermoos LU am 9.6.2025_Fotos Simon Keller<\/figcaption><\/figure>\n\n\n\n<figure class=\"wp-block-image size-large\"><a href=\"https:\/\/naturschutzsl.ch\/wp-content\/uploads\/2025\/06\/DSC7662.jpeg\"><img loading=\"lazy\" decoding=\"async\" width=\"971\" height=\"676\" data-id=\"1945\" src=\"https:\/\/naturschutzsl.ch\/wp-content\/uploads\/2025\/06\/DSC7662.jpeg\" alt=\"\" class=\"wp-image-1945\" srcset=\"https:\/\/naturschutzsl.ch\/wp-content\/uploads\/2025\/06\/DSC7662.jpeg 971w, https:\/\/naturschutzsl.ch\/wp-content\/uploads\/2025\/06\/DSC7662-300x209.jpeg 300w, https:\/\/naturschutzsl.ch\/wp-content\/uploads\/2025\/06\/DSC7662-768x535.jpeg 768w, https:\/\/naturschutzsl.ch\/wp-content\/uploads\/2025\/06\/DSC7662-150x104.jpeg 150w\" sizes=\"auto, (max-width: 971px) 100vw, 971px\" \/><\/a><figcaption class=\"wp-element-caption\">Zwergdommel im Flug, Wauwilermoos LU, NSL-Exkursion vom 9.6.2025; Foto Maya L\u00f6w<\/figcaption><\/figure>\n\n\n\n<figure class=\"wp-block-image size-large\"><a href=\"https:\/\/naturschutzsl.ch\/wp-content\/uploads\/2025\/06\/Blauracken-Collage-Danilos-1.-Blauracke-Brittnau-AG-08.06.2025.jpg\"><img loading=\"lazy\" decoding=\"async\" width=\"1024\" height=\"576\" data-id=\"1939\" src=\"https:\/\/naturschutzsl.ch\/wp-content\/uploads\/2025\/06\/Blauracken-Collage-Danilos-1.-Blauracke-Brittnau-AG-08.06.2025-1024x576.jpg\" alt=\"\" class=\"wp-image-1939\" srcset=\"https:\/\/naturschutzsl.ch\/wp-content\/uploads\/2025\/06\/Blauracken-Collage-Danilos-1.-Blauracke-Brittnau-AG-08.06.2025-1024x576.jpg 1024w, https:\/\/naturschutzsl.ch\/wp-content\/uploads\/2025\/06\/Blauracken-Collage-Danilos-1.-Blauracke-Brittnau-AG-08.06.2025-300x169.jpg 300w, https:\/\/naturschutzsl.ch\/wp-content\/uploads\/2025\/06\/Blauracken-Collage-Danilos-1.-Blauracke-Brittnau-AG-08.06.2025-768x432.jpg 768w, https:\/\/naturschutzsl.ch\/wp-content\/uploads\/2025\/06\/Blauracken-Collage-Danilos-1.-Blauracke-Brittnau-AG-08.06.2025-150x84.jpg 150w, https:\/\/naturschutzsl.ch\/wp-content\/uploads\/2025\/06\/Blauracken-Collage-Danilos-1.-Blauracke-Brittnau-AG-08.06.2025.jpg 1280w\" sizes=\"auto, (max-width: 1024px) 100vw, 1024px\" \/><\/a><figcaption class=\"wp-element-caption\">Blauracke, Rarit\u00e4t in der CH, nach 14.8.2022 in Anwil BL nun 8.6.2025 in Brittnau AG_Fotos Simon Keller<\/figcaption><\/figure>\n\n\n\n<figure class=\"wp-block-image size-large\"><a href=\"https:\/\/naturschutzsl.ch\/wp-content\/uploads\/2025\/05\/Nachtreiher-Collage-PCA-F-26.05.2025.jpg\"><img loading=\"lazy\" decoding=\"async\" width=\"1024\" height=\"652\" data-id=\"1928\" src=\"https:\/\/naturschutzsl.ch\/wp-content\/uploads\/2025\/05\/Nachtreiher-Collage-PCA-F-26.05.2025-1024x652.jpg\" alt=\"\" class=\"wp-image-1928\" srcset=\"https:\/\/naturschutzsl.ch\/wp-content\/uploads\/2025\/05\/Nachtreiher-Collage-PCA-F-26.05.2025-1024x652.jpg 1024w, https:\/\/naturschutzsl.ch\/wp-content\/uploads\/2025\/05\/Nachtreiher-Collage-PCA-F-26.05.2025-300x191.jpg 300w, https:\/\/naturschutzsl.ch\/wp-content\/uploads\/2025\/05\/Nachtreiher-Collage-PCA-F-26.05.2025-768x489.jpg 768w, https:\/\/naturschutzsl.ch\/wp-content\/uploads\/2025\/05\/Nachtreiher-Collage-PCA-F-26.05.2025-150x95.jpg 150w, https:\/\/naturschutzsl.ch\/wp-content\/uploads\/2025\/05\/Nachtreiher-Collage-PCA-F-26.05.2025.jpg 1131w\" sizes=\"auto, (max-width: 1024px) 100vw, 1024px\" \/><\/a><figcaption class=\"wp-element-caption\">Nachtreiher in der Petite Camargue F, gleich 5 ad. Ex. am 26.05.2025_Fotos Simon Keller<\/figcaption><\/figure>\n\n\n\n<figure class=\"wp-block-image size-large\"><a href=\"https:\/\/naturschutzsl.ch\/wp-content\/uploads\/2025\/05\/Wauwilermoos-LU-Fotos-Simon-Keller-vom-18.05.2025.jpg\"><img loading=\"lazy\" decoding=\"async\" width=\"1024\" height=\"623\" data-id=\"1930\" src=\"https:\/\/naturschutzsl.ch\/wp-content\/uploads\/2025\/05\/Wauwilermoos-LU-Fotos-Simon-Keller-vom-18.05.2025-1024x623.jpg\" alt=\"\" class=\"wp-image-1930\" srcset=\"https:\/\/naturschutzsl.ch\/wp-content\/uploads\/2025\/05\/Wauwilermoos-LU-Fotos-Simon-Keller-vom-18.05.2025-1024x623.jpg 1024w, https:\/\/naturschutzsl.ch\/wp-content\/uploads\/2025\/05\/Wauwilermoos-LU-Fotos-Simon-Keller-vom-18.05.2025-300x183.jpg 300w, https:\/\/naturschutzsl.ch\/wp-content\/uploads\/2025\/05\/Wauwilermoos-LU-Fotos-Simon-Keller-vom-18.05.2025-768x467.jpg 768w, https:\/\/naturschutzsl.ch\/wp-content\/uploads\/2025\/05\/Wauwilermoos-LU-Fotos-Simon-Keller-vom-18.05.2025-150x91.jpg 150w, https:\/\/naturschutzsl.ch\/wp-content\/uploads\/2025\/05\/Wauwilermoos-LU-Fotos-Simon-Keller-vom-18.05.2025.jpg 1183w\" sizes=\"auto, (max-width: 1024px) 100vw, 1024px\" \/><\/a><figcaption class=\"wp-element-caption\">Waldrapp, Rotfussfalken und Kiebitze im Wauwilermoos LU am 18.05.2025_Fotos Simon Keller<\/figcaption><\/figure>\n\n\n\n<figure class=\"wp-block-image size-large\"><a href=\"https:\/\/naturschutzsl.ch\/wp-content\/uploads\/2025\/03\/Schwarzkehlchen-m-Buechhalde-Seltisberg-BL-08.03.2025.jpg\"><img loading=\"lazy\" decoding=\"async\" width=\"1024\" height=\"576\" data-id=\"1867\" src=\"https:\/\/naturschutzsl.ch\/wp-content\/uploads\/2025\/03\/Schwarzkehlchen-m-Buechhalde-Seltisberg-BL-08.03.2025-1024x576.jpg\" alt=\"\" class=\"wp-image-1867\" srcset=\"https:\/\/naturschutzsl.ch\/wp-content\/uploads\/2025\/03\/Schwarzkehlchen-m-Buechhalde-Seltisberg-BL-08.03.2025-1024x576.jpg 1024w, https:\/\/naturschutzsl.ch\/wp-content\/uploads\/2025\/03\/Schwarzkehlchen-m-Buechhalde-Seltisberg-BL-08.03.2025-300x169.jpg 300w, https:\/\/naturschutzsl.ch\/wp-content\/uploads\/2025\/03\/Schwarzkehlchen-m-Buechhalde-Seltisberg-BL-08.03.2025-768x432.jpg 768w, https:\/\/naturschutzsl.ch\/wp-content\/uploads\/2025\/03\/Schwarzkehlchen-m-Buechhalde-Seltisberg-BL-08.03.2025-150x84.jpg 150w, https:\/\/naturschutzsl.ch\/wp-content\/uploads\/2025\/03\/Schwarzkehlchen-m-Buechhalde-Seltisberg-BL-08.03.2025.jpg 1280w\" sizes=\"auto, (max-width: 1024px) 100vw, 1024px\" \/><\/a><figcaption class=\"wp-element-caption\">Schwarzkehlchen m auf Buechhalde Seltisberg BL, 08.03.2025, Simon Keller<\/figcaption><\/figure>\n\n\n\n<figure class=\"wp-block-image size-large\"><a href=\"https:\/\/naturschutzsl.ch\/wp-content\/uploads\/2025\/02\/Steinkauz-25.02.2025-Seltisberg-BL-Simon-Keller.jpg\"><img loading=\"lazy\" decoding=\"async\" width=\"1024\" height=\"561\" data-id=\"1769\" src=\"https:\/\/naturschutzsl.ch\/wp-content\/uploads\/2025\/02\/Steinkauz-25.02.2025-Seltisberg-BL-Simon-Keller-1024x561.jpg\" alt=\"\" class=\"wp-image-1769\" srcset=\"https:\/\/naturschutzsl.ch\/wp-content\/uploads\/2025\/02\/Steinkauz-25.02.2025-Seltisberg-BL-Simon-Keller-1024x561.jpg 1024w, https:\/\/naturschutzsl.ch\/wp-content\/uploads\/2025\/02\/Steinkauz-25.02.2025-Seltisberg-BL-Simon-Keller-300x164.jpg 300w, https:\/\/naturschutzsl.ch\/wp-content\/uploads\/2025\/02\/Steinkauz-25.02.2025-Seltisberg-BL-Simon-Keller-768x421.jpg 768w, https:\/\/naturschutzsl.ch\/wp-content\/uploads\/2025\/02\/Steinkauz-25.02.2025-Seltisberg-BL-Simon-Keller-150x82.jpg 150w, https:\/\/naturschutzsl.ch\/wp-content\/uploads\/2025\/02\/Steinkauz-25.02.2025-Seltisberg-BL-Simon-Keller.jpg 1106w\" sizes=\"auto, (max-width: 1024px) 100vw, 1024px\" \/><\/a><figcaption class=\"wp-element-caption\">Steinkauz im Oberbaselbiet, 02.2025, Simon Keller<\/figcaption><\/figure>\n\n\n\n<figure class=\"wp-block-image size-large\"><a href=\"https:\/\/naturschutzsl.ch\/wp-content\/uploads\/2024\/12\/Zwergscharben-Altrhein-Wyhlen-D-30.11.2024-scaled.jpg\"><img loading=\"lazy\" decoding=\"async\" width=\"1024\" height=\"768\" data-id=\"1691\" src=\"https:\/\/naturschutzsl.ch\/wp-content\/uploads\/2024\/12\/Zwergscharben-Altrhein-Wyhlen-D-30.11.2024-1024x768.jpg\" alt=\"\" class=\"wp-image-1691\" srcset=\"https:\/\/naturschutzsl.ch\/wp-content\/uploads\/2024\/12\/Zwergscharben-Altrhein-Wyhlen-D-30.11.2024-1024x768.jpg 1024w, https:\/\/naturschutzsl.ch\/wp-content\/uploads\/2024\/12\/Zwergscharben-Altrhein-Wyhlen-D-30.11.2024-300x225.jpg 300w, https:\/\/naturschutzsl.ch\/wp-content\/uploads\/2024\/12\/Zwergscharben-Altrhein-Wyhlen-D-30.11.2024-768x576.jpg 768w, https:\/\/naturschutzsl.ch\/wp-content\/uploads\/2024\/12\/Zwergscharben-Altrhein-Wyhlen-D-30.11.2024-1536x1152.jpg 1536w, https:\/\/naturschutzsl.ch\/wp-content\/uploads\/2024\/12\/Zwergscharben-Altrhein-Wyhlen-D-30.11.2024-2048x1536.jpg 2048w, https:\/\/naturschutzsl.ch\/wp-content\/uploads\/2024\/12\/Zwergscharben-Altrhein-Wyhlen-D-30.11.2024-150x113.jpg 150w\" sizes=\"auto, (max-width: 1024px) 100vw, 1024px\" \/><\/a><figcaption class=\"wp-element-caption\">Zwergscharben entdeckt von Simon Keller bei KW Augst-Altrhein Wyhlen D, 11.2024<\/figcaption><\/figure>\n\n\n\n<figure class=\"wp-block-image size-large\"><a href=\"https:\/\/naturschutzsl.ch\/wp-content\/uploads\/2024\/12\/Mittelspecht-Feldsperling-an-duerrem-Zwetschgenbaum-Seltisberg-BL-11.2024-scaled.jpg\"><img loading=\"lazy\" decoding=\"async\" width=\"1024\" height=\"768\" data-id=\"1693\" src=\"https:\/\/naturschutzsl.ch\/wp-content\/uploads\/2024\/12\/Mittelspecht-Feldsperling-an-duerrem-Zwetschgenbaum-Seltisberg-BL-11.2024-1024x768.jpg\" alt=\"\" class=\"wp-image-1693\" srcset=\"https:\/\/naturschutzsl.ch\/wp-content\/uploads\/2024\/12\/Mittelspecht-Feldsperling-an-duerrem-Zwetschgenbaum-Seltisberg-BL-11.2024-1024x768.jpg 1024w, https:\/\/naturschutzsl.ch\/wp-content\/uploads\/2024\/12\/Mittelspecht-Feldsperling-an-duerrem-Zwetschgenbaum-Seltisberg-BL-11.2024-300x225.jpg 300w, https:\/\/naturschutzsl.ch\/wp-content\/uploads\/2024\/12\/Mittelspecht-Feldsperling-an-duerrem-Zwetschgenbaum-Seltisberg-BL-11.2024-768x576.jpg 768w, https:\/\/naturschutzsl.ch\/wp-content\/uploads\/2024\/12\/Mittelspecht-Feldsperling-an-duerrem-Zwetschgenbaum-Seltisberg-BL-11.2024-1536x1152.jpg 1536w, https:\/\/naturschutzsl.ch\/wp-content\/uploads\/2024\/12\/Mittelspecht-Feldsperling-an-duerrem-Zwetschgenbaum-Seltisberg-BL-11.2024-2048x1536.jpg 2048w, https:\/\/naturschutzsl.ch\/wp-content\/uploads\/2024\/12\/Mittelspecht-Feldsperling-an-duerrem-Zwetschgenbaum-Seltisberg-BL-11.2024-150x113.jpg 150w\" sizes=\"auto, (max-width: 1024px) 100vw, 1024px\" \/><\/a><figcaption class=\"wp-element-caption\">Mittelspecht und Feldsperling an d\u00fcrrem Zwetschgenbaum, Hinterd\u00fcrr Seltisberg BL, 11.2024, Simon Keller<\/figcaption><\/figure>\n\n\n\n<figure class=\"wp-block-image size-large\"><a href=\"https:\/\/naturschutzsl.ch\/wp-content\/uploads\/2024\/12\/Mauerlaeufer-Collage-03.11.2024-Nuglar-SO.jpg\"><img loading=\"lazy\" decoding=\"async\" width=\"1023\" height=\"720\" data-id=\"1686\" src=\"https:\/\/naturschutzsl.ch\/wp-content\/uploads\/2024\/12\/Mauerlaeufer-Collage-03.11.2024-Nuglar-SO.jpg\" alt=\"\" class=\"wp-image-1686\" srcset=\"https:\/\/naturschutzsl.ch\/wp-content\/uploads\/2024\/12\/Mauerlaeufer-Collage-03.11.2024-Nuglar-SO.jpg 1023w, https:\/\/naturschutzsl.ch\/wp-content\/uploads\/2024\/12\/Mauerlaeufer-Collage-03.11.2024-Nuglar-SO-300x211.jpg 300w, https:\/\/naturschutzsl.ch\/wp-content\/uploads\/2024\/12\/Mauerlaeufer-Collage-03.11.2024-Nuglar-SO-768x541.jpg 768w, https:\/\/naturschutzsl.ch\/wp-content\/uploads\/2024\/12\/Mauerlaeufer-Collage-03.11.2024-Nuglar-SO-150x106.jpg 150w\" sizes=\"auto, (max-width: 1023px) 100vw, 1023px\" \/><\/a><figcaption class=\"wp-element-caption\">Mauerl\u00e4ufer &#8211; erneut im Steinbruch \u00fcberwinternd 2024\/25, Simon Keller<\/figcaption><\/figure>\n\n\n\n<figure class=\"wp-block-image size-large\"><a href=\"https:\/\/naturschutzsl.ch\/wp-content\/uploads\/2024\/08\/Schleiereulen-Collage-Seltisberg-BL-27.08.2024.jpg\"><img loading=\"lazy\" decoding=\"async\" width=\"960\" height=\"720\" data-id=\"1648\" src=\"https:\/\/naturschutzsl.ch\/wp-content\/uploads\/2024\/08\/Schleiereulen-Collage-Seltisberg-BL-27.08.2024.jpg\" alt=\"\" class=\"wp-image-1648\" srcset=\"https:\/\/naturschutzsl.ch\/wp-content\/uploads\/2024\/08\/Schleiereulen-Collage-Seltisberg-BL-27.08.2024.jpg 960w, https:\/\/naturschutzsl.ch\/wp-content\/uploads\/2024\/08\/Schleiereulen-Collage-Seltisberg-BL-27.08.2024-300x225.jpg 300w, https:\/\/naturschutzsl.ch\/wp-content\/uploads\/2024\/08\/Schleiereulen-Collage-Seltisberg-BL-27.08.2024-768x576.jpg 768w, https:\/\/naturschutzsl.ch\/wp-content\/uploads\/2024\/08\/Schleiereulen-Collage-Seltisberg-BL-27.08.2024-150x113.jpg 150w\" sizes=\"auto, (max-width: 960px) 100vw, 960px\" \/><\/a><figcaption class=\"wp-element-caption\">Schleiereulen am 27.08.2024 &#8211; erste Brut auf Seltisberg seit 1996. Simon Keller<\/figcaption><\/figure>\n\n\n\n<figure class=\"wp-block-image size-large\"><a href=\"https:\/\/naturschutzsl.ch\/wp-content\/uploads\/2024\/10\/Waldkauz-juv.-Maya-Loew-2024_DSC4564.jpeg\"><img loading=\"lazy\" decoding=\"async\" width=\"1024\" height=\"682\" data-id=\"1657\" src=\"https:\/\/naturschutzsl.ch\/wp-content\/uploads\/2024\/10\/Waldkauz-juv.-Maya-Loew-2024_DSC4564-1024x682.jpeg\" alt=\"\" class=\"wp-image-1657\" srcset=\"https:\/\/naturschutzsl.ch\/wp-content\/uploads\/2024\/10\/Waldkauz-juv.-Maya-Loew-2024_DSC4564-1024x682.jpeg 1024w, https:\/\/naturschutzsl.ch\/wp-content\/uploads\/2024\/10\/Waldkauz-juv.-Maya-Loew-2024_DSC4564-300x200.jpeg 300w, https:\/\/naturschutzsl.ch\/wp-content\/uploads\/2024\/10\/Waldkauz-juv.-Maya-Loew-2024_DSC4564-768x512.jpeg 768w, https:\/\/naturschutzsl.ch\/wp-content\/uploads\/2024\/10\/Waldkauz-juv.-Maya-Loew-2024_DSC4564-150x100.jpeg 150w, https:\/\/naturschutzsl.ch\/wp-content\/uploads\/2024\/10\/Waldkauz-juv.-Maya-Loew-2024_DSC4564-375x250.jpeg 375w, https:\/\/naturschutzsl.ch\/wp-content\/uploads\/2024\/10\/Waldkauz-juv.-Maya-Loew-2024_DSC4564.jpeg 1280w\" sizes=\"auto, (max-width: 1024px) 100vw, 1024px\" \/><\/a><figcaption class=\"wp-element-caption\">junge Waldk\u00e4uze, Maya L\u00f6w, Seltisberg 2024<\/figcaption><\/figure>\n\n\n\n<figure class=\"wp-block-image size-large\"><a href=\"https:\/\/naturschutzsl.ch\/wp-content\/uploads\/2024\/08\/DSCN8334.jpg\"><img loading=\"lazy\" decoding=\"async\" width=\"1024\" height=\"1011\" data-id=\"1650\" src=\"https:\/\/naturschutzsl.ch\/wp-content\/uploads\/2024\/08\/DSCN8334-1024x1011.jpg\" alt=\"\" class=\"wp-image-1650\" srcset=\"https:\/\/naturschutzsl.ch\/wp-content\/uploads\/2024\/08\/DSCN8334-1024x1011.jpg 1024w, https:\/\/naturschutzsl.ch\/wp-content\/uploads\/2024\/08\/DSCN8334-300x296.jpg 300w, https:\/\/naturschutzsl.ch\/wp-content\/uploads\/2024\/08\/DSCN8334-768x759.jpg 768w, https:\/\/naturschutzsl.ch\/wp-content\/uploads\/2024\/08\/DSCN8334-1536x1517.jpg 1536w, https:\/\/naturschutzsl.ch\/wp-content\/uploads\/2024\/08\/DSCN8334-150x148.jpg 150w, https:\/\/naturschutzsl.ch\/wp-content\/uploads\/2024\/08\/DSCN8334.jpg 1875w\" sizes=\"auto, (max-width: 1024px) 100vw, 1024px\" \/><\/a><figcaption class=\"wp-element-caption\">Klappergrasm\u00fccke, Buechhalde Seltisberg, 27.08.2024_Simon Keller<\/figcaption><\/figure>\n\n\n\n<figure class=\"wp-block-image size-large\"><a href=\"https:\/\/naturschutzsl.ch\/wp-content\/uploads\/2024\/09\/Gartengrasmuecken-Collage-Buechhalde-Seltisberg-BL-03.09.2024.jpg\"><img loading=\"lazy\" decoding=\"async\" width=\"839\" height=\"720\" data-id=\"1653\" src=\"https:\/\/naturschutzsl.ch\/wp-content\/uploads\/2024\/09\/Gartengrasmuecken-Collage-Buechhalde-Seltisberg-BL-03.09.2024.jpg\" alt=\"\" class=\"wp-image-1653\" srcset=\"https:\/\/naturschutzsl.ch\/wp-content\/uploads\/2024\/09\/Gartengrasmuecken-Collage-Buechhalde-Seltisberg-BL-03.09.2024.jpg 839w, https:\/\/naturschutzsl.ch\/wp-content\/uploads\/2024\/09\/Gartengrasmuecken-Collage-Buechhalde-Seltisberg-BL-03.09.2024-300x257.jpg 300w, https:\/\/naturschutzsl.ch\/wp-content\/uploads\/2024\/09\/Gartengrasmuecken-Collage-Buechhalde-Seltisberg-BL-03.09.2024-768x659.jpg 768w, https:\/\/naturschutzsl.ch\/wp-content\/uploads\/2024\/09\/Gartengrasmuecken-Collage-Buechhalde-Seltisberg-BL-03.09.2024-150x129.jpg 150w\" sizes=\"auto, (max-width: 839px) 100vw, 839px\" \/><\/a><figcaption class=\"wp-element-caption\">Gartengrasm\u00fccke frisst M\u00fccken aus Spinnennetz, Buechhalde Seltisberg BL, 03.09.2024_Simon Keller<\/figcaption><\/figure>\n\n\n\n<figure class=\"wp-block-image size-large\"><a href=\"https:\/\/naturschutzsl.ch\/wp-content\/uploads\/2024\/08\/Weissstoerche-Seltisberg-BL-09.08.2024_Simon-Keller.jpg\"><img loading=\"lazy\" decoding=\"async\" width=\"1024\" height=\"664\" data-id=\"1626\" src=\"https:\/\/naturschutzsl.ch\/wp-content\/uploads\/2024\/08\/Weissstoerche-Seltisberg-BL-09.08.2024_Simon-Keller-1024x664.jpg\" alt=\"\" class=\"wp-image-1626\" srcset=\"https:\/\/naturschutzsl.ch\/wp-content\/uploads\/2024\/08\/Weissstoerche-Seltisberg-BL-09.08.2024_Simon-Keller-1024x664.jpg 1024w, https:\/\/naturschutzsl.ch\/wp-content\/uploads\/2024\/08\/Weissstoerche-Seltisberg-BL-09.08.2024_Simon-Keller-300x194.jpg 300w, https:\/\/naturschutzsl.ch\/wp-content\/uploads\/2024\/08\/Weissstoerche-Seltisberg-BL-09.08.2024_Simon-Keller-768x498.jpg 768w, https:\/\/naturschutzsl.ch\/wp-content\/uploads\/2024\/08\/Weissstoerche-Seltisberg-BL-09.08.2024_Simon-Keller-150x97.jpg 150w, https:\/\/naturschutzsl.ch\/wp-content\/uploads\/2024\/08\/Weissstoerche-Seltisberg-BL-09.08.2024_Simon-Keller.jpg 1111w\" sizes=\"auto, (max-width: 1024px) 100vw, 1024px\" \/><\/a><figcaption class=\"wp-element-caption\">Weissst\u00f6rche durchziehend am 09.08.2024, Seltisberg BL_Simon Keller<\/figcaption><\/figure>\n\n\n\n<figure class=\"wp-block-image size-large\"><a href=\"https:\/\/naturschutzsl.ch\/wp-content\/uploads\/2024\/05\/Gelspoetter-Collage-Hoefli-Lupsingen-BL-12.05.2024-Simon-Keller.jpg\"><img loading=\"lazy\" decoding=\"async\" width=\"1024\" height=\"660\" data-id=\"1546\" src=\"https:\/\/naturschutzsl.ch\/wp-content\/uploads\/2024\/05\/Gelspoetter-Collage-Hoefli-Lupsingen-BL-12.05.2024-Simon-Keller-1024x660.jpg\" alt=\"\" class=\"wp-image-1546\" srcset=\"https:\/\/naturschutzsl.ch\/wp-content\/uploads\/2024\/05\/Gelspoetter-Collage-Hoefli-Lupsingen-BL-12.05.2024-Simon-Keller-1024x660.jpg 1024w, https:\/\/naturschutzsl.ch\/wp-content\/uploads\/2024\/05\/Gelspoetter-Collage-Hoefli-Lupsingen-BL-12.05.2024-Simon-Keller-300x193.jpg 300w, https:\/\/naturschutzsl.ch\/wp-content\/uploads\/2024\/05\/Gelspoetter-Collage-Hoefli-Lupsingen-BL-12.05.2024-Simon-Keller-768x495.jpg 768w, https:\/\/naturschutzsl.ch\/wp-content\/uploads\/2024\/05\/Gelspoetter-Collage-Hoefli-Lupsingen-BL-12.05.2024-Simon-Keller-150x97.jpg 150w, https:\/\/naturschutzsl.ch\/wp-content\/uploads\/2024\/05\/Gelspoetter-Collage-Hoefli-Lupsingen-BL-12.05.2024-Simon-Keller.jpg 1117w\" sizes=\"auto, (max-width: 1024px) 100vw, 1024px\" \/><\/a><figcaption class=\"wp-element-caption\">Gelbsp\u00f6tter singt bei H\u00f6fli, Lupsingen, 12.5.2024_Simon Keller<\/figcaption><\/figure>\n\n\n\n<figure class=\"wp-block-image size-large\"><a href=\"https:\/\/naturschutzsl.ch\/wp-content\/uploads\/2024\/05\/Braunkehlchen-Collage-Seltisberg-BL-13.5.2024.jpg\"><img loading=\"lazy\" decoding=\"async\" width=\"767\" height=\"665\" data-id=\"1549\" src=\"https:\/\/naturschutzsl.ch\/wp-content\/uploads\/2024\/05\/Braunkehlchen-Collage-Seltisberg-BL-13.5.2024.jpg\" alt=\"\" class=\"wp-image-1549\" srcset=\"https:\/\/naturschutzsl.ch\/wp-content\/uploads\/2024\/05\/Braunkehlchen-Collage-Seltisberg-BL-13.5.2024.jpg 767w, https:\/\/naturschutzsl.ch\/wp-content\/uploads\/2024\/05\/Braunkehlchen-Collage-Seltisberg-BL-13.5.2024-300x260.jpg 300w, https:\/\/naturschutzsl.ch\/wp-content\/uploads\/2024\/05\/Braunkehlchen-Collage-Seltisberg-BL-13.5.2024-150x130.jpg 150w\" sizes=\"auto, (max-width: 767px) 100vw, 767px\" \/><\/a><figcaption class=\"wp-element-caption\">Braunkehlchen, Seltisberg, 13.05.2024_Simon Keller<\/figcaption><\/figure>\n\n\n\n<figure class=\"wp-block-image size-large\"><a href=\"https:\/\/naturschutzsl.ch\/wp-content\/uploads\/2024\/06\/Uhu-Collage_Nuglar-SO_23.06.2024.jpg\"><img loading=\"lazy\" decoding=\"async\" width=\"1024\" height=\"576\" data-id=\"1574\" src=\"https:\/\/naturschutzsl.ch\/wp-content\/uploads\/2024\/06\/Uhu-Collage_Nuglar-SO_23.06.2024-1024x576.jpg\" alt=\"\" class=\"wp-image-1574\" srcset=\"https:\/\/naturschutzsl.ch\/wp-content\/uploads\/2024\/06\/Uhu-Collage_Nuglar-SO_23.06.2024-1024x576.jpg 1024w, https:\/\/naturschutzsl.ch\/wp-content\/uploads\/2024\/06\/Uhu-Collage_Nuglar-SO_23.06.2024-300x169.jpg 300w, https:\/\/naturschutzsl.ch\/wp-content\/uploads\/2024\/06\/Uhu-Collage_Nuglar-SO_23.06.2024-768x432.jpg 768w, https:\/\/naturschutzsl.ch\/wp-content\/uploads\/2024\/06\/Uhu-Collage_Nuglar-SO_23.06.2024-150x84.jpg 150w, https:\/\/naturschutzsl.ch\/wp-content\/uploads\/2024\/06\/Uhu-Collage_Nuglar-SO_23.06.2024.jpg 1280w\" sizes=\"auto, (max-width: 1024px) 100vw, 1024px\" \/><\/a><figcaption class=\"wp-element-caption\">Uhu-Collage, Nuglar SO, 23.06.2024_Simon Keller<\/figcaption><\/figure>\n\n\n\n<figure class=\"wp-block-image size-large\"><a href=\"https:\/\/naturschutzsl.ch\/wp-content\/uploads\/2024\/05\/Waldohreulen-Collage-Seltisberg-BL_Mai-2024.jpg\"><img loading=\"lazy\" decoding=\"async\" width=\"1024\" height=\"576\" data-id=\"1523\" src=\"https:\/\/naturschutzsl.ch\/wp-content\/uploads\/2024\/05\/Waldohreulen-Collage-Seltisberg-BL_Mai-2024-1024x576.jpg\" alt=\"\" class=\"wp-image-1523\" srcset=\"https:\/\/naturschutzsl.ch\/wp-content\/uploads\/2024\/05\/Waldohreulen-Collage-Seltisberg-BL_Mai-2024-1024x576.jpg 1024w, https:\/\/naturschutzsl.ch\/wp-content\/uploads\/2024\/05\/Waldohreulen-Collage-Seltisberg-BL_Mai-2024-300x169.jpg 300w, https:\/\/naturschutzsl.ch\/wp-content\/uploads\/2024\/05\/Waldohreulen-Collage-Seltisberg-BL_Mai-2024-768x432.jpg 768w, https:\/\/naturschutzsl.ch\/wp-content\/uploads\/2024\/05\/Waldohreulen-Collage-Seltisberg-BL_Mai-2024-150x84.jpg 150w, https:\/\/naturschutzsl.ch\/wp-content\/uploads\/2024\/05\/Waldohreulen-Collage-Seltisberg-BL_Mai-2024.jpg 1280w\" sizes=\"auto, (max-width: 1024px) 100vw, 1024px\" \/><\/a><figcaption class=\"wp-element-caption\">Waldohreule, Seltisberg April-Mai 2024_Simon Keller<\/figcaption><\/figure>\n\n\n\n<figure class=\"wp-block-image size-large\"><a href=\"https:\/\/naturschutzsl.ch\/wp-content\/uploads\/2024\/03\/Buntspecht.jpg\"><img loading=\"lazy\" decoding=\"async\" width=\"1024\" height=\"682\" data-id=\"1485\" src=\"https:\/\/naturschutzsl.ch\/wp-content\/uploads\/2024\/03\/Buntspecht-1024x682.jpg\" alt=\"\" class=\"wp-image-1485\" srcset=\"https:\/\/naturschutzsl.ch\/wp-content\/uploads\/2024\/03\/Buntspecht-1024x682.jpg 1024w, https:\/\/naturschutzsl.ch\/wp-content\/uploads\/2024\/03\/Buntspecht-300x200.jpg 300w, https:\/\/naturschutzsl.ch\/wp-content\/uploads\/2024\/03\/Buntspecht-768x512.jpg 768w, https:\/\/naturschutzsl.ch\/wp-content\/uploads\/2024\/03\/Buntspecht-1536x1024.jpg 1536w, https:\/\/naturschutzsl.ch\/wp-content\/uploads\/2024\/03\/Buntspecht-150x100.jpg 150w, https:\/\/naturschutzsl.ch\/wp-content\/uploads\/2024\/03\/Buntspecht-375x250.jpg 375w, https:\/\/naturschutzsl.ch\/wp-content\/uploads\/2024\/03\/Buntspecht.jpg 2000w\" sizes=\"auto, (max-width: 1024px) 100vw, 1024px\" \/><\/a><figcaption class=\"wp-element-caption\">Buntspecht (w), vor meinem B\u00fcrofenster sitzend, 27.03.2024, Dieter Roth<\/figcaption><\/figure>\n\n\n\n<figure class=\"wp-block-image size-large\"><a href=\"https:\/\/naturschutzsl.ch\/wp-content\/uploads\/2024\/03\/Grauspecht-Collage-Lupsingen-Seltisberg-BL-02.03.2024.jpg\"><img loading=\"lazy\" decoding=\"async\" width=\"1003\" height=\"720\" data-id=\"1456\" src=\"https:\/\/naturschutzsl.ch\/wp-content\/uploads\/2024\/03\/Grauspecht-Collage-Lupsingen-Seltisberg-BL-02.03.2024.jpg\" alt=\"\" class=\"wp-image-1456\" srcset=\"https:\/\/naturschutzsl.ch\/wp-content\/uploads\/2024\/03\/Grauspecht-Collage-Lupsingen-Seltisberg-BL-02.03.2024.jpg 1003w, https:\/\/naturschutzsl.ch\/wp-content\/uploads\/2024\/03\/Grauspecht-Collage-Lupsingen-Seltisberg-BL-02.03.2024-300x215.jpg 300w, https:\/\/naturschutzsl.ch\/wp-content\/uploads\/2024\/03\/Grauspecht-Collage-Lupsingen-Seltisberg-BL-02.03.2024-768x551.jpg 768w, https:\/\/naturschutzsl.ch\/wp-content\/uploads\/2024\/03\/Grauspecht-Collage-Lupsingen-Seltisberg-BL-02.03.2024-150x108.jpg 150w\" sizes=\"auto, (max-width: 1003px) 100vw, 1003px\" \/><\/a><figcaption class=\"wp-element-caption\">Grauspecht, Seltisberg-Lupsingen, 02.03.2024_Simon Keller<\/figcaption><\/figure>\n\n\n\n<figure class=\"wp-block-image size-large\"><a href=\"https:\/\/naturschutzsl.ch\/wp-content\/uploads\/2024\/01\/Zippammer-m-16.01.2024-Nuglar-SO-Simon-Keller.jpg\"><img loading=\"lazy\" decoding=\"async\" width=\"974\" height=\"720\" data-id=\"1431\" src=\"https:\/\/naturschutzsl.ch\/wp-content\/uploads\/2024\/01\/Zippammer-m-16.01.2024-Nuglar-SO-Simon-Keller.jpg\" alt=\"\" class=\"wp-image-1431\" srcset=\"https:\/\/naturschutzsl.ch\/wp-content\/uploads\/2024\/01\/Zippammer-m-16.01.2024-Nuglar-SO-Simon-Keller.jpg 974w, https:\/\/naturschutzsl.ch\/wp-content\/uploads\/2024\/01\/Zippammer-m-16.01.2024-Nuglar-SO-Simon-Keller-300x222.jpg 300w, https:\/\/naturschutzsl.ch\/wp-content\/uploads\/2024\/01\/Zippammer-m-16.01.2024-Nuglar-SO-Simon-Keller-768x568.jpg 768w, https:\/\/naturschutzsl.ch\/wp-content\/uploads\/2024\/01\/Zippammer-m-16.01.2024-Nuglar-SO-Simon-Keller-150x111.jpg 150w\" sizes=\"auto, (max-width: 974px) 100vw, 974px\" \/><\/a><figcaption class=\"wp-element-caption\">Zippammer m, 16.01.2024 in Nuglar und Seltisberg gesichtet, Simon Keller<\/figcaption><\/figure>\n\n\n\n<figure class=\"wp-block-image size-large\"><a href=\"https:\/\/naturschutzsl.ch\/wp-content\/uploads\/2024\/01\/Bergfinken-Invasion-Seltisberg-BL-16.01.2024-Simon-Keller.jpg\"><img loading=\"lazy\" decoding=\"async\" width=\"960\" height=\"720\" data-id=\"1432\" src=\"https:\/\/naturschutzsl.ch\/wp-content\/uploads\/2024\/01\/Bergfinken-Invasion-Seltisberg-BL-16.01.2024-Simon-Keller.jpg\" alt=\"\" class=\"wp-image-1432\" srcset=\"https:\/\/naturschutzsl.ch\/wp-content\/uploads\/2024\/01\/Bergfinken-Invasion-Seltisberg-BL-16.01.2024-Simon-Keller.jpg 960w, https:\/\/naturschutzsl.ch\/wp-content\/uploads\/2024\/01\/Bergfinken-Invasion-Seltisberg-BL-16.01.2024-Simon-Keller-300x225.jpg 300w, https:\/\/naturschutzsl.ch\/wp-content\/uploads\/2024\/01\/Bergfinken-Invasion-Seltisberg-BL-16.01.2024-Simon-Keller-768x576.jpg 768w, https:\/\/naturschutzsl.ch\/wp-content\/uploads\/2024\/01\/Bergfinken-Invasion-Seltisberg-BL-16.01.2024-Simon-Keller-150x113.jpg 150w\" sizes=\"auto, (max-width: 960px) 100vw, 960px\" \/><\/a><figcaption class=\"wp-element-caption\">Bergfinken Invasion in Seltisberg BL, 16.01.2024, Simon Keller<\/figcaption><\/figure>\n\n\n\n<figure class=\"wp-block-image size-large\"><a href=\"https:\/\/naturschutzsl.ch\/wp-content\/uploads\/2023\/12\/Eisvogel-Collage-im-Winkel-Seltisberg-BL-Marianne-de-la-Cruz_.jpg\"><img loading=\"lazy\" decoding=\"async\" width=\"989\" height=\"720\" data-id=\"1426\" src=\"https:\/\/naturschutzsl.ch\/wp-content\/uploads\/2023\/12\/Eisvogel-Collage-im-Winkel-Seltisberg-BL-Marianne-de-la-Cruz_.jpg\" alt=\"\" class=\"wp-image-1426\" srcset=\"https:\/\/naturschutzsl.ch\/wp-content\/uploads\/2023\/12\/Eisvogel-Collage-im-Winkel-Seltisberg-BL-Marianne-de-la-Cruz_.jpg 989w, https:\/\/naturschutzsl.ch\/wp-content\/uploads\/2023\/12\/Eisvogel-Collage-im-Winkel-Seltisberg-BL-Marianne-de-la-Cruz_-300x218.jpg 300w, https:\/\/naturschutzsl.ch\/wp-content\/uploads\/2023\/12\/Eisvogel-Collage-im-Winkel-Seltisberg-BL-Marianne-de-la-Cruz_-768x559.jpg 768w, https:\/\/naturschutzsl.ch\/wp-content\/uploads\/2023\/12\/Eisvogel-Collage-im-Winkel-Seltisberg-BL-Marianne-de-la-Cruz_-150x109.jpg 150w\" sizes=\"auto, (max-width: 989px) 100vw, 989px\" \/><\/a><figcaption class=\"wp-element-caption\">Eisvogel zu Besuch im Winkel 12 am 10.12.2023, Seltisberg, M. de la Cruz<\/figcaption><\/figure>\n\n\n\n<figure class=\"wp-block-image size-large\"><a href=\"https:\/\/naturschutzsl.ch\/wp-content\/uploads\/2023\/11\/Wintergaeste-Buechhalde-Seltisberg-BL_11.2023-S.Keller.jpg\"><img loading=\"lazy\" decoding=\"async\" width=\"824\" height=\"557\" data-id=\"1412\" src=\"https:\/\/naturschutzsl.ch\/wp-content\/uploads\/2023\/11\/Wintergaeste-Buechhalde-Seltisberg-BL_11.2023-S.Keller.jpg\" alt=\"\" class=\"wp-image-1412\" srcset=\"https:\/\/naturschutzsl.ch\/wp-content\/uploads\/2023\/11\/Wintergaeste-Buechhalde-Seltisberg-BL_11.2023-S.Keller.jpg 824w, https:\/\/naturschutzsl.ch\/wp-content\/uploads\/2023\/11\/Wintergaeste-Buechhalde-Seltisberg-BL_11.2023-S.Keller-300x203.jpg 300w, https:\/\/naturschutzsl.ch\/wp-content\/uploads\/2023\/11\/Wintergaeste-Buechhalde-Seltisberg-BL_11.2023-S.Keller-768x519.jpg 768w, https:\/\/naturschutzsl.ch\/wp-content\/uploads\/2023\/11\/Wintergaeste-Buechhalde-Seltisberg-BL_11.2023-S.Keller-150x101.jpg 150w\" sizes=\"auto, (max-width: 824px) 100vw, 824px\" \/><\/a><figcaption class=\"wp-element-caption\">Nordische Schwanzmeise, Alpenbirkenzeisig, Rohr-, Grauammern, Schwarzkehlchen, Gimpel und Rotdrossel als Winterg\u00e4ste, Buechhalde Seltisberg, 11.2023, Simon Keller<\/figcaption><\/figure>\n\n\n\n<figure class=\"wp-block-image size-large\"><a href=\"https:\/\/naturschutzsl.ch\/wp-content\/uploads\/2023\/11\/Kraniche-mit-5dj-Seltisberg-BL_25.11.2023-S.-Keller-scaled.jpg\"><img loading=\"lazy\" decoding=\"async\" width=\"1024\" height=\"579\" data-id=\"1422\" src=\"https:\/\/naturschutzsl.ch\/wp-content\/uploads\/2023\/11\/Kraniche-mit-5dj-Seltisberg-BL_25.11.2023-S.-Keller-1024x579.jpg\" alt=\"\" class=\"wp-image-1422\" srcset=\"https:\/\/naturschutzsl.ch\/wp-content\/uploads\/2023\/11\/Kraniche-mit-5dj-Seltisberg-BL_25.11.2023-S.-Keller-1024x579.jpg 1024w, https:\/\/naturschutzsl.ch\/wp-content\/uploads\/2023\/11\/Kraniche-mit-5dj-Seltisberg-BL_25.11.2023-S.-Keller-300x170.jpg 300w, https:\/\/naturschutzsl.ch\/wp-content\/uploads\/2023\/11\/Kraniche-mit-5dj-Seltisberg-BL_25.11.2023-S.-Keller-768x434.jpg 768w, https:\/\/naturschutzsl.ch\/wp-content\/uploads\/2023\/11\/Kraniche-mit-5dj-Seltisberg-BL_25.11.2023-S.-Keller-1536x869.jpg 1536w, https:\/\/naturschutzsl.ch\/wp-content\/uploads\/2023\/11\/Kraniche-mit-5dj-Seltisberg-BL_25.11.2023-S.-Keller-2048x1158.jpg 2048w, https:\/\/naturschutzsl.ch\/wp-content\/uploads\/2023\/11\/Kraniche-mit-5dj-Seltisberg-BL_25.11.2023-S.-Keller-150x85.jpg 150w\" sizes=\"auto, (max-width: 1024px) 100vw, 1024px\" \/><\/a><figcaption class=\"wp-element-caption\">Kranichtrupp mit 5dj Ex., Seltisberg 25.11.2023, Simon Keller<\/figcaption><\/figure>\n\n\n\n<figure class=\"wp-block-image size-large\"><a href=\"https:\/\/naturschutzsl.ch\/wp-content\/uploads\/2023\/09\/Wiedehopf-Seltisberg-BL_19.08.2023-scaled.jpg\"><img loading=\"lazy\" decoding=\"async\" width=\"1024\" height=\"785\" data-id=\"1157\" src=\"https:\/\/naturschutzsl.ch\/wp-content\/uploads\/2023\/09\/Wiedehopf-Seltisberg-BL_19.08.2023-1024x785.jpg\" alt=\"\" class=\"wp-image-1157\" srcset=\"https:\/\/naturschutzsl.ch\/wp-content\/uploads\/2023\/09\/Wiedehopf-Seltisberg-BL_19.08.2023-1024x785.jpg 1024w, https:\/\/naturschutzsl.ch\/wp-content\/uploads\/2023\/09\/Wiedehopf-Seltisberg-BL_19.08.2023-300x230.jpg 300w, https:\/\/naturschutzsl.ch\/wp-content\/uploads\/2023\/09\/Wiedehopf-Seltisberg-BL_19.08.2023-768x589.jpg 768w, https:\/\/naturschutzsl.ch\/wp-content\/uploads\/2023\/09\/Wiedehopf-Seltisberg-BL_19.08.2023-1536x1178.jpg 1536w, https:\/\/naturschutzsl.ch\/wp-content\/uploads\/2023\/09\/Wiedehopf-Seltisberg-BL_19.08.2023-2048x1570.jpg 2048w, https:\/\/naturschutzsl.ch\/wp-content\/uploads\/2023\/09\/Wiedehopf-Seltisberg-BL_19.08.2023-150x115.jpg 150w\" sizes=\"auto, (max-width: 1024px) 100vw, 1024px\" \/><\/a><figcaption class=\"wp-element-caption\">Wiedehopf, Seltisberg, 19.08.2023, Simon Keller<\/figcaption><\/figure>\n\n\n\n<figure class=\"wp-block-image size-large\"><a href=\"https:\/\/naturschutzsl.ch\/wp-content\/uploads\/2023\/09\/Nachtigall-Buechhalde-Seltisberg-BL_19.8.2023-Kopie.jpg\"><img loading=\"lazy\" decoding=\"async\" width=\"1024\" height=\"895\" data-id=\"1233\" src=\"https:\/\/naturschutzsl.ch\/wp-content\/uploads\/2023\/09\/Nachtigall-Buechhalde-Seltisberg-BL_19.8.2023-Kopie-1024x895.jpg\" alt=\"Nachtigall, Buechhalde Seltisberg BL_19.8.2023\" class=\"wp-image-1233\" srcset=\"https:\/\/naturschutzsl.ch\/wp-content\/uploads\/2023\/09\/Nachtigall-Buechhalde-Seltisberg-BL_19.8.2023-Kopie-1024x895.jpg 1024w, https:\/\/naturschutzsl.ch\/wp-content\/uploads\/2023\/09\/Nachtigall-Buechhalde-Seltisberg-BL_19.8.2023-Kopie-300x262.jpg 300w, https:\/\/naturschutzsl.ch\/wp-content\/uploads\/2023\/09\/Nachtigall-Buechhalde-Seltisberg-BL_19.8.2023-Kopie-768x671.jpg 768w, https:\/\/naturschutzsl.ch\/wp-content\/uploads\/2023\/09\/Nachtigall-Buechhalde-Seltisberg-BL_19.8.2023-Kopie-1536x1342.jpg 1536w, https:\/\/naturschutzsl.ch\/wp-content\/uploads\/2023\/09\/Nachtigall-Buechhalde-Seltisberg-BL_19.8.2023-Kopie-2048x1790.jpg 2048w, https:\/\/naturschutzsl.ch\/wp-content\/uploads\/2023\/09\/Nachtigall-Buechhalde-Seltisberg-BL_19.8.2023-Kopie-150x131.jpg 150w\" sizes=\"auto, (max-width: 1024px) 100vw, 1024px\" \/><\/a><figcaption class=\"wp-element-caption\">Nachtigall, Seltisberg, 19.08.2023, Simon Keller<\/figcaption><\/figure>\n\n\n\n<figure class=\"wp-block-image size-large\"><a href=\"https:\/\/naturschutzsl.ch\/wp-content\/uploads\/2023\/10\/Ringdrossel-Buechhalde-Seltisberg-BL-10.10.2023-scaled.jpg\"><img loading=\"lazy\" decoding=\"async\" width=\"1024\" height=\"768\" data-id=\"1291\" src=\"https:\/\/naturschutzsl.ch\/wp-content\/uploads\/2023\/10\/Ringdrossel-Buechhalde-Seltisberg-BL-10.10.2023-1024x768.jpg\" alt=\"\" class=\"wp-image-1291\" srcset=\"https:\/\/naturschutzsl.ch\/wp-content\/uploads\/2023\/10\/Ringdrossel-Buechhalde-Seltisberg-BL-10.10.2023-1024x768.jpg 1024w, https:\/\/naturschutzsl.ch\/wp-content\/uploads\/2023\/10\/Ringdrossel-Buechhalde-Seltisberg-BL-10.10.2023-300x225.jpg 300w, https:\/\/naturschutzsl.ch\/wp-content\/uploads\/2023\/10\/Ringdrossel-Buechhalde-Seltisberg-BL-10.10.2023-768x576.jpg 768w, https:\/\/naturschutzsl.ch\/wp-content\/uploads\/2023\/10\/Ringdrossel-Buechhalde-Seltisberg-BL-10.10.2023-1536x1152.jpg 1536w, https:\/\/naturschutzsl.ch\/wp-content\/uploads\/2023\/10\/Ringdrossel-Buechhalde-Seltisberg-BL-10.10.2023-2048x1536.jpg 2048w, https:\/\/naturschutzsl.ch\/wp-content\/uploads\/2023\/10\/Ringdrossel-Buechhalde-Seltisberg-BL-10.10.2023-150x113.jpg 150w\" sizes=\"auto, (max-width: 1024px) 100vw, 1024px\" \/><\/a><figcaption class=\"wp-element-caption\">Ringdrossel, Buechhalde Seltisberg BL, 10.10.2023, Simon Keller<\/figcaption><\/figure>\n\n\n\n<figure class=\"wp-block-image size-large\"><a href=\"https:\/\/naturschutzsl.ch\/wp-content\/uploads\/2023\/10\/Steinkauz-Collage-noerdlich-KW-Augst-Altrhein-Wyhlen-D_23.6.2023.jpg\"><img loading=\"lazy\" decoding=\"async\" width=\"1024\" height=\"692\" data-id=\"1280\" src=\"https:\/\/naturschutzsl.ch\/wp-content\/uploads\/2023\/10\/Steinkauz-Collage-noerdlich-KW-Augst-Altrhein-Wyhlen-D_23.6.2023-1024x692.jpg\" alt=\"\" class=\"wp-image-1280\" srcset=\"https:\/\/naturschutzsl.ch\/wp-content\/uploads\/2023\/10\/Steinkauz-Collage-noerdlich-KW-Augst-Altrhein-Wyhlen-D_23.6.2023-1024x692.jpg 1024w, https:\/\/naturschutzsl.ch\/wp-content\/uploads\/2023\/10\/Steinkauz-Collage-noerdlich-KW-Augst-Altrhein-Wyhlen-D_23.6.2023-300x203.jpg 300w, https:\/\/naturschutzsl.ch\/wp-content\/uploads\/2023\/10\/Steinkauz-Collage-noerdlich-KW-Augst-Altrhein-Wyhlen-D_23.6.2023-768x519.jpg 768w, https:\/\/naturschutzsl.ch\/wp-content\/uploads\/2023\/10\/Steinkauz-Collage-noerdlich-KW-Augst-Altrhein-Wyhlen-D_23.6.2023-150x101.jpg 150w, https:\/\/naturschutzsl.ch\/wp-content\/uploads\/2023\/10\/Steinkauz-Collage-noerdlich-KW-Augst-Altrhein-Wyhlen-D_23.6.2023.jpg 1065w\" sizes=\"auto, (max-width: 1024px) 100vw, 1024px\" \/><\/a><figcaption class=\"wp-element-caption\">Steinkauz beim letztj\u00e4hrigen Brutplatz, keine 500m von BL-Grenze entfernt, 06.2023, Simon Keller<\/figcaption><\/figure>\n\n\n\n<figure class=\"wp-block-image size-large\"><a href=\"https:\/\/naturschutzsl.ch\/wp-content\/uploads\/2023\/10\/Goldammer-m-Buechhaled-BL_24.07.2023-scaled.jpg\"><img loading=\"lazy\" decoding=\"async\" width=\"1024\" height=\"889\" data-id=\"1350\" src=\"https:\/\/naturschutzsl.ch\/wp-content\/uploads\/2023\/10\/Goldammer-m-Buechhaled-BL_24.07.2023-1024x889.jpg\" alt=\"\" class=\"wp-image-1350\" srcset=\"https:\/\/naturschutzsl.ch\/wp-content\/uploads\/2023\/10\/Goldammer-m-Buechhaled-BL_24.07.2023-1024x889.jpg 1024w, https:\/\/naturschutzsl.ch\/wp-content\/uploads\/2023\/10\/Goldammer-m-Buechhaled-BL_24.07.2023-300x260.jpg 300w, https:\/\/naturschutzsl.ch\/wp-content\/uploads\/2023\/10\/Goldammer-m-Buechhaled-BL_24.07.2023-768x666.jpg 768w, https:\/\/naturschutzsl.ch\/wp-content\/uploads\/2023\/10\/Goldammer-m-Buechhaled-BL_24.07.2023-1536x1333.jpg 1536w, https:\/\/naturschutzsl.ch\/wp-content\/uploads\/2023\/10\/Goldammer-m-Buechhaled-BL_24.07.2023-2048x1777.jpg 2048w, https:\/\/naturschutzsl.ch\/wp-content\/uploads\/2023\/10\/Goldammer-m-Buechhaled-BL_24.07.2023-150x130.jpg 150w\" sizes=\"auto, (max-width: 1024px) 100vw, 1024px\" \/><\/a><figcaption class=\"wp-element-caption\">Goldammer m, Buechhalde Seltisberg, 24.07.2023, Simon Keller<\/figcaption><\/figure>\n\n\n\n<figure class=\"wp-block-image size-large\"><a href=\"https:\/\/naturschutzsl.ch\/wp-content\/uploads\/2023\/10\/Grauammer-Hinterduer-Seltisberg-BL_18.04.2023-scaled.jpg\"><img loading=\"lazy\" decoding=\"async\" width=\"1024\" height=\"768\" data-id=\"1297\" src=\"https:\/\/naturschutzsl.ch\/wp-content\/uploads\/2023\/10\/Grauammer-Hinterduer-Seltisberg-BL_18.04.2023-1024x768.jpg\" alt=\"\" class=\"wp-image-1297\" srcset=\"https:\/\/naturschutzsl.ch\/wp-content\/uploads\/2023\/10\/Grauammer-Hinterduer-Seltisberg-BL_18.04.2023-1024x768.jpg 1024w, https:\/\/naturschutzsl.ch\/wp-content\/uploads\/2023\/10\/Grauammer-Hinterduer-Seltisberg-BL_18.04.2023-300x225.jpg 300w, https:\/\/naturschutzsl.ch\/wp-content\/uploads\/2023\/10\/Grauammer-Hinterduer-Seltisberg-BL_18.04.2023-768x576.jpg 768w, https:\/\/naturschutzsl.ch\/wp-content\/uploads\/2023\/10\/Grauammer-Hinterduer-Seltisberg-BL_18.04.2023-1536x1152.jpg 1536w, https:\/\/naturschutzsl.ch\/wp-content\/uploads\/2023\/10\/Grauammer-Hinterduer-Seltisberg-BL_18.04.2023-2048x1536.jpg 2048w, https:\/\/naturschutzsl.ch\/wp-content\/uploads\/2023\/10\/Grauammer-Hinterduer-Seltisberg-BL_18.04.2023-150x113.jpg 150w\" sizes=\"auto, (max-width: 1024px) 100vw, 1024px\" \/><\/a><figcaption class=\"wp-element-caption\">Grauammer, Hinterd\u00fcr Seltisberg, 18.04.2023, Simon Keller<\/figcaption><\/figure>\n\n\n\n<figure class=\"wp-block-image size-large\"><a href=\"https:\/\/naturschutzsl.ch\/wp-content\/uploads\/2023\/10\/Rotkopfwuerger-Tannenhof-Nusshof-Gampelen-BE_23.4.2023-scaled.jpg\"><img loading=\"lazy\" decoding=\"async\" width=\"1024\" height=\"768\" data-id=\"1286\" src=\"https:\/\/naturschutzsl.ch\/wp-content\/uploads\/2023\/10\/Rotkopfwuerger-Tannenhof-Nusshof-Gampelen-BE_23.4.2023-1024x768.jpg\" alt=\"\" class=\"wp-image-1286\" srcset=\"https:\/\/naturschutzsl.ch\/wp-content\/uploads\/2023\/10\/Rotkopfwuerger-Tannenhof-Nusshof-Gampelen-BE_23.4.2023-1024x768.jpg 1024w, https:\/\/naturschutzsl.ch\/wp-content\/uploads\/2023\/10\/Rotkopfwuerger-Tannenhof-Nusshof-Gampelen-BE_23.4.2023-300x225.jpg 300w, https:\/\/naturschutzsl.ch\/wp-content\/uploads\/2023\/10\/Rotkopfwuerger-Tannenhof-Nusshof-Gampelen-BE_23.4.2023-768x576.jpg 768w, https:\/\/naturschutzsl.ch\/wp-content\/uploads\/2023\/10\/Rotkopfwuerger-Tannenhof-Nusshof-Gampelen-BE_23.4.2023-1536x1152.jpg 1536w, https:\/\/naturschutzsl.ch\/wp-content\/uploads\/2023\/10\/Rotkopfwuerger-Tannenhof-Nusshof-Gampelen-BE_23.4.2023-2048x1536.jpg 2048w, https:\/\/naturschutzsl.ch\/wp-content\/uploads\/2023\/10\/Rotkopfwuerger-Tannenhof-Nusshof-Gampelen-BE_23.4.2023-150x113.jpg 150w\" sizes=\"auto, (max-width: 1024px) 100vw, 1024px\" \/><\/a><figcaption class=\"wp-element-caption\">Rotkopfw\u00fcrger, CH, 04.2023, Simon Keller<\/figcaption><\/figure>\n\n\n\n<figure class=\"wp-block-image size-large\"><a href=\"https:\/\/naturschutzsl.ch\/wp-content\/uploads\/2023\/05\/dro-011-2-scaled.jpg\"><img loading=\"lazy\" decoding=\"async\" width=\"1024\" height=\"683\" data-id=\"766\" src=\"https:\/\/naturschutzsl.ch\/wp-content\/uploads\/2023\/05\/dro-011-2-1024x683.jpg\" alt=\"\" class=\"wp-image-766\" srcset=\"https:\/\/naturschutzsl.ch\/wp-content\/uploads\/2023\/05\/dro-011-2-1024x683.jpg 1024w, https:\/\/naturschutzsl.ch\/wp-content\/uploads\/2023\/05\/dro-011-2-300x200.jpg 300w, https:\/\/naturschutzsl.ch\/wp-content\/uploads\/2023\/05\/dro-011-2-768x512.jpg 768w, https:\/\/naturschutzsl.ch\/wp-content\/uploads\/2023\/05\/dro-011-2-1536x1024.jpg 1536w, https:\/\/naturschutzsl.ch\/wp-content\/uploads\/2023\/05\/dro-011-2-2048x1365.jpg 2048w, https:\/\/naturschutzsl.ch\/wp-content\/uploads\/2023\/05\/dro-011-2-150x100.jpg 150w, https:\/\/naturschutzsl.ch\/wp-content\/uploads\/2023\/05\/dro-011-2-375x250.jpg 375w\" sizes=\"auto, (max-width: 1024px) 100vw, 1024px\" \/><\/a><figcaption class=\"wp-element-caption\">Neunt\u00f6ter, 15.04.2023 D. Roth<\/figcaption><\/figure>\n\n\n\n<figure class=\"wp-block-image size-large\"><a href=\"https:\/\/naturschutzsl.ch\/wp-content\/uploads\/2023\/09\/Raubwuerger-suedlich-Buechhalde-Seltisberg-BL_17.11.2022-scaled.jpg\"><img loading=\"lazy\" decoding=\"async\" width=\"841\" height=\"1024\" data-id=\"1133\" src=\"https:\/\/naturschutzsl.ch\/wp-content\/uploads\/2023\/09\/Raubwuerger-suedlich-Buechhalde-Seltisberg-BL_17.11.2022-841x1024.jpg\" alt=\"\" class=\"wp-image-1133\" srcset=\"https:\/\/naturschutzsl.ch\/wp-content\/uploads\/2023\/09\/Raubwuerger-suedlich-Buechhalde-Seltisberg-BL_17.11.2022-841x1024.jpg 841w, https:\/\/naturschutzsl.ch\/wp-content\/uploads\/2023\/09\/Raubwuerger-suedlich-Buechhalde-Seltisberg-BL_17.11.2022-246x300.jpg 246w, https:\/\/naturschutzsl.ch\/wp-content\/uploads\/2023\/09\/Raubwuerger-suedlich-Buechhalde-Seltisberg-BL_17.11.2022-768x935.jpg 768w, https:\/\/naturschutzsl.ch\/wp-content\/uploads\/2023\/09\/Raubwuerger-suedlich-Buechhalde-Seltisberg-BL_17.11.2022-1262x1536.jpg 1262w, https:\/\/naturschutzsl.ch\/wp-content\/uploads\/2023\/09\/Raubwuerger-suedlich-Buechhalde-Seltisberg-BL_17.11.2022-1683x2048.jpg 1683w, https:\/\/naturschutzsl.ch\/wp-content\/uploads\/2023\/09\/Raubwuerger-suedlich-Buechhalde-Seltisberg-BL_17.11.2022-123x150.jpg 123w\" sizes=\"auto, (max-width: 841px) 100vw, 841px\" \/><\/a><figcaption class=\"wp-element-caption\">Raubw\u00fcrger,17.11.2022, Buechhalde Seltisberg, Simon Keller,<\/figcaption><\/figure>\n\n\n\n<figure class=\"wp-block-image size-large\"><a href=\"https:\/\/naturschutzsl.ch\/wp-content\/uploads\/2023\/10\/Kleinspecht-m-mit-Futter-noerdlich-Buechhalde-Seltisberg-BL_09.06.2023-scaled.jpg\"><img loading=\"lazy\" decoding=\"async\" width=\"1024\" height=\"768\" data-id=\"1299\" src=\"https:\/\/naturschutzsl.ch\/wp-content\/uploads\/2023\/10\/Kleinspecht-m-mit-Futter-noerdlich-Buechhalde-Seltisberg-BL_09.06.2023-1024x768.jpg\" alt=\"\" class=\"wp-image-1299\" srcset=\"https:\/\/naturschutzsl.ch\/wp-content\/uploads\/2023\/10\/Kleinspecht-m-mit-Futter-noerdlich-Buechhalde-Seltisberg-BL_09.06.2023-1024x768.jpg 1024w, https:\/\/naturschutzsl.ch\/wp-content\/uploads\/2023\/10\/Kleinspecht-m-mit-Futter-noerdlich-Buechhalde-Seltisberg-BL_09.06.2023-300x225.jpg 300w, https:\/\/naturschutzsl.ch\/wp-content\/uploads\/2023\/10\/Kleinspecht-m-mit-Futter-noerdlich-Buechhalde-Seltisberg-BL_09.06.2023-768x576.jpg 768w, https:\/\/naturschutzsl.ch\/wp-content\/uploads\/2023\/10\/Kleinspecht-m-mit-Futter-noerdlich-Buechhalde-Seltisberg-BL_09.06.2023-1536x1152.jpg 1536w, https:\/\/naturschutzsl.ch\/wp-content\/uploads\/2023\/10\/Kleinspecht-m-mit-Futter-noerdlich-Buechhalde-Seltisberg-BL_09.06.2023-2048x1536.jpg 2048w, https:\/\/naturschutzsl.ch\/wp-content\/uploads\/2023\/10\/Kleinspecht-m-mit-Futter-noerdlich-Buechhalde-Seltisberg-BL_09.06.2023-150x113.jpg 150w\" sizes=\"auto, (max-width: 1024px) 100vw, 1024px\" \/><\/a><figcaption class=\"wp-element-caption\">Kleinspecht m mit Futter, Seltisberg, 09.06.2023, Simon Keller<\/figcaption><\/figure>\n\n\n\n<figure class=\"wp-block-image size-large\"><a href=\"https:\/\/naturschutzsl.ch\/wp-content\/uploads\/2023\/10\/Steinschmaetzer-Seltisberg-BL_08.2023-scaled.jpg\"><img loading=\"lazy\" decoding=\"async\" width=\"1024\" height=\"768\" data-id=\"1296\" src=\"https:\/\/naturschutzsl.ch\/wp-content\/uploads\/2023\/10\/Steinschmaetzer-Seltisberg-BL_08.2023-1024x768.jpg\" alt=\"\" class=\"wp-image-1296\" srcset=\"https:\/\/naturschutzsl.ch\/wp-content\/uploads\/2023\/10\/Steinschmaetzer-Seltisberg-BL_08.2023-1024x768.jpg 1024w, https:\/\/naturschutzsl.ch\/wp-content\/uploads\/2023\/10\/Steinschmaetzer-Seltisberg-BL_08.2023-300x225.jpg 300w, https:\/\/naturschutzsl.ch\/wp-content\/uploads\/2023\/10\/Steinschmaetzer-Seltisberg-BL_08.2023-768x576.jpg 768w, https:\/\/naturschutzsl.ch\/wp-content\/uploads\/2023\/10\/Steinschmaetzer-Seltisberg-BL_08.2023-1536x1152.jpg 1536w, https:\/\/naturschutzsl.ch\/wp-content\/uploads\/2023\/10\/Steinschmaetzer-Seltisberg-BL_08.2023-2048x1536.jpg 2048w, https:\/\/naturschutzsl.ch\/wp-content\/uploads\/2023\/10\/Steinschmaetzer-Seltisberg-BL_08.2023-150x113.jpg 150w\" sizes=\"auto, (max-width: 1024px) 100vw, 1024px\" \/><\/a><figcaption class=\"wp-element-caption\">Steinschm\u00e4tzer, Seltisberg, 08.2023, Simon Keller<\/figcaption><\/figure>\n\n\n\n<figure class=\"wp-block-image size-large\"><a href=\"https:\/\/naturschutzsl.ch\/wp-content\/uploads\/2023\/10\/Gruenspechet-mit-juv.-Seltisberg-BL_09.06.2023-scaled.jpg\"><img loading=\"lazy\" decoding=\"async\" width=\"768\" height=\"1024\" data-id=\"1300\" src=\"https:\/\/naturschutzsl.ch\/wp-content\/uploads\/2023\/10\/Gruenspechet-mit-juv.-Seltisberg-BL_09.06.2023-768x1024.jpg\" alt=\"\" class=\"wp-image-1300\" srcset=\"https:\/\/naturschutzsl.ch\/wp-content\/uploads\/2023\/10\/Gruenspechet-mit-juv.-Seltisberg-BL_09.06.2023-768x1024.jpg 768w, https:\/\/naturschutzsl.ch\/wp-content\/uploads\/2023\/10\/Gruenspechet-mit-juv.-Seltisberg-BL_09.06.2023-225x300.jpg 225w, https:\/\/naturschutzsl.ch\/wp-content\/uploads\/2023\/10\/Gruenspechet-mit-juv.-Seltisberg-BL_09.06.2023-1152x1536.jpg 1152w, https:\/\/naturschutzsl.ch\/wp-content\/uploads\/2023\/10\/Gruenspechet-mit-juv.-Seltisberg-BL_09.06.2023-1536x2048.jpg 1536w, https:\/\/naturschutzsl.ch\/wp-content\/uploads\/2023\/10\/Gruenspechet-mit-juv.-Seltisberg-BL_09.06.2023-113x150.jpg 113w, https:\/\/naturschutzsl.ch\/wp-content\/uploads\/2023\/10\/Gruenspechet-mit-juv.-Seltisberg-BL_09.06.2023-scaled.jpg 1920w\" sizes=\"auto, (max-width: 768px) 100vw, 768px\" \/><\/a><figcaption class=\"wp-element-caption\">Gr\u00fcnspecht mit juv. , Seltisberg, 09.06.2023, Simon Keller<\/figcaption><\/figure>\n\n\n\n<figure class=\"wp-block-image size-large\"><a href=\"https:\/\/naturschutzsl.ch\/wp-content\/uploads\/2023\/10\/Schwarzspecht-Seltisberg-BL_07.10.2023-scaled.jpg\"><img loading=\"lazy\" decoding=\"async\" width=\"768\" height=\"1024\" data-id=\"1298\" src=\"https:\/\/naturschutzsl.ch\/wp-content\/uploads\/2023\/10\/Schwarzspecht-Seltisberg-BL_07.10.2023-768x1024.jpg\" alt=\"\" class=\"wp-image-1298\" srcset=\"https:\/\/naturschutzsl.ch\/wp-content\/uploads\/2023\/10\/Schwarzspecht-Seltisberg-BL_07.10.2023-768x1024.jpg 768w, https:\/\/naturschutzsl.ch\/wp-content\/uploads\/2023\/10\/Schwarzspecht-Seltisberg-BL_07.10.2023-225x300.jpg 225w, https:\/\/naturschutzsl.ch\/wp-content\/uploads\/2023\/10\/Schwarzspecht-Seltisberg-BL_07.10.2023-1152x1536.jpg 1152w, https:\/\/naturschutzsl.ch\/wp-content\/uploads\/2023\/10\/Schwarzspecht-Seltisberg-BL_07.10.2023-1536x2048.jpg 1536w, https:\/\/naturschutzsl.ch\/wp-content\/uploads\/2023\/10\/Schwarzspecht-Seltisberg-BL_07.10.2023-113x150.jpg 113w, https:\/\/naturschutzsl.ch\/wp-content\/uploads\/2023\/10\/Schwarzspecht-Seltisberg-BL_07.10.2023-scaled.jpg 1920w\" sizes=\"auto, (max-width: 768px) 100vw, 768px\" \/><\/a><figcaption class=\"wp-element-caption\">Schwarzspecht, Schieblisgrund Seltisberg, 07.10.2023, Simon Keller<\/figcaption><\/figure>\n\n\n\n<figure class=\"wp-block-image size-large\"><a href=\"https:\/\/naturschutzsl.ch\/wp-content\/uploads\/2023\/10\/Ortolan-Collage-Hinterduerrweg-Seltisberg-BL_29.04.2022.jpg\"><img loading=\"lazy\" decoding=\"async\" width=\"963\" height=\"719\" data-id=\"1277\" src=\"https:\/\/naturschutzsl.ch\/wp-content\/uploads\/2023\/10\/Ortolan-Collage-Hinterduerrweg-Seltisberg-BL_29.04.2022.jpg\" alt=\"\" class=\"wp-image-1277\" srcset=\"https:\/\/naturschutzsl.ch\/wp-content\/uploads\/2023\/10\/Ortolan-Collage-Hinterduerrweg-Seltisberg-BL_29.04.2022.jpg 963w, https:\/\/naturschutzsl.ch\/wp-content\/uploads\/2023\/10\/Ortolan-Collage-Hinterduerrweg-Seltisberg-BL_29.04.2022-300x224.jpg 300w, https:\/\/naturschutzsl.ch\/wp-content\/uploads\/2023\/10\/Ortolan-Collage-Hinterduerrweg-Seltisberg-BL_29.04.2022-768x573.jpg 768w, https:\/\/naturschutzsl.ch\/wp-content\/uploads\/2023\/10\/Ortolan-Collage-Hinterduerrweg-Seltisberg-BL_29.04.2022-150x112.jpg 150w\" sizes=\"auto, (max-width: 963px) 100vw, 963px\" \/><\/a><figcaption class=\"wp-element-caption\">Ortolane, Hinterd\u00fcrrweg Seltisberg, 29.04.2022, Simon Keller<\/figcaption><\/figure>\n\n\n\n<figure class=\"wp-block-image size-large\"><a href=\"https:\/\/naturschutzsl.ch\/wp-content\/uploads\/2023\/10\/Mauerlaeufer-Collage_Nuglar-SO_27.11.2022.jpg\"><img loading=\"lazy\" decoding=\"async\" width=\"959\" height=\"720\" data-id=\"1293\" src=\"https:\/\/naturschutzsl.ch\/wp-content\/uploads\/2023\/10\/Mauerlaeufer-Collage_Nuglar-SO_27.11.2022.jpg\" alt=\"\" class=\"wp-image-1293\" srcset=\"https:\/\/naturschutzsl.ch\/wp-content\/uploads\/2023\/10\/Mauerlaeufer-Collage_Nuglar-SO_27.11.2022.jpg 959w, https:\/\/naturschutzsl.ch\/wp-content\/uploads\/2023\/10\/Mauerlaeufer-Collage_Nuglar-SO_27.11.2022-300x225.jpg 300w, https:\/\/naturschutzsl.ch\/wp-content\/uploads\/2023\/10\/Mauerlaeufer-Collage_Nuglar-SO_27.11.2022-768x577.jpg 768w, https:\/\/naturschutzsl.ch\/wp-content\/uploads\/2023\/10\/Mauerlaeufer-Collage_Nuglar-SO_27.11.2022-150x113.jpg 150w\" sizes=\"auto, (max-width: 959px) 100vw, 959px\" \/><\/a><figcaption class=\"wp-element-caption\">Mauerl\u00e4ufer \u00fcberwinternd, Nuglar SO, 27.11.2022, Simon Keller<\/figcaption><\/figure>\n\n\n\n<figure class=\"wp-block-image size-large\"><a href=\"https:\/\/naturschutzsl.ch\/wp-content\/uploads\/2023\/08\/Uhu-Collage-Nuglar-SO-06.2023.jpg\"><img loading=\"lazy\" decoding=\"async\" width=\"766\" height=\"689\" data-id=\"993\" src=\"https:\/\/naturschutzsl.ch\/wp-content\/uploads\/2023\/08\/Uhu-Collage-Nuglar-SO-06.2023.jpg\" alt=\"\" class=\"wp-image-993\" srcset=\"https:\/\/naturschutzsl.ch\/wp-content\/uploads\/2023\/08\/Uhu-Collage-Nuglar-SO-06.2023.jpg 766w, https:\/\/naturschutzsl.ch\/wp-content\/uploads\/2023\/08\/Uhu-Collage-Nuglar-SO-06.2023-300x270.jpg 300w, https:\/\/naturschutzsl.ch\/wp-content\/uploads\/2023\/08\/Uhu-Collage-Nuglar-SO-06.2023-150x135.jpg 150w\" sizes=\"auto, (max-width: 766px) 100vw, 766px\" \/><\/a><figcaption class=\"wp-element-caption\">Uhu mit juv., Nuglar SO, 20.08.2023, Simon Keller<\/figcaption><\/figure>\n\n\n\n<figure class=\"wp-block-image size-large\"><a href=\"https:\/\/naturschutzsl.ch\/wp-content\/uploads\/2023\/10\/Turteltauben-Collage-Seltisberg-BL_8.6.2021.jpg\"><img loading=\"lazy\" decoding=\"async\" width=\"987\" height=\"719\" data-id=\"1279\" src=\"https:\/\/naturschutzsl.ch\/wp-content\/uploads\/2023\/10\/Turteltauben-Collage-Seltisberg-BL_8.6.2021.jpg\" alt=\"\" class=\"wp-image-1279\" srcset=\"https:\/\/naturschutzsl.ch\/wp-content\/uploads\/2023\/10\/Turteltauben-Collage-Seltisberg-BL_8.6.2021.jpg 987w, https:\/\/naturschutzsl.ch\/wp-content\/uploads\/2023\/10\/Turteltauben-Collage-Seltisberg-BL_8.6.2021-300x219.jpg 300w, https:\/\/naturschutzsl.ch\/wp-content\/uploads\/2023\/10\/Turteltauben-Collage-Seltisberg-BL_8.6.2021-768x559.jpg 768w, https:\/\/naturschutzsl.ch\/wp-content\/uploads\/2023\/10\/Turteltauben-Collage-Seltisberg-BL_8.6.2021-150x109.jpg 150w\" sizes=\"auto, (max-width: 987px) 100vw, 987px\" \/><\/a><figcaption class=\"wp-element-caption\">Turteltauben m, Buechhalde Seltisberg, 8.6.2021, Simon Keller<\/figcaption><\/figure>\n\n\n\n<figure class=\"wp-block-image size-large\"><a href=\"https:\/\/naturschutzsl.ch\/wp-content\/uploads\/2023\/10\/Sperlingskauz-Collage-Chell-Rottannen-Rothenflue-BL-Oberbaselbiet_16.06.2022.jpg\"><img loading=\"lazy\" decoding=\"async\" width=\"1024\" height=\"576\" data-id=\"1282\" src=\"https:\/\/naturschutzsl.ch\/wp-content\/uploads\/2023\/10\/Sperlingskauz-Collage-Chell-Rottannen-Rothenflue-BL-Oberbaselbiet_16.06.2022-1024x576.jpg\" alt=\"\" class=\"wp-image-1282\" srcset=\"https:\/\/naturschutzsl.ch\/wp-content\/uploads\/2023\/10\/Sperlingskauz-Collage-Chell-Rottannen-Rothenflue-BL-Oberbaselbiet_16.06.2022-1024x576.jpg 1024w, https:\/\/naturschutzsl.ch\/wp-content\/uploads\/2023\/10\/Sperlingskauz-Collage-Chell-Rottannen-Rothenflue-BL-Oberbaselbiet_16.06.2022-300x169.jpg 300w, https:\/\/naturschutzsl.ch\/wp-content\/uploads\/2023\/10\/Sperlingskauz-Collage-Chell-Rottannen-Rothenflue-BL-Oberbaselbiet_16.06.2022-768x432.jpg 768w, https:\/\/naturschutzsl.ch\/wp-content\/uploads\/2023\/10\/Sperlingskauz-Collage-Chell-Rottannen-Rothenflue-BL-Oberbaselbiet_16.06.2022-150x84.jpg 150w, https:\/\/naturschutzsl.ch\/wp-content\/uploads\/2023\/10\/Sperlingskauz-Collage-Chell-Rottannen-Rothenflue-BL-Oberbaselbiet_16.06.2022.jpg 1280w\" sizes=\"auto, (max-width: 1024px) 100vw, 1024px\" \/><\/a><figcaption class=\"wp-element-caption\">Sperlingskauz, Oberbaselbiet, 06.2022, Simon Keller<\/figcaption><\/figure>\n\n\n\n<figure class=\"wp-block-image size-large\"><a href=\"https:\/\/naturschutzsl.ch\/wp-content\/uploads\/2023\/10\/Mehlschwalben-beim-Nestbau-Hauptstr.-70-Seltisberg-BL_29.05.2021-scaled.jpg\"><img loading=\"lazy\" decoding=\"async\" width=\"1024\" height=\"741\" data-id=\"1358\" src=\"https:\/\/naturschutzsl.ch\/wp-content\/uploads\/2023\/10\/Mehlschwalben-beim-Nestbau-Hauptstr.-70-Seltisberg-BL_29.05.2021-1024x741.jpg\" alt=\"\" class=\"wp-image-1358\" srcset=\"https:\/\/naturschutzsl.ch\/wp-content\/uploads\/2023\/10\/Mehlschwalben-beim-Nestbau-Hauptstr.-70-Seltisberg-BL_29.05.2021-1024x741.jpg 1024w, https:\/\/naturschutzsl.ch\/wp-content\/uploads\/2023\/10\/Mehlschwalben-beim-Nestbau-Hauptstr.-70-Seltisberg-BL_29.05.2021-300x217.jpg 300w, https:\/\/naturschutzsl.ch\/wp-content\/uploads\/2023\/10\/Mehlschwalben-beim-Nestbau-Hauptstr.-70-Seltisberg-BL_29.05.2021-768x556.jpg 768w, https:\/\/naturschutzsl.ch\/wp-content\/uploads\/2023\/10\/Mehlschwalben-beim-Nestbau-Hauptstr.-70-Seltisberg-BL_29.05.2021-1536x1112.jpg 1536w, https:\/\/naturschutzsl.ch\/wp-content\/uploads\/2023\/10\/Mehlschwalben-beim-Nestbau-Hauptstr.-70-Seltisberg-BL_29.05.2021-2048x1483.jpg 2048w, https:\/\/naturschutzsl.ch\/wp-content\/uploads\/2023\/10\/Mehlschwalben-beim-Nestbau-Hauptstr.-70-Seltisberg-BL_29.05.2021-150x109.jpg 150w\" sizes=\"auto, (max-width: 1024px) 100vw, 1024px\" \/><\/a><figcaption class=\"wp-element-caption\">Mehlschwalben beim Nestbau, Hauptstr. 70, Seltisberg BL, 29.05.2021, Simon Keller<\/figcaption><\/figure>\n\n\n\n<figure class=\"wp-block-image size-large\"><a href=\"https:\/\/naturschutzsl.ch\/wp-content\/uploads\/2023\/10\/Distelfink-Hinterduerrweg-Seltisberg-BL_7.7.2023-scaled.jpg\"><img loading=\"lazy\" decoding=\"async\" width=\"1024\" height=\"768\" data-id=\"1347\" src=\"https:\/\/naturschutzsl.ch\/wp-content\/uploads\/2023\/10\/Distelfink-Hinterduerrweg-Seltisberg-BL_7.7.2023-1024x768.jpg\" alt=\"\" class=\"wp-image-1347\" srcset=\"https:\/\/naturschutzsl.ch\/wp-content\/uploads\/2023\/10\/Distelfink-Hinterduerrweg-Seltisberg-BL_7.7.2023-1024x768.jpg 1024w, https:\/\/naturschutzsl.ch\/wp-content\/uploads\/2023\/10\/Distelfink-Hinterduerrweg-Seltisberg-BL_7.7.2023-300x225.jpg 300w, https:\/\/naturschutzsl.ch\/wp-content\/uploads\/2023\/10\/Distelfink-Hinterduerrweg-Seltisberg-BL_7.7.2023-768x576.jpg 768w, https:\/\/naturschutzsl.ch\/wp-content\/uploads\/2023\/10\/Distelfink-Hinterduerrweg-Seltisberg-BL_7.7.2023-1536x1152.jpg 1536w, https:\/\/naturschutzsl.ch\/wp-content\/uploads\/2023\/10\/Distelfink-Hinterduerrweg-Seltisberg-BL_7.7.2023-2048x1536.jpg 2048w, https:\/\/naturschutzsl.ch\/wp-content\/uploads\/2023\/10\/Distelfink-Hinterduerrweg-Seltisberg-BL_7.7.2023-150x113.jpg 150w\" sizes=\"auto, (max-width: 1024px) 100vw, 1024px\" \/><\/a><figcaption class=\"wp-element-caption\">Distelfink, Hinterd\u00fcrrweg Seltisberg, 7.7.2023, Simon Keller<\/figcaption><\/figure>\n\n\n\n<figure class=\"wp-block-image size-large\"><a href=\"https:\/\/naturschutzsl.ch\/wp-content\/uploads\/2023\/10\/Dorngrasmuecke-Buechhalde-Seltisberg-BL_09.09.2023-scaled.jpg\"><img loading=\"lazy\" decoding=\"async\" width=\"1024\" height=\"801\" data-id=\"1348\" src=\"https:\/\/naturschutzsl.ch\/wp-content\/uploads\/2023\/10\/Dorngrasmuecke-Buechhalde-Seltisberg-BL_09.09.2023-1024x801.jpg\" alt=\"\" class=\"wp-image-1348\" srcset=\"https:\/\/naturschutzsl.ch\/wp-content\/uploads\/2023\/10\/Dorngrasmuecke-Buechhalde-Seltisberg-BL_09.09.2023-1024x801.jpg 1024w, https:\/\/naturschutzsl.ch\/wp-content\/uploads\/2023\/10\/Dorngrasmuecke-Buechhalde-Seltisberg-BL_09.09.2023-300x235.jpg 300w, https:\/\/naturschutzsl.ch\/wp-content\/uploads\/2023\/10\/Dorngrasmuecke-Buechhalde-Seltisberg-BL_09.09.2023-768x601.jpg 768w, https:\/\/naturschutzsl.ch\/wp-content\/uploads\/2023\/10\/Dorngrasmuecke-Buechhalde-Seltisberg-BL_09.09.2023-1536x1202.jpg 1536w, https:\/\/naturschutzsl.ch\/wp-content\/uploads\/2023\/10\/Dorngrasmuecke-Buechhalde-Seltisberg-BL_09.09.2023-2048x1602.jpg 2048w, https:\/\/naturschutzsl.ch\/wp-content\/uploads\/2023\/10\/Dorngrasmuecke-Buechhalde-Seltisberg-BL_09.09.2023-150x117.jpg 150w\" sizes=\"auto, (max-width: 1024px) 100vw, 1024px\" \/><\/a><figcaption class=\"wp-element-caption\">Dorngrasm\u00fccke, Buechhalde Seltisberg, 09.09.2023, Simon Keller<\/figcaption><\/figure>\n\n\n\n<figure class=\"wp-block-image size-large\"><a href=\"https:\/\/naturschutzsl.ch\/wp-content\/uploads\/2023\/10\/Erlenzeisig-Seltisberg-BL_09.2023-scaled.jpg\"><img loading=\"lazy\" decoding=\"async\" width=\"1024\" height=\"824\" data-id=\"1349\" src=\"https:\/\/naturschutzsl.ch\/wp-content\/uploads\/2023\/10\/Erlenzeisig-Seltisberg-BL_09.2023-1024x824.jpg\" alt=\"\" class=\"wp-image-1349\" srcset=\"https:\/\/naturschutzsl.ch\/wp-content\/uploads\/2023\/10\/Erlenzeisig-Seltisberg-BL_09.2023-1024x824.jpg 1024w, https:\/\/naturschutzsl.ch\/wp-content\/uploads\/2023\/10\/Erlenzeisig-Seltisberg-BL_09.2023-300x241.jpg 300w, https:\/\/naturschutzsl.ch\/wp-content\/uploads\/2023\/10\/Erlenzeisig-Seltisberg-BL_09.2023-768x618.jpg 768w, https:\/\/naturschutzsl.ch\/wp-content\/uploads\/2023\/10\/Erlenzeisig-Seltisberg-BL_09.2023-1536x1235.jpg 1536w, https:\/\/naturschutzsl.ch\/wp-content\/uploads\/2023\/10\/Erlenzeisig-Seltisberg-BL_09.2023-2048x1647.jpg 2048w, https:\/\/naturschutzsl.ch\/wp-content\/uploads\/2023\/10\/Erlenzeisig-Seltisberg-BL_09.2023-150x121.jpg 150w\" sizes=\"auto, (max-width: 1024px) 100vw, 1024px\" \/><\/a><figcaption class=\"wp-element-caption\">Erlenzeisig, Seltisberg, 09.2023, S. Keller<\/figcaption><\/figure>\n\n\n\n<figure class=\"wp-block-image size-large\"><a href=\"https:\/\/naturschutzsl.ch\/wp-content\/uploads\/2023\/10\/Kleiber-Galms-Seltisberg-BL_28.7.2023-scaled.jpg\"><img loading=\"lazy\" decoding=\"async\" width=\"1024\" height=\"808\" data-id=\"1355\" src=\"https:\/\/naturschutzsl.ch\/wp-content\/uploads\/2023\/10\/Kleiber-Galms-Seltisberg-BL_28.7.2023-1024x808.jpg\" alt=\"\" class=\"wp-image-1355\" srcset=\"https:\/\/naturschutzsl.ch\/wp-content\/uploads\/2023\/10\/Kleiber-Galms-Seltisberg-BL_28.7.2023-1024x808.jpg 1024w, https:\/\/naturschutzsl.ch\/wp-content\/uploads\/2023\/10\/Kleiber-Galms-Seltisberg-BL_28.7.2023-300x237.jpg 300w, https:\/\/naturschutzsl.ch\/wp-content\/uploads\/2023\/10\/Kleiber-Galms-Seltisberg-BL_28.7.2023-768x606.jpg 768w, https:\/\/naturschutzsl.ch\/wp-content\/uploads\/2023\/10\/Kleiber-Galms-Seltisberg-BL_28.7.2023-1536x1212.jpg 1536w, https:\/\/naturschutzsl.ch\/wp-content\/uploads\/2023\/10\/Kleiber-Galms-Seltisberg-BL_28.7.2023-2048x1616.jpg 2048w, https:\/\/naturschutzsl.ch\/wp-content\/uploads\/2023\/10\/Kleiber-Galms-Seltisberg-BL_28.7.2023-150x118.jpg 150w\" sizes=\"auto, (max-width: 1024px) 100vw, 1024px\" \/><\/a><figcaption class=\"wp-element-caption\">Kleiber Galms Seltisberg, 28.7.2023, S. Keller<\/figcaption><\/figure>\n\n\n\n<figure class=\"wp-block-image size-large\"><a href=\"https:\/\/naturschutzsl.ch\/wp-content\/uploads\/2023\/10\/Schwarzkehlchen-m-Seltisberg-BL-10.2023-scaled.jpg\"><img loading=\"lazy\" decoding=\"async\" width=\"1024\" height=\"917\" data-id=\"1363\" src=\"https:\/\/naturschutzsl.ch\/wp-content\/uploads\/2023\/10\/Schwarzkehlchen-m-Seltisberg-BL-10.2023-1024x917.jpg\" alt=\"\" class=\"wp-image-1363\" srcset=\"https:\/\/naturschutzsl.ch\/wp-content\/uploads\/2023\/10\/Schwarzkehlchen-m-Seltisberg-BL-10.2023-1024x917.jpg 1024w, https:\/\/naturschutzsl.ch\/wp-content\/uploads\/2023\/10\/Schwarzkehlchen-m-Seltisberg-BL-10.2023-300x269.jpg 300w, https:\/\/naturschutzsl.ch\/wp-content\/uploads\/2023\/10\/Schwarzkehlchen-m-Seltisberg-BL-10.2023-768x688.jpg 768w, https:\/\/naturschutzsl.ch\/wp-content\/uploads\/2023\/10\/Schwarzkehlchen-m-Seltisberg-BL-10.2023-1536x1376.jpg 1536w, https:\/\/naturschutzsl.ch\/wp-content\/uploads\/2023\/10\/Schwarzkehlchen-m-Seltisberg-BL-10.2023-2048x1835.jpg 2048w, https:\/\/naturschutzsl.ch\/wp-content\/uploads\/2023\/10\/Schwarzkehlchen-m-Seltisberg-BL-10.2023-150x134.jpg 150w\" sizes=\"auto, (max-width: 1024px) 100vw, 1024px\" \/><\/a><figcaption class=\"wp-element-caption\">Schwarzkehlchen m, Buechhalde Seltisberg, 10.2023, S. Keller<\/figcaption><\/figure>\n\n\n\n<figure class=\"wp-block-image size-large\"><a href=\"https:\/\/naturschutzsl.ch\/wp-content\/uploads\/2023\/10\/Trauerschnaepper-m-Seltisberg-BL_05.2022-scaled.jpg\"><img loading=\"lazy\" decoding=\"async\" width=\"1024\" height=\"768\" data-id=\"1364\" src=\"https:\/\/naturschutzsl.ch\/wp-content\/uploads\/2023\/10\/Trauerschnaepper-m-Seltisberg-BL_05.2022-1024x768.jpg\" alt=\"\" class=\"wp-image-1364\" srcset=\"https:\/\/naturschutzsl.ch\/wp-content\/uploads\/2023\/10\/Trauerschnaepper-m-Seltisberg-BL_05.2022-1024x768.jpg 1024w, https:\/\/naturschutzsl.ch\/wp-content\/uploads\/2023\/10\/Trauerschnaepper-m-Seltisberg-BL_05.2022-300x225.jpg 300w, https:\/\/naturschutzsl.ch\/wp-content\/uploads\/2023\/10\/Trauerschnaepper-m-Seltisberg-BL_05.2022-768x576.jpg 768w, https:\/\/naturschutzsl.ch\/wp-content\/uploads\/2023\/10\/Trauerschnaepper-m-Seltisberg-BL_05.2022-1536x1152.jpg 1536w, https:\/\/naturschutzsl.ch\/wp-content\/uploads\/2023\/10\/Trauerschnaepper-m-Seltisberg-BL_05.2022-2048x1536.jpg 2048w, https:\/\/naturschutzsl.ch\/wp-content\/uploads\/2023\/10\/Trauerschnaepper-m-Seltisberg-BL_05.2022-150x113.jpg 150w\" sizes=\"auto, (max-width: 1024px) 100vw, 1024px\" \/><\/a><figcaption class=\"wp-element-caption\">Trauerschn\u00e4pper, Seltisberg, 05.2022, S. Keller<\/figcaption><\/figure>\n\n\n\n<figure class=\"wp-block-image size-large\"><a href=\"https:\/\/naturschutzsl.ch\/wp-content\/uploads\/2023\/10\/Kohlmeise-juv.-Seltisberg-BL-11.6.2023-scaled.jpg\"><img loading=\"lazy\" decoding=\"async\" width=\"1024\" height=\"717\" data-id=\"1356\" src=\"https:\/\/naturschutzsl.ch\/wp-content\/uploads\/2023\/10\/Kohlmeise-juv.-Seltisberg-BL-11.6.2023-1024x717.jpg\" alt=\"\" class=\"wp-image-1356\" srcset=\"https:\/\/naturschutzsl.ch\/wp-content\/uploads\/2023\/10\/Kohlmeise-juv.-Seltisberg-BL-11.6.2023-1024x717.jpg 1024w, https:\/\/naturschutzsl.ch\/wp-content\/uploads\/2023\/10\/Kohlmeise-juv.-Seltisberg-BL-11.6.2023-300x210.jpg 300w, https:\/\/naturschutzsl.ch\/wp-content\/uploads\/2023\/10\/Kohlmeise-juv.-Seltisberg-BL-11.6.2023-768x538.jpg 768w, https:\/\/naturschutzsl.ch\/wp-content\/uploads\/2023\/10\/Kohlmeise-juv.-Seltisberg-BL-11.6.2023-1536x1075.jpg 1536w, https:\/\/naturschutzsl.ch\/wp-content\/uploads\/2023\/10\/Kohlmeise-juv.-Seltisberg-BL-11.6.2023-2048x1434.jpg 2048w, https:\/\/naturschutzsl.ch\/wp-content\/uploads\/2023\/10\/Kohlmeise-juv.-Seltisberg-BL-11.6.2023-150x105.jpg 150w\" sizes=\"auto, (max-width: 1024px) 100vw, 1024px\" \/><\/a><figcaption class=\"wp-element-caption\">Kohlmeise juv., Seltisberg,11.6.2023, S. Keller<\/figcaption><\/figure>\n\n\n\n<figure class=\"wp-block-image size-large\"><a href=\"https:\/\/naturschutzsl.ch\/wp-content\/uploads\/2023\/10\/Rauchschwalben-juv.-Seltisberg-BL_1.7.2021.jpg\"><img loading=\"lazy\" decoding=\"async\" width=\"792\" height=\"633\" data-id=\"1362\" src=\"https:\/\/naturschutzsl.ch\/wp-content\/uploads\/2023\/10\/Rauchschwalben-juv.-Seltisberg-BL_1.7.2021.jpg\" alt=\"\" class=\"wp-image-1362\" srcset=\"https:\/\/naturschutzsl.ch\/wp-content\/uploads\/2023\/10\/Rauchschwalben-juv.-Seltisberg-BL_1.7.2021.jpg 792w, https:\/\/naturschutzsl.ch\/wp-content\/uploads\/2023\/10\/Rauchschwalben-juv.-Seltisberg-BL_1.7.2021-300x240.jpg 300w, https:\/\/naturschutzsl.ch\/wp-content\/uploads\/2023\/10\/Rauchschwalben-juv.-Seltisberg-BL_1.7.2021-768x614.jpg 768w, https:\/\/naturschutzsl.ch\/wp-content\/uploads\/2023\/10\/Rauchschwalben-juv.-Seltisberg-BL_1.7.2021-150x120.jpg 150w\" sizes=\"auto, (max-width: 792px) 100vw, 792px\" \/><\/a><figcaption class=\"wp-element-caption\">Rauchschwalben juv., Hauptstr. 70 Seltisberg, 1.7.2021, S. Keller<\/figcaption><\/figure>\n\n\n\n<figure class=\"wp-block-image size-large\"><a href=\"https:\/\/naturschutzsl.ch\/wp-content\/uploads\/2023\/10\/Neuntoeter-juv.-Seltisberg-suedlich-Schweini-BL_07.2023-scaled.jpg\"><img loading=\"lazy\" decoding=\"async\" width=\"1024\" height=\"925\" data-id=\"1360\" src=\"https:\/\/naturschutzsl.ch\/wp-content\/uploads\/2023\/10\/Neuntoeter-juv.-Seltisberg-suedlich-Schweini-BL_07.2023-1024x925.jpg\" alt=\"\" class=\"wp-image-1360\" srcset=\"https:\/\/naturschutzsl.ch\/wp-content\/uploads\/2023\/10\/Neuntoeter-juv.-Seltisberg-suedlich-Schweini-BL_07.2023-1024x925.jpg 1024w, https:\/\/naturschutzsl.ch\/wp-content\/uploads\/2023\/10\/Neuntoeter-juv.-Seltisberg-suedlich-Schweini-BL_07.2023-300x271.jpg 300w, https:\/\/naturschutzsl.ch\/wp-content\/uploads\/2023\/10\/Neuntoeter-juv.-Seltisberg-suedlich-Schweini-BL_07.2023-768x694.jpg 768w, https:\/\/naturschutzsl.ch\/wp-content\/uploads\/2023\/10\/Neuntoeter-juv.-Seltisberg-suedlich-Schweini-BL_07.2023-1536x1387.jpg 1536w, https:\/\/naturschutzsl.ch\/wp-content\/uploads\/2023\/10\/Neuntoeter-juv.-Seltisberg-suedlich-Schweini-BL_07.2023-2048x1850.jpg 2048w, https:\/\/naturschutzsl.ch\/wp-content\/uploads\/2023\/10\/Neuntoeter-juv.-Seltisberg-suedlich-Schweini-BL_07.2023-150x135.jpg 150w\" sizes=\"auto, (max-width: 1024px) 100vw, 1024px\" \/><\/a><figcaption class=\"wp-element-caption\">Neunt\u00f6ter juv., Seltisberg s\u00fcdlich Schweini, 07.2023, Simon Keller<\/figcaption><\/figure>\n\n\n\n<figure class=\"wp-block-image size-large\"><a href=\"https:\/\/naturschutzsl.ch\/wp-content\/uploads\/2023\/10\/Uhu-juv.-Nuglar-SO-26.05.2019-scaled.jpg\"><img loading=\"lazy\" decoding=\"async\" width=\"1024\" height=\"768\" data-id=\"1285\" src=\"https:\/\/naturschutzsl.ch\/wp-content\/uploads\/2023\/10\/Uhu-juv.-Nuglar-SO-26.05.2019-1024x768.jpg\" alt=\"\" class=\"wp-image-1285\" srcset=\"https:\/\/naturschutzsl.ch\/wp-content\/uploads\/2023\/10\/Uhu-juv.-Nuglar-SO-26.05.2019-1024x768.jpg 1024w, https:\/\/naturschutzsl.ch\/wp-content\/uploads\/2023\/10\/Uhu-juv.-Nuglar-SO-26.05.2019-300x225.jpg 300w, https:\/\/naturschutzsl.ch\/wp-content\/uploads\/2023\/10\/Uhu-juv.-Nuglar-SO-26.05.2019-768x576.jpg 768w, https:\/\/naturschutzsl.ch\/wp-content\/uploads\/2023\/10\/Uhu-juv.-Nuglar-SO-26.05.2019-1536x1152.jpg 1536w, https:\/\/naturschutzsl.ch\/wp-content\/uploads\/2023\/10\/Uhu-juv.-Nuglar-SO-26.05.2019-2048x1536.jpg 2048w, https:\/\/naturschutzsl.ch\/wp-content\/uploads\/2023\/10\/Uhu-juv.-Nuglar-SO-26.05.2019-150x113.jpg 150w\" sizes=\"auto, (max-width: 1024px) 100vw, 1024px\" \/><\/a><figcaption class=\"wp-element-caption\">Uhu, 4 juv.!, CH-Rekordbrut, Nuglar SO, 26.05.2019, Simon Keller<\/figcaption><\/figure>\n\n\n\n<figure class=\"wp-block-image size-large\"><a href=\"https:\/\/naturschutzsl.ch\/wp-content\/uploads\/2023\/10\/Wasseramsel-juv.-Liestal-BL_05.2021-scaled.jpg\"><img loading=\"lazy\" decoding=\"async\" width=\"1024\" height=\"768\" data-id=\"1366\" src=\"https:\/\/naturschutzsl.ch\/wp-content\/uploads\/2023\/10\/Wasseramsel-juv.-Liestal-BL_05.2021-1024x768.jpg\" alt=\"\" class=\"wp-image-1366\" srcset=\"https:\/\/naturschutzsl.ch\/wp-content\/uploads\/2023\/10\/Wasseramsel-juv.-Liestal-BL_05.2021-1024x768.jpg 1024w, https:\/\/naturschutzsl.ch\/wp-content\/uploads\/2023\/10\/Wasseramsel-juv.-Liestal-BL_05.2021-300x225.jpg 300w, https:\/\/naturschutzsl.ch\/wp-content\/uploads\/2023\/10\/Wasseramsel-juv.-Liestal-BL_05.2021-768x576.jpg 768w, https:\/\/naturschutzsl.ch\/wp-content\/uploads\/2023\/10\/Wasseramsel-juv.-Liestal-BL_05.2021-1536x1152.jpg 1536w, https:\/\/naturschutzsl.ch\/wp-content\/uploads\/2023\/10\/Wasseramsel-juv.-Liestal-BL_05.2021-2048x1536.jpg 2048w, https:\/\/naturschutzsl.ch\/wp-content\/uploads\/2023\/10\/Wasseramsel-juv.-Liestal-BL_05.2021-150x113.jpg 150w\" sizes=\"auto, (max-width: 1024px) 100vw, 1024px\" \/><\/a><figcaption class=\"wp-element-caption\">Wasseramsel, juv., Oristal Liestal, 05.2021, Simon Keller<\/figcaption><\/figure>\n\n\n\n<figure class=\"wp-block-image size-large\"><a href=\"https:\/\/naturschutzsl.ch\/wp-content\/uploads\/2023\/10\/Wespenbussard-Seltisberg-BL_4.9.2023.jpg\"><img loading=\"lazy\" decoding=\"async\" width=\"1024\" height=\"706\" data-id=\"1365\" src=\"https:\/\/naturschutzsl.ch\/wp-content\/uploads\/2023\/10\/Wespenbussard-Seltisberg-BL_4.9.2023-1024x706.jpg\" alt=\"\" class=\"wp-image-1365\" srcset=\"https:\/\/naturschutzsl.ch\/wp-content\/uploads\/2023\/10\/Wespenbussard-Seltisberg-BL_4.9.2023-1024x706.jpg 1024w, https:\/\/naturschutzsl.ch\/wp-content\/uploads\/2023\/10\/Wespenbussard-Seltisberg-BL_4.9.2023-300x207.jpg 300w, https:\/\/naturschutzsl.ch\/wp-content\/uploads\/2023\/10\/Wespenbussard-Seltisberg-BL_4.9.2023-768x529.jpg 768w, https:\/\/naturschutzsl.ch\/wp-content\/uploads\/2023\/10\/Wespenbussard-Seltisberg-BL_4.9.2023-1536x1059.jpg 1536w, https:\/\/naturschutzsl.ch\/wp-content\/uploads\/2023\/10\/Wespenbussard-Seltisberg-BL_4.9.2023-2048x1412.jpg 2048w, https:\/\/naturschutzsl.ch\/wp-content\/uploads\/2023\/10\/Wespenbussard-Seltisberg-BL_4.9.2023-150x103.jpg 150w\" sizes=\"auto, (max-width: 1024px) 100vw, 1024px\" \/><\/a><figcaption class=\"wp-element-caption\">Wespenbussard, Seltisberg, 4.9.2023, Simon Keller<\/figcaption><\/figure>\n\n\n\n<figure class=\"wp-block-image size-large\"><a href=\"https:\/\/naturschutzsl.ch\/wp-content\/uploads\/2023\/10\/Wespenbussarde-Seltisberg-BL_28.08.2023-scaled.jpg\"><img loading=\"lazy\" decoding=\"async\" width=\"1024\" height=\"538\" data-id=\"1308\" src=\"https:\/\/naturschutzsl.ch\/wp-content\/uploads\/2023\/10\/Wespenbussarde-Seltisberg-BL_28.08.2023-1024x538.jpg\" alt=\"\" class=\"wp-image-1308\" srcset=\"https:\/\/naturschutzsl.ch\/wp-content\/uploads\/2023\/10\/Wespenbussarde-Seltisberg-BL_28.08.2023-1024x538.jpg 1024w, https:\/\/naturschutzsl.ch\/wp-content\/uploads\/2023\/10\/Wespenbussarde-Seltisberg-BL_28.08.2023-300x158.jpg 300w, https:\/\/naturschutzsl.ch\/wp-content\/uploads\/2023\/10\/Wespenbussarde-Seltisberg-BL_28.08.2023-768x404.jpg 768w, https:\/\/naturschutzsl.ch\/wp-content\/uploads\/2023\/10\/Wespenbussarde-Seltisberg-BL_28.08.2023-1536x807.jpg 1536w, https:\/\/naturschutzsl.ch\/wp-content\/uploads\/2023\/10\/Wespenbussarde-Seltisberg-BL_28.08.2023-2048x1076.jpg 2048w, https:\/\/naturschutzsl.ch\/wp-content\/uploads\/2023\/10\/Wespenbussarde-Seltisberg-BL_28.08.2023-150x79.jpg 150w\" sizes=\"auto, (max-width: 1024px) 100vw, 1024px\" \/><\/a><figcaption class=\"wp-element-caption\">Wespenbussarde auf Durchzug, Seltisberg, 28.08.2023, Simon Keller<\/figcaption><\/figure>\n\n\n\n<figure class=\"wp-block-image size-large\"><a href=\"https:\/\/naturschutzsl.ch\/wp-content\/uploads\/2023\/10\/Kranich-Megatrupp-von-320-Ex.-ueber-Seltisberg-BL-04.11.2022.jpg\"><img loading=\"lazy\" decoding=\"async\" width=\"1024\" height=\"768\" data-id=\"1302\" src=\"https:\/\/naturschutzsl.ch\/wp-content\/uploads\/2023\/10\/Kranich-Megatrupp-von-320-Ex.-ueber-Seltisberg-BL-04.11.2022-1024x768.jpg\" alt=\"\" class=\"wp-image-1302\" srcset=\"https:\/\/naturschutzsl.ch\/wp-content\/uploads\/2023\/10\/Kranich-Megatrupp-von-320-Ex.-ueber-Seltisberg-BL-04.11.2022-1024x768.jpg 1024w, https:\/\/naturschutzsl.ch\/wp-content\/uploads\/2023\/10\/Kranich-Megatrupp-von-320-Ex.-ueber-Seltisberg-BL-04.11.2022-300x225.jpg 300w, https:\/\/naturschutzsl.ch\/wp-content\/uploads\/2023\/10\/Kranich-Megatrupp-von-320-Ex.-ueber-Seltisberg-BL-04.11.2022-768x576.jpg 768w, https:\/\/naturschutzsl.ch\/wp-content\/uploads\/2023\/10\/Kranich-Megatrupp-von-320-Ex.-ueber-Seltisberg-BL-04.11.2022-1536x1152.jpg 1536w, https:\/\/naturschutzsl.ch\/wp-content\/uploads\/2023\/10\/Kranich-Megatrupp-von-320-Ex.-ueber-Seltisberg-BL-04.11.2022-150x113.jpg 150w, https:\/\/naturschutzsl.ch\/wp-content\/uploads\/2023\/10\/Kranich-Megatrupp-von-320-Ex.-ueber-Seltisberg-BL-04.11.2022.jpg 2048w\" sizes=\"auto, (max-width: 1024px) 100vw, 1024px\" \/><\/a><figcaption class=\"wp-element-caption\">Kranich-Megatrupps von 320 Ex. + 80 Ex. \u00fcber Seltisberg, 04.11.2022, S. &amp; A. Keller<\/figcaption><\/figure>\n\n\n\n<figure class=\"wp-block-image size-large\"><a href=\"https:\/\/naturschutzsl.ch\/wp-content\/uploads\/2023\/10\/Ringeltaube-CH-Rekord-141-am-16.10.2022-Liestal-BL-scaled.jpg\"><img loading=\"lazy\" decoding=\"async\" width=\"1024\" height=\"768\" data-id=\"1306\" src=\"https:\/\/naturschutzsl.ch\/wp-content\/uploads\/2023\/10\/Ringeltaube-CH-Rekord-141-am-16.10.2022-Liestal-BL-1024x768.jpg\" alt=\"\" class=\"wp-image-1306\" srcset=\"https:\/\/naturschutzsl.ch\/wp-content\/uploads\/2023\/10\/Ringeltaube-CH-Rekord-141-am-16.10.2022-Liestal-BL-1024x768.jpg 1024w, https:\/\/naturschutzsl.ch\/wp-content\/uploads\/2023\/10\/Ringeltaube-CH-Rekord-141-am-16.10.2022-Liestal-BL-300x225.jpg 300w, https:\/\/naturschutzsl.ch\/wp-content\/uploads\/2023\/10\/Ringeltaube-CH-Rekord-141-am-16.10.2022-Liestal-BL-768x576.jpg 768w, https:\/\/naturschutzsl.ch\/wp-content\/uploads\/2023\/10\/Ringeltaube-CH-Rekord-141-am-16.10.2022-Liestal-BL-1536x1152.jpg 1536w, https:\/\/naturschutzsl.ch\/wp-content\/uploads\/2023\/10\/Ringeltaube-CH-Rekord-141-am-16.10.2022-Liestal-BL-2048x1536.jpg 2048w, https:\/\/naturschutzsl.ch\/wp-content\/uploads\/2023\/10\/Ringeltaube-CH-Rekord-141-am-16.10.2022-Liestal-BL-150x113.jpg 150w\" sizes=\"auto, (max-width: 1024px) 100vw, 1024px\" \/><\/a><figcaption class=\"wp-element-caption\">Ringeltaube, CH-<br>Tagesrekord &gt;141&#8217;000 total am 16.10.2022, Liestal Aussichtsturm Schleifenberg, Simon Keller<\/figcaption><\/figure>\n\n\n\n<figure class=\"wp-block-image size-large\"><a href=\"https:\/\/naturschutzsl.ch\/wp-content\/uploads\/2023\/10\/Wendehals-Buechhalde-Seltisberg-BL_18.08.2022.jpg\"><img loading=\"lazy\" decoding=\"async\" width=\"1024\" height=\"856\" data-id=\"1288\" src=\"https:\/\/naturschutzsl.ch\/wp-content\/uploads\/2023\/10\/Wendehals-Buechhalde-Seltisberg-BL_18.08.2022-1024x856.jpg\" alt=\"\" class=\"wp-image-1288\" srcset=\"https:\/\/naturschutzsl.ch\/wp-content\/uploads\/2023\/10\/Wendehals-Buechhalde-Seltisberg-BL_18.08.2022-1024x856.jpg 1024w, https:\/\/naturschutzsl.ch\/wp-content\/uploads\/2023\/10\/Wendehals-Buechhalde-Seltisberg-BL_18.08.2022-300x251.jpg 300w, https:\/\/naturschutzsl.ch\/wp-content\/uploads\/2023\/10\/Wendehals-Buechhalde-Seltisberg-BL_18.08.2022-768x642.jpg 768w, https:\/\/naturschutzsl.ch\/wp-content\/uploads\/2023\/10\/Wendehals-Buechhalde-Seltisberg-BL_18.08.2022-1536x1284.jpg 1536w, https:\/\/naturschutzsl.ch\/wp-content\/uploads\/2023\/10\/Wendehals-Buechhalde-Seltisberg-BL_18.08.2022-2048x1712.jpg 2048w, https:\/\/naturschutzsl.ch\/wp-content\/uploads\/2023\/10\/Wendehals-Buechhalde-Seltisberg-BL_18.08.2022-150x125.jpg 150w\" sizes=\"auto, (max-width: 1024px) 100vw, 1024px\" \/><\/a><figcaption class=\"wp-element-caption\">Wendehals, Buechhalde Seltisberg BL, 18.08.2022, Simon Keller<\/figcaption><\/figure>\n\n\n\n<figure class=\"wp-block-image size-large\"><a href=\"https:\/\/naturschutzsl.ch\/wp-content\/uploads\/2023\/10\/Kornweihe-w-exDeponie-Seltisberg-BL_01.11.2021-scaled.jpg\"><img loading=\"lazy\" decoding=\"async\" width=\"1024\" height=\"770\" data-id=\"1357\" src=\"https:\/\/naturschutzsl.ch\/wp-content\/uploads\/2023\/10\/Kornweihe-w-exDeponie-Seltisberg-BL_01.11.2021-1024x770.jpg\" alt=\"\" class=\"wp-image-1357\" srcset=\"https:\/\/naturschutzsl.ch\/wp-content\/uploads\/2023\/10\/Kornweihe-w-exDeponie-Seltisberg-BL_01.11.2021-1024x770.jpg 1024w, https:\/\/naturschutzsl.ch\/wp-content\/uploads\/2023\/10\/Kornweihe-w-exDeponie-Seltisberg-BL_01.11.2021-300x226.jpg 300w, https:\/\/naturschutzsl.ch\/wp-content\/uploads\/2023\/10\/Kornweihe-w-exDeponie-Seltisberg-BL_01.11.2021-768x578.jpg 768w, https:\/\/naturschutzsl.ch\/wp-content\/uploads\/2023\/10\/Kornweihe-w-exDeponie-Seltisberg-BL_01.11.2021-1536x1155.jpg 1536w, https:\/\/naturschutzsl.ch\/wp-content\/uploads\/2023\/10\/Kornweihe-w-exDeponie-Seltisberg-BL_01.11.2021-2048x1540.jpg 2048w, https:\/\/naturschutzsl.ch\/wp-content\/uploads\/2023\/10\/Kornweihe-w-exDeponie-Seltisberg-BL_01.11.2021-150x113.jpg 150w\" sizes=\"auto, (max-width: 1024px) 100vw, 1024px\" \/><\/a><figcaption class=\"wp-element-caption\">Kornweihe w, Buechhhalde Seltisberg, 01.11.2021, Simon Keller<\/figcaption><\/figure>\n\n\n\n<figure class=\"wp-block-image size-large\"><a href=\"https:\/\/naturschutzsl.ch\/wp-content\/uploads\/2023\/10\/Habicht-15.01.2022-Seltisberg-BL-scaled.jpg\"><img loading=\"lazy\" decoding=\"async\" width=\"1024\" height=\"667\" data-id=\"1352\" src=\"https:\/\/naturschutzsl.ch\/wp-content\/uploads\/2023\/10\/Habicht-15.01.2022-Seltisberg-BL-1024x667.jpg\" alt=\"\" class=\"wp-image-1352\" srcset=\"https:\/\/naturschutzsl.ch\/wp-content\/uploads\/2023\/10\/Habicht-15.01.2022-Seltisberg-BL-1024x667.jpg 1024w, https:\/\/naturschutzsl.ch\/wp-content\/uploads\/2023\/10\/Habicht-15.01.2022-Seltisberg-BL-300x196.jpg 300w, https:\/\/naturschutzsl.ch\/wp-content\/uploads\/2023\/10\/Habicht-15.01.2022-Seltisberg-BL-768x500.jpg 768w, https:\/\/naturschutzsl.ch\/wp-content\/uploads\/2023\/10\/Habicht-15.01.2022-Seltisberg-BL-1536x1001.jpg 1536w, https:\/\/naturschutzsl.ch\/wp-content\/uploads\/2023\/10\/Habicht-15.01.2022-Seltisberg-BL-2048x1335.jpg 2048w, https:\/\/naturschutzsl.ch\/wp-content\/uploads\/2023\/10\/Habicht-15.01.2022-Seltisberg-BL-150x98.jpg 150w\" sizes=\"auto, (max-width: 1024px) 100vw, 1024px\" \/><\/a><figcaption class=\"wp-element-caption\">Habicht, 15.01.2022, Buechhalde Seltisberg, Simon Keller<\/figcaption><\/figure>\n\n\n\n<figure class=\"wp-block-image size-large\"><a href=\"https:\/\/naturschutzsl.ch\/wp-content\/uploads\/2023\/10\/Zaunammer-m-22.05.2021-Deponie-Seltisberg-BL-scaled.jpg\"><img loading=\"lazy\" decoding=\"async\" width=\"1024\" height=\"768\" data-id=\"1287\" src=\"https:\/\/naturschutzsl.ch\/wp-content\/uploads\/2023\/10\/Zaunammer-m-22.05.2021-Deponie-Seltisberg-BL-1024x768.jpg\" alt=\"\" class=\"wp-image-1287\" srcset=\"https:\/\/naturschutzsl.ch\/wp-content\/uploads\/2023\/10\/Zaunammer-m-22.05.2021-Deponie-Seltisberg-BL-1024x768.jpg 1024w, https:\/\/naturschutzsl.ch\/wp-content\/uploads\/2023\/10\/Zaunammer-m-22.05.2021-Deponie-Seltisberg-BL-300x225.jpg 300w, https:\/\/naturschutzsl.ch\/wp-content\/uploads\/2023\/10\/Zaunammer-m-22.05.2021-Deponie-Seltisberg-BL-768x576.jpg 768w, https:\/\/naturschutzsl.ch\/wp-content\/uploads\/2023\/10\/Zaunammer-m-22.05.2021-Deponie-Seltisberg-BL-1536x1152.jpg 1536w, https:\/\/naturschutzsl.ch\/wp-content\/uploads\/2023\/10\/Zaunammer-m-22.05.2021-Deponie-Seltisberg-BL-2048x1536.jpg 2048w, https:\/\/naturschutzsl.ch\/wp-content\/uploads\/2023\/10\/Zaunammer-m-22.05.2021-Deponie-Seltisberg-BL-150x113.jpg 150w\" sizes=\"auto, (max-width: 1024px) 100vw, 1024px\" \/><\/a><figcaption class=\"wp-element-caption\">Zaunammer, Buechhalde Seltisberg, 22.05.2021, Simon Keller<\/figcaption><\/figure>\n\n\n\n<figure class=\"wp-block-image size-large\"><a href=\"https:\/\/naturschutzsl.ch\/wp-content\/uploads\/2023\/10\/Kiebitze-Seltisberg-BL_24.9.2021.jpg\"><img loading=\"lazy\" decoding=\"async\" width=\"1024\" height=\"827\" data-id=\"1353\" src=\"https:\/\/naturschutzsl.ch\/wp-content\/uploads\/2023\/10\/Kiebitze-Seltisberg-BL_24.9.2021-1024x827.jpg\" alt=\"\" class=\"wp-image-1353\" srcset=\"https:\/\/naturschutzsl.ch\/wp-content\/uploads\/2023\/10\/Kiebitze-Seltisberg-BL_24.9.2021-1024x827.jpg 1024w, https:\/\/naturschutzsl.ch\/wp-content\/uploads\/2023\/10\/Kiebitze-Seltisberg-BL_24.9.2021-300x242.jpg 300w, https:\/\/naturschutzsl.ch\/wp-content\/uploads\/2023\/10\/Kiebitze-Seltisberg-BL_24.9.2021-768x620.jpg 768w, https:\/\/naturschutzsl.ch\/wp-content\/uploads\/2023\/10\/Kiebitze-Seltisberg-BL_24.9.2021-1536x1241.jpg 1536w, https:\/\/naturschutzsl.ch\/wp-content\/uploads\/2023\/10\/Kiebitze-Seltisberg-BL_24.9.2021-2048x1654.jpg 2048w, https:\/\/naturschutzsl.ch\/wp-content\/uploads\/2023\/10\/Kiebitze-Seltisberg-BL_24.9.2021-150x121.jpg 150w\" sizes=\"auto, (max-width: 1024px) 100vw, 1024px\" \/><\/a><figcaption class=\"wp-element-caption\">Kiebitze, Hinterd\u00fcrr Seltisberg, 24.9.2021, Simon Keller<\/figcaption><\/figure>\n\n\n\n<figure class=\"wp-block-image size-large\"><a href=\"https:\/\/naturschutzsl.ch\/wp-content\/uploads\/2023\/10\/Orpheusspoetter-m-Seltisberg-BL_10.06.2021.jpg\"><img loading=\"lazy\" decoding=\"async\" width=\"1024\" height=\"907\" data-id=\"1361\" src=\"https:\/\/naturschutzsl.ch\/wp-content\/uploads\/2023\/10\/Orpheusspoetter-m-Seltisberg-BL_10.06.2021-1024x907.jpg\" alt=\"\" class=\"wp-image-1361\" srcset=\"https:\/\/naturschutzsl.ch\/wp-content\/uploads\/2023\/10\/Orpheusspoetter-m-Seltisberg-BL_10.06.2021-1024x907.jpg 1024w, https:\/\/naturschutzsl.ch\/wp-content\/uploads\/2023\/10\/Orpheusspoetter-m-Seltisberg-BL_10.06.2021-300x266.jpg 300w, https:\/\/naturschutzsl.ch\/wp-content\/uploads\/2023\/10\/Orpheusspoetter-m-Seltisberg-BL_10.06.2021-768x680.jpg 768w, https:\/\/naturschutzsl.ch\/wp-content\/uploads\/2023\/10\/Orpheusspoetter-m-Seltisberg-BL_10.06.2021-1536x1360.jpg 1536w, https:\/\/naturschutzsl.ch\/wp-content\/uploads\/2023\/10\/Orpheusspoetter-m-Seltisberg-BL_10.06.2021-2048x1814.jpg 2048w, https:\/\/naturschutzsl.ch\/wp-content\/uploads\/2023\/10\/Orpheusspoetter-m-Seltisberg-BL_10.06.2021-150x133.jpg 150w\" sizes=\"auto, (max-width: 1024px) 100vw, 1024px\" \/><\/a><figcaption class=\"wp-element-caption\">Orpheussp\u00f6tter m, Seltisberg BL, 10.06.2021, Simon Keller<\/figcaption><\/figure>\n\n\n\n<figure class=\"wp-block-image size-large\"><a href=\"https:\/\/naturschutzsl.ch\/wp-content\/uploads\/2023\/11\/Brillenenten-m-Collage-CH-1.Nachweis-in-Genf-24.11.2023.jpg\"><img loading=\"lazy\" decoding=\"async\" width=\"1024\" height=\"576\" data-id=\"1415\" src=\"https:\/\/naturschutzsl.ch\/wp-content\/uploads\/2023\/11\/Brillenenten-m-Collage-CH-1.Nachweis-in-Genf-24.11.2023-1024x576.jpg\" alt=\"\" class=\"wp-image-1415\" srcset=\"https:\/\/naturschutzsl.ch\/wp-content\/uploads\/2023\/11\/Brillenenten-m-Collage-CH-1.Nachweis-in-Genf-24.11.2023-1024x576.jpg 1024w, https:\/\/naturschutzsl.ch\/wp-content\/uploads\/2023\/11\/Brillenenten-m-Collage-CH-1.Nachweis-in-Genf-24.11.2023-300x169.jpg 300w, https:\/\/naturschutzsl.ch\/wp-content\/uploads\/2023\/11\/Brillenenten-m-Collage-CH-1.Nachweis-in-Genf-24.11.2023-768x432.jpg 768w, https:\/\/naturschutzsl.ch\/wp-content\/uploads\/2023\/11\/Brillenenten-m-Collage-CH-1.Nachweis-in-Genf-24.11.2023-150x84.jpg 150w, https:\/\/naturschutzsl.ch\/wp-content\/uploads\/2023\/11\/Brillenenten-m-Collage-CH-1.Nachweis-in-Genf-24.11.2023.jpg 1280w\" sizes=\"auto, (max-width: 1024px) 100vw, 1024px\" \/><\/a><figcaption class=\"wp-element-caption\">Brillenenten m aus Amerika, CH 1.Nachweis in Genf, 24.11.2023, Simon Keller<\/figcaption><\/figure>\n\n\n\n<figure class=\"wp-block-image size-large\"><a href=\"https:\/\/naturschutzsl.ch\/wp-content\/uploads\/2024\/01\/Kleine-Bergente-ad.-m-Maerkter-Stau-D-und-Dreilaendereck-21.01.2024-scaled.jpg\"><img loading=\"lazy\" decoding=\"async\" width=\"1024\" height=\"754\" data-id=\"1436\" src=\"https:\/\/naturschutzsl.ch\/wp-content\/uploads\/2024\/01\/Kleine-Bergente-ad.-m-Maerkter-Stau-D-und-Dreilaendereck-21.01.2024-1024x754.jpg\" alt=\"\" class=\"wp-image-1436\" srcset=\"https:\/\/naturschutzsl.ch\/wp-content\/uploads\/2024\/01\/Kleine-Bergente-ad.-m-Maerkter-Stau-D-und-Dreilaendereck-21.01.2024-1024x754.jpg 1024w, https:\/\/naturschutzsl.ch\/wp-content\/uploads\/2024\/01\/Kleine-Bergente-ad.-m-Maerkter-Stau-D-und-Dreilaendereck-21.01.2024-300x221.jpg 300w, https:\/\/naturschutzsl.ch\/wp-content\/uploads\/2024\/01\/Kleine-Bergente-ad.-m-Maerkter-Stau-D-und-Dreilaendereck-21.01.2024-768x565.jpg 768w, https:\/\/naturschutzsl.ch\/wp-content\/uploads\/2024\/01\/Kleine-Bergente-ad.-m-Maerkter-Stau-D-und-Dreilaendereck-21.01.2024-1536x1131.jpg 1536w, https:\/\/naturschutzsl.ch\/wp-content\/uploads\/2024\/01\/Kleine-Bergente-ad.-m-Maerkter-Stau-D-und-Dreilaendereck-21.01.2024-2048x1507.jpg 2048w, https:\/\/naturschutzsl.ch\/wp-content\/uploads\/2024\/01\/Kleine-Bergente-ad.-m-Maerkter-Stau-D-und-Dreilaendereck-21.01.2024-150x110.jpg 150w\" sizes=\"auto, (max-width: 1024px) 100vw, 1024px\" \/><\/a><figcaption class=\"wp-element-caption\">Kleine Bergente ad. m aus Nordamerika, Dreil\u00e4ndereck 21.01.2024, Simon Keller<\/figcaption><\/figure>\n\n\n\n<figure class=\"wp-block-image size-large\"><a href=\"https:\/\/naturschutzsl.ch\/wp-content\/uploads\/2023\/11\/Drosseluferlaeufer-Collage-Genf-24.11.2023_S.Keller.jpg\"><img loading=\"lazy\" decoding=\"async\" width=\"1024\" height=\"576\" data-id=\"1419\" src=\"https:\/\/naturschutzsl.ch\/wp-content\/uploads\/2023\/11\/Drosseluferlaeufer-Collage-Genf-24.11.2023_S.Keller-1024x576.jpg\" alt=\"\" class=\"wp-image-1419\" srcset=\"https:\/\/naturschutzsl.ch\/wp-content\/uploads\/2023\/11\/Drosseluferlaeufer-Collage-Genf-24.11.2023_S.Keller-1024x576.jpg 1024w, https:\/\/naturschutzsl.ch\/wp-content\/uploads\/2023\/11\/Drosseluferlaeufer-Collage-Genf-24.11.2023_S.Keller-300x169.jpg 300w, https:\/\/naturschutzsl.ch\/wp-content\/uploads\/2023\/11\/Drosseluferlaeufer-Collage-Genf-24.11.2023_S.Keller-768x432.jpg 768w, https:\/\/naturschutzsl.ch\/wp-content\/uploads\/2023\/11\/Drosseluferlaeufer-Collage-Genf-24.11.2023_S.Keller-150x84.jpg 150w, https:\/\/naturschutzsl.ch\/wp-content\/uploads\/2023\/11\/Drosseluferlaeufer-Collage-Genf-24.11.2023_S.Keller.jpg 1280w\" sizes=\"auto, (max-width: 1024px) 100vw, 1024px\" \/><\/a><figcaption class=\"wp-element-caption\">Drosseluferl\u00e4ufer aus Amerika in Genf, 24.11.2023, Simon Keller<\/figcaption><\/figure>\n\n\n\n<figure class=\"wp-block-image size-large\"><a href=\"https:\/\/naturschutzsl.ch\/wp-content\/uploads\/2023\/10\/Pallassschwarzkehlchen_26.10.2023-Oberer-Chatzensee-ZH.jpg\"><img loading=\"lazy\" decoding=\"async\" width=\"1024\" height=\"660\" data-id=\"1303\" src=\"https:\/\/naturschutzsl.ch\/wp-content\/uploads\/2023\/10\/Pallassschwarzkehlchen_26.10.2023-Oberer-Chatzensee-ZH-1024x660.jpg\" alt=\"\" class=\"wp-image-1303\" srcset=\"https:\/\/naturschutzsl.ch\/wp-content\/uploads\/2023\/10\/Pallassschwarzkehlchen_26.10.2023-Oberer-Chatzensee-ZH-1024x660.jpg 1024w, https:\/\/naturschutzsl.ch\/wp-content\/uploads\/2023\/10\/Pallassschwarzkehlchen_26.10.2023-Oberer-Chatzensee-ZH-300x193.jpg 300w, https:\/\/naturschutzsl.ch\/wp-content\/uploads\/2023\/10\/Pallassschwarzkehlchen_26.10.2023-Oberer-Chatzensee-ZH-768x495.jpg 768w, https:\/\/naturschutzsl.ch\/wp-content\/uploads\/2023\/10\/Pallassschwarzkehlchen_26.10.2023-Oberer-Chatzensee-ZH-150x97.jpg 150w, https:\/\/naturschutzsl.ch\/wp-content\/uploads\/2023\/10\/Pallassschwarzkehlchen_26.10.2023-Oberer-Chatzensee-ZH.jpg 1117w\" sizes=\"auto, (max-width: 1024px) 100vw, 1024px\" \/><\/a><figcaption class=\"wp-element-caption\">Pallassschwarzkehlchen, CH 1.Nachweis, Chatzensee ZH, Simon Keller<\/figcaption><\/figure>\n\n\n\n<figure class=\"wp-block-image size-large\"><a href=\"https:\/\/naturschutzsl.ch\/wp-content\/uploads\/2024\/03\/Zwergammer-m-Denges-VD-29.03.2024-scaled.jpg\"><img loading=\"lazy\" decoding=\"async\" width=\"1024\" height=\"760\" data-id=\"1495\" src=\"https:\/\/naturschutzsl.ch\/wp-content\/uploads\/2024\/03\/Zwergammer-m-Denges-VD-29.03.2024-1024x760.jpg\" alt=\"\" class=\"wp-image-1495\" srcset=\"https:\/\/naturschutzsl.ch\/wp-content\/uploads\/2024\/03\/Zwergammer-m-Denges-VD-29.03.2024-1024x760.jpg 1024w, https:\/\/naturschutzsl.ch\/wp-content\/uploads\/2024\/03\/Zwergammer-m-Denges-VD-29.03.2024-300x223.jpg 300w, https:\/\/naturschutzsl.ch\/wp-content\/uploads\/2024\/03\/Zwergammer-m-Denges-VD-29.03.2024-768x570.jpg 768w, https:\/\/naturschutzsl.ch\/wp-content\/uploads\/2024\/03\/Zwergammer-m-Denges-VD-29.03.2024-1536x1140.jpg 1536w, https:\/\/naturschutzsl.ch\/wp-content\/uploads\/2024\/03\/Zwergammer-m-Denges-VD-29.03.2024-2048x1519.jpg 2048w, https:\/\/naturschutzsl.ch\/wp-content\/uploads\/2024\/03\/Zwergammer-m-Denges-VD-29.03.2024-150x111.jpg 150w\" sizes=\"auto, (max-width: 1024px) 100vw, 1024px\" \/><\/a><figcaption class=\"wp-element-caption\">Zwergammer m, Irrgast aus dem Norden bei Denges VD, 29.03.2024, Simon Keller<\/figcaption><\/figure>\n\n\n\n<figure class=\"wp-block-image size-large\"><a href=\"https:\/\/naturschutzsl.ch\/wp-content\/uploads\/2023\/10\/Sichler-Mittlere-Au-PCA-F_12.06.2023-scaled.jpg\"><img loading=\"lazy\" decoding=\"async\" width=\"1024\" height=\"768\" data-id=\"1294\" src=\"https:\/\/naturschutzsl.ch\/wp-content\/uploads\/2023\/10\/Sichler-Mittlere-Au-PCA-F_12.06.2023-1024x768.jpg\" alt=\"\" class=\"wp-image-1294\" srcset=\"https:\/\/naturschutzsl.ch\/wp-content\/uploads\/2023\/10\/Sichler-Mittlere-Au-PCA-F_12.06.2023-1024x768.jpg 1024w, https:\/\/naturschutzsl.ch\/wp-content\/uploads\/2023\/10\/Sichler-Mittlere-Au-PCA-F_12.06.2023-300x225.jpg 300w, https:\/\/naturschutzsl.ch\/wp-content\/uploads\/2023\/10\/Sichler-Mittlere-Au-PCA-F_12.06.2023-768x576.jpg 768w, https:\/\/naturschutzsl.ch\/wp-content\/uploads\/2023\/10\/Sichler-Mittlere-Au-PCA-F_12.06.2023-1536x1152.jpg 1536w, https:\/\/naturschutzsl.ch\/wp-content\/uploads\/2023\/10\/Sichler-Mittlere-Au-PCA-F_12.06.2023-2048x1536.jpg 2048w, https:\/\/naturschutzsl.ch\/wp-content\/uploads\/2023\/10\/Sichler-Mittlere-Au-PCA-F_12.06.2023-150x113.jpg 150w\" sizes=\"auto, (max-width: 1024px) 100vw, 1024px\" \/><\/a><figcaption class=\"wp-element-caption\">Sichler, Petite Camargue F, 12.06.2023, Simon Keller<\/figcaption><\/figure>\n\n\n\n<figure class=\"wp-block-image size-large\"><a href=\"https:\/\/naturschutzsl.ch\/wp-content\/uploads\/2023\/10\/Weidengelbkehlchen-m-1.Kj-Magadino-TI-30.10.2022.jpg\"><img loading=\"lazy\" decoding=\"async\" width=\"1024\" height=\"998\" data-id=\"1304\" src=\"https:\/\/naturschutzsl.ch\/wp-content\/uploads\/2023\/10\/Weidengelbkehlchen-m-1.Kj-Magadino-TI-30.10.2022-1024x998.jpg\" alt=\"\" class=\"wp-image-1304\" srcset=\"https:\/\/naturschutzsl.ch\/wp-content\/uploads\/2023\/10\/Weidengelbkehlchen-m-1.Kj-Magadino-TI-30.10.2022-1024x998.jpg 1024w, https:\/\/naturschutzsl.ch\/wp-content\/uploads\/2023\/10\/Weidengelbkehlchen-m-1.Kj-Magadino-TI-30.10.2022-300x292.jpg 300w, https:\/\/naturschutzsl.ch\/wp-content\/uploads\/2023\/10\/Weidengelbkehlchen-m-1.Kj-Magadino-TI-30.10.2022-768x749.jpg 768w, https:\/\/naturschutzsl.ch\/wp-content\/uploads\/2023\/10\/Weidengelbkehlchen-m-1.Kj-Magadino-TI-30.10.2022-1536x1498.jpg 1536w, https:\/\/naturschutzsl.ch\/wp-content\/uploads\/2023\/10\/Weidengelbkehlchen-m-1.Kj-Magadino-TI-30.10.2022-2048x1997.jpg 2048w, https:\/\/naturschutzsl.ch\/wp-content\/uploads\/2023\/10\/Weidengelbkehlchen-m-1.Kj-Magadino-TI-30.10.2022-150x146.jpg 150w\" sizes=\"auto, (max-width: 1024px) 100vw, 1024px\" \/><\/a><figcaption class=\"wp-element-caption\">Weidengelbkehlchen m 1.Kj, CH 1.Nachweis, Magadino TI, 30.10.2022, Simon Keller<\/figcaption><\/figure>\n\n\n\n<figure class=\"wp-block-image size-large\"><a href=\"https:\/\/naturschutzsl.ch\/wp-content\/uploads\/2024\/02\/Eismoewen-Collage-Fessenheim-F-25.02.2024.jpg\"><img loading=\"lazy\" decoding=\"async\" width=\"871\" height=\"651\" data-id=\"1444\" src=\"https:\/\/naturschutzsl.ch\/wp-content\/uploads\/2024\/02\/Eismoewen-Collage-Fessenheim-F-25.02.2024.jpg\" alt=\"\" class=\"wp-image-1444\" srcset=\"https:\/\/naturschutzsl.ch\/wp-content\/uploads\/2024\/02\/Eismoewen-Collage-Fessenheim-F-25.02.2024.jpg 871w, https:\/\/naturschutzsl.ch\/wp-content\/uploads\/2024\/02\/Eismoewen-Collage-Fessenheim-F-25.02.2024-300x224.jpg 300w, https:\/\/naturschutzsl.ch\/wp-content\/uploads\/2024\/02\/Eismoewen-Collage-Fessenheim-F-25.02.2024-768x574.jpg 768w, https:\/\/naturschutzsl.ch\/wp-content\/uploads\/2024\/02\/Eismoewen-Collage-Fessenheim-F-25.02.2024-150x112.jpg 150w\" sizes=\"auto, (max-width: 871px) 100vw, 871px\" \/><\/a><figcaption class=\"wp-element-caption\">Eism\u00f6we als seltener Irrgast n\u00f6rdlich von Basel bei Fessenheim F, 25.02.2024, Simon Keller<\/figcaption><\/figure>\n\n\n\n<figure class=\"wp-block-image size-large\"><a href=\"https:\/\/naturschutzsl.ch\/wp-content\/uploads\/2024\/03\/Gleitaar-Collage-Moehlin-AG-15.03.2024.jpg\"><img loading=\"lazy\" decoding=\"async\" width=\"941\" height=\"679\" data-id=\"1478\" src=\"https:\/\/naturschutzsl.ch\/wp-content\/uploads\/2024\/03\/Gleitaar-Collage-Moehlin-AG-15.03.2024.jpg\" alt=\"\" class=\"wp-image-1478\" srcset=\"https:\/\/naturschutzsl.ch\/wp-content\/uploads\/2024\/03\/Gleitaar-Collage-Moehlin-AG-15.03.2024.jpg 941w, https:\/\/naturschutzsl.ch\/wp-content\/uploads\/2024\/03\/Gleitaar-Collage-Moehlin-AG-15.03.2024-300x216.jpg 300w, https:\/\/naturschutzsl.ch\/wp-content\/uploads\/2024\/03\/Gleitaar-Collage-Moehlin-AG-15.03.2024-768x554.jpg 768w, https:\/\/naturschutzsl.ch\/wp-content\/uploads\/2024\/03\/Gleitaar-Collage-Moehlin-AG-15.03.2024-150x108.jpg 150w\" sizes=\"auto, (max-width: 941px) 100vw, 941px\" \/><\/a><figcaption class=\"wp-element-caption\">Gleitaar, Irrgast aus dem S\u00fcden in M\u00f6hlin AG am 15.03.2024, Simon Keller<\/figcaption><\/figure>\n\n\n\n<figure class=\"wp-block-image size-large\"><a href=\"https:\/\/naturschutzsl.ch\/wp-content\/uploads\/2024\/04\/Roetelschwalbe-Gwild-Rheinfelden-AG-21.04.2024.jpg\"><img loading=\"lazy\" decoding=\"async\" width=\"543\" height=\"720\" data-id=\"1512\" src=\"https:\/\/naturschutzsl.ch\/wp-content\/uploads\/2024\/04\/Roetelschwalbe-Gwild-Rheinfelden-AG-21.04.2024.jpg\" alt=\"\" class=\"wp-image-1512\" srcset=\"https:\/\/naturschutzsl.ch\/wp-content\/uploads\/2024\/04\/Roetelschwalbe-Gwild-Rheinfelden-AG-21.04.2024.jpg 543w, https:\/\/naturschutzsl.ch\/wp-content\/uploads\/2024\/04\/Roetelschwalbe-Gwild-Rheinfelden-AG-21.04.2024-226x300.jpg 226w, https:\/\/naturschutzsl.ch\/wp-content\/uploads\/2024\/04\/Roetelschwalbe-Gwild-Rheinfelden-AG-21.04.2024-113x150.jpg 113w\" sizes=\"auto, (max-width: 543px) 100vw, 543px\" \/><\/a><figcaption class=\"wp-element-caption\">R\u00f6telschwalbe bei Rheinfelden AG, 21.04.2024, Simon Keller<\/figcaption><\/figure>\n\n\n\n<figure class=\"wp-block-image size-large\"><a href=\"https:\/\/naturschutzsl.ch\/wp-content\/uploads\/2024\/04\/Isabellsteinschmaetzer-Collage-Neerach-ZH-28.04.2024.jpg\"><img loading=\"lazy\" decoding=\"async\" width=\"752\" height=\"720\" data-id=\"1516\" src=\"https:\/\/naturschutzsl.ch\/wp-content\/uploads\/2024\/04\/Isabellsteinschmaetzer-Collage-Neerach-ZH-28.04.2024.jpg\" alt=\"\" class=\"wp-image-1516\" srcset=\"https:\/\/naturschutzsl.ch\/wp-content\/uploads\/2024\/04\/Isabellsteinschmaetzer-Collage-Neerach-ZH-28.04.2024.jpg 752w, https:\/\/naturschutzsl.ch\/wp-content\/uploads\/2024\/04\/Isabellsteinschmaetzer-Collage-Neerach-ZH-28.04.2024-300x287.jpg 300w, https:\/\/naturschutzsl.ch\/wp-content\/uploads\/2024\/04\/Isabellsteinschmaetzer-Collage-Neerach-ZH-28.04.2024-150x144.jpg 150w\" sizes=\"auto, (max-width: 752px) 100vw, 752px\" \/><\/a><figcaption class=\"wp-element-caption\">Isabellsteinschm\u00e4tzer, 2.CH-Nachweis Neerach ZH, 28.04.2024_Simon Keller<\/figcaption><\/figure>\n\n\n\n<figure class=\"wp-block-image size-large\"><a href=\"https:\/\/naturschutzsl.ch\/wp-content\/uploads\/2024\/05\/Buschrohrsaenger-Collage-Muentschemier-BE-28.05.2024_Simon-Keller.jpg\"><img loading=\"lazy\" decoding=\"async\" width=\"1024\" height=\"684\" data-id=\"1552\" src=\"https:\/\/naturschutzsl.ch\/wp-content\/uploads\/2024\/05\/Buschrohrsaenger-Collage-Muentschemier-BE-28.05.2024_Simon-Keller-1024x684.jpg\" alt=\"\" class=\"wp-image-1552\" srcset=\"https:\/\/naturschutzsl.ch\/wp-content\/uploads\/2024\/05\/Buschrohrsaenger-Collage-Muentschemier-BE-28.05.2024_Simon-Keller-1024x684.jpg 1024w, https:\/\/naturschutzsl.ch\/wp-content\/uploads\/2024\/05\/Buschrohrsaenger-Collage-Muentschemier-BE-28.05.2024_Simon-Keller-300x200.jpg 300w, https:\/\/naturschutzsl.ch\/wp-content\/uploads\/2024\/05\/Buschrohrsaenger-Collage-Muentschemier-BE-28.05.2024_Simon-Keller-768x513.jpg 768w, https:\/\/naturschutzsl.ch\/wp-content\/uploads\/2024\/05\/Buschrohrsaenger-Collage-Muentschemier-BE-28.05.2024_Simon-Keller-150x100.jpg 150w, https:\/\/naturschutzsl.ch\/wp-content\/uploads\/2024\/05\/Buschrohrsaenger-Collage-Muentschemier-BE-28.05.2024_Simon-Keller-375x250.jpg 375w, https:\/\/naturschutzsl.ch\/wp-content\/uploads\/2024\/05\/Buschrohrsaenger-Collage-Muentschemier-BE-28.05.2024_Simon-Keller.jpg 1078w\" sizes=\"auto, (max-width: 1024px) 100vw, 1024px\" \/><\/a><figcaption class=\"wp-element-caption\">Buschrohrs\u00e4nger, M\u00fcntschemier BE, 28.05.2024_Simon Keller<\/figcaption><\/figure>\n\n\n\n<figure class=\"wp-block-image size-large\"><a href=\"https:\/\/naturschutzsl.ch\/wp-content\/uploads\/2024\/06\/Schlangenadler-Collage-Isteiner-Klotz-D-30.06.2024.jpg\"><img loading=\"lazy\" decoding=\"async\" width=\"1024\" height=\"678\" data-id=\"1579\" src=\"https:\/\/naturschutzsl.ch\/wp-content\/uploads\/2024\/06\/Schlangenadler-Collage-Isteiner-Klotz-D-30.06.2024-1024x678.jpg\" alt=\"\" class=\"wp-image-1579\" srcset=\"https:\/\/naturschutzsl.ch\/wp-content\/uploads\/2024\/06\/Schlangenadler-Collage-Isteiner-Klotz-D-30.06.2024-1024x678.jpg 1024w, https:\/\/naturschutzsl.ch\/wp-content\/uploads\/2024\/06\/Schlangenadler-Collage-Isteiner-Klotz-D-30.06.2024-300x199.jpg 300w, https:\/\/naturschutzsl.ch\/wp-content\/uploads\/2024\/06\/Schlangenadler-Collage-Isteiner-Klotz-D-30.06.2024-768x509.jpg 768w, https:\/\/naturschutzsl.ch\/wp-content\/uploads\/2024\/06\/Schlangenadler-Collage-Isteiner-Klotz-D-30.06.2024-150x99.jpg 150w, https:\/\/naturschutzsl.ch\/wp-content\/uploads\/2024\/06\/Schlangenadler-Collage-Isteiner-Klotz-D-30.06.2024.jpg 1087w\" sizes=\"auto, (max-width: 1024px) 100vw, 1024px\" \/><\/a><figcaption class=\"wp-element-caption\">Schlangenadler beim Isteiner Klotz D, 30.6.2024, Simon Keller<\/figcaption><\/figure>\n\n\n\n<figure class=\"wp-block-image size-large\"><a href=\"https:\/\/naturschutzsl.ch\/wp-content\/uploads\/2024\/12\/Austernfischer-Birsmuendung-Birsfelden-BS-BL-6.10.2024-scaled.jpg\"><img loading=\"lazy\" decoding=\"async\" width=\"1024\" height=\"768\" data-id=\"1695\" src=\"https:\/\/naturschutzsl.ch\/wp-content\/uploads\/2024\/12\/Austernfischer-Birsmuendung-Birsfelden-BS-BL-6.10.2024-1024x768.jpg\" alt=\"\" class=\"wp-image-1695\" srcset=\"https:\/\/naturschutzsl.ch\/wp-content\/uploads\/2024\/12\/Austernfischer-Birsmuendung-Birsfelden-BS-BL-6.10.2024-1024x768.jpg 1024w, https:\/\/naturschutzsl.ch\/wp-content\/uploads\/2024\/12\/Austernfischer-Birsmuendung-Birsfelden-BS-BL-6.10.2024-300x225.jpg 300w, https:\/\/naturschutzsl.ch\/wp-content\/uploads\/2024\/12\/Austernfischer-Birsmuendung-Birsfelden-BS-BL-6.10.2024-768x576.jpg 768w, https:\/\/naturschutzsl.ch\/wp-content\/uploads\/2024\/12\/Austernfischer-Birsmuendung-Birsfelden-BS-BL-6.10.2024-1536x1152.jpg 1536w, https:\/\/naturschutzsl.ch\/wp-content\/uploads\/2024\/12\/Austernfischer-Birsmuendung-Birsfelden-BS-BL-6.10.2024-2048x1536.jpg 2048w, https:\/\/naturschutzsl.ch\/wp-content\/uploads\/2024\/12\/Austernfischer-Birsmuendung-Birsfelden-BS-BL-6.10.2024-150x113.jpg 150w\" sizes=\"auto, (max-width: 1024px) 100vw, 1024px\" \/><\/a><figcaption class=\"wp-element-caption\">Austerfischer an Birsm\u00fcndung, 06.10.2024_Simon Keller<\/figcaption><\/figure>\n\n\n\n<figure class=\"wp-block-image size-large\"><a href=\"https:\/\/naturschutzsl.ch\/wp-content\/uploads\/2026\/02\/Baermoorenten-w-Collage-Hauterive-NE-07.02.2026.jpg\"><img loading=\"lazy\" decoding=\"async\" width=\"1024\" height=\"641\" data-id=\"2063\" src=\"https:\/\/naturschutzsl.ch\/wp-content\/uploads\/2026\/02\/Baermoorenten-w-Collage-Hauterive-NE-07.02.2026-1024x641.jpg\" alt=\"\" class=\"wp-image-2063\" srcset=\"https:\/\/naturschutzsl.ch\/wp-content\/uploads\/2026\/02\/Baermoorenten-w-Collage-Hauterive-NE-07.02.2026-1024x641.jpg 1024w, https:\/\/naturschutzsl.ch\/wp-content\/uploads\/2026\/02\/Baermoorenten-w-Collage-Hauterive-NE-07.02.2026-300x188.jpg 300w, https:\/\/naturschutzsl.ch\/wp-content\/uploads\/2026\/02\/Baermoorenten-w-Collage-Hauterive-NE-07.02.2026-768x480.jpg 768w, https:\/\/naturschutzsl.ch\/wp-content\/uploads\/2026\/02\/Baermoorenten-w-Collage-Hauterive-NE-07.02.2026-150x94.jpg 150w, https:\/\/naturschutzsl.ch\/wp-content\/uploads\/2026\/02\/Baermoorenten-w-Collage-Hauterive-NE-07.02.2026.jpg 1151w\" sizes=\"auto, (max-width: 1024px) 100vw, 1024px\" \/><\/a><figcaption class=\"wp-element-caption\">Baermoorenten w unberingt, Hauterive NE, 07.02.2026_Simon Keller<\/figcaption><\/figure>\n\n\n\n<figure class=\"wp-block-image size-large\"><a href=\"https:\/\/naturschutzsl.ch\/wp-content\/uploads\/2023\/10\/Italienische-Schoenschrecke-Buechhalde-Seltisberg-BL-18.8.2023.jpg\"><img loading=\"lazy\" decoding=\"async\" width=\"1024\" height=\"983\" data-id=\"1273\" src=\"https:\/\/naturschutzsl.ch\/wp-content\/uploads\/2023\/10\/Italienische-Schoenschrecke-Buechhalde-Seltisberg-BL-18.8.2023-1024x983.jpg\" alt=\"\" class=\"wp-image-1273\" srcset=\"https:\/\/naturschutzsl.ch\/wp-content\/uploads\/2023\/10\/Italienische-Schoenschrecke-Buechhalde-Seltisberg-BL-18.8.2023-1024x983.jpg 1024w, https:\/\/naturschutzsl.ch\/wp-content\/uploads\/2023\/10\/Italienische-Schoenschrecke-Buechhalde-Seltisberg-BL-18.8.2023-300x288.jpg 300w, https:\/\/naturschutzsl.ch\/wp-content\/uploads\/2023\/10\/Italienische-Schoenschrecke-Buechhalde-Seltisberg-BL-18.8.2023-768x738.jpg 768w, https:\/\/naturschutzsl.ch\/wp-content\/uploads\/2023\/10\/Italienische-Schoenschrecke-Buechhalde-Seltisberg-BL-18.8.2023-150x144.jpg 150w, https:\/\/naturschutzsl.ch\/wp-content\/uploads\/2023\/10\/Italienische-Schoenschrecke-Buechhalde-Seltisberg-BL-18.8.2023.jpg 1111w\" sizes=\"auto, (max-width: 1024px) 100vw, 1024px\" \/><\/a><figcaption class=\"wp-element-caption\">Italienische Sch\u00f6nschrecke, Buechhalde Seltisberg, 18.08.2023, Simon Keller<\/figcaption><\/figure>\n\n\n\n<figure class=\"wp-block-image size-large\"><a href=\"https:\/\/naturschutzsl.ch\/wp-content\/uploads\/2023\/10\/Nachtigallen-Grashuepfer-rote-Morphe_-Buechhalde-Seltisberg-BL-08.2023-scaled.jpg\"><img loading=\"lazy\" decoding=\"async\" width=\"1024\" height=\"831\" data-id=\"1309\" src=\"https:\/\/naturschutzsl.ch\/wp-content\/uploads\/2023\/10\/Nachtigallen-Grashuepfer-rote-Morphe_-Buechhalde-Seltisberg-BL-08.2023-1024x831.jpg\" alt=\"\" class=\"wp-image-1309\" srcset=\"https:\/\/naturschutzsl.ch\/wp-content\/uploads\/2023\/10\/Nachtigallen-Grashuepfer-rote-Morphe_-Buechhalde-Seltisberg-BL-08.2023-1024x831.jpg 1024w, https:\/\/naturschutzsl.ch\/wp-content\/uploads\/2023\/10\/Nachtigallen-Grashuepfer-rote-Morphe_-Buechhalde-Seltisberg-BL-08.2023-300x243.jpg 300w, https:\/\/naturschutzsl.ch\/wp-content\/uploads\/2023\/10\/Nachtigallen-Grashuepfer-rote-Morphe_-Buechhalde-Seltisberg-BL-08.2023-768x623.jpg 768w, https:\/\/naturschutzsl.ch\/wp-content\/uploads\/2023\/10\/Nachtigallen-Grashuepfer-rote-Morphe_-Buechhalde-Seltisberg-BL-08.2023-1536x1247.jpg 1536w, https:\/\/naturschutzsl.ch\/wp-content\/uploads\/2023\/10\/Nachtigallen-Grashuepfer-rote-Morphe_-Buechhalde-Seltisberg-BL-08.2023-2048x1662.jpg 2048w, https:\/\/naturschutzsl.ch\/wp-content\/uploads\/2023\/10\/Nachtigallen-Grashuepfer-rote-Morphe_-Buechhalde-Seltisberg-BL-08.2023-150x122.jpg 150w\" sizes=\"auto, (max-width: 1024px) 100vw, 1024px\" \/><\/a><figcaption class=\"wp-element-caption\">Nachtigallen-Grash\u00fcpfer rote Morphe, Buechhalde Seltisberg, 08.2023, Simon Keller<\/figcaption><\/figure>\n\n\n\n<figure class=\"wp-block-image size-large\"><a href=\"https:\/\/naturschutzsl.ch\/wp-content\/uploads\/2023\/10\/Blauflueglige-Sandschrecke-Buechhalde-Seltisberg-BL_24.07.2022.jpg\"><img loading=\"lazy\" decoding=\"async\" width=\"1024\" height=\"766\" data-id=\"1275\" src=\"https:\/\/naturschutzsl.ch\/wp-content\/uploads\/2023\/10\/Blauflueglige-Sandschrecke-Buechhalde-Seltisberg-BL_24.07.2022-1024x766.jpg\" alt=\"\" class=\"wp-image-1275\" srcset=\"https:\/\/naturschutzsl.ch\/wp-content\/uploads\/2023\/10\/Blauflueglige-Sandschrecke-Buechhalde-Seltisberg-BL_24.07.2022-1024x766.jpg 1024w, https:\/\/naturschutzsl.ch\/wp-content\/uploads\/2023\/10\/Blauflueglige-Sandschrecke-Buechhalde-Seltisberg-BL_24.07.2022-300x224.jpg 300w, https:\/\/naturschutzsl.ch\/wp-content\/uploads\/2023\/10\/Blauflueglige-Sandschrecke-Buechhalde-Seltisberg-BL_24.07.2022-768x575.jpg 768w, https:\/\/naturschutzsl.ch\/wp-content\/uploads\/2023\/10\/Blauflueglige-Sandschrecke-Buechhalde-Seltisberg-BL_24.07.2022-150x112.jpg 150w, https:\/\/naturschutzsl.ch\/wp-content\/uploads\/2023\/10\/Blauflueglige-Sandschrecke-Buechhalde-Seltisberg-BL_24.07.2022.jpg 1442w\" sizes=\"auto, (max-width: 1024px) 100vw, 1024px\" \/><\/a><figcaption class=\"wp-element-caption\">Blaufl\u00fcglige Sandschrecke, Buechhalde Seltisberg BL_24.07.2022, Simon Keller<\/figcaption><\/figure>\n\n\n\n<figure class=\"wp-block-image size-large\"><a href=\"https:\/\/naturschutzsl.ch\/wp-content\/uploads\/2023\/10\/Gottesanbeterin-Buechhalde-Seltisberg-BL_12.09.2023-scaled.jpg\"><img loading=\"lazy\" decoding=\"async\" width=\"1024\" height=\"768\" data-id=\"1289\" src=\"https:\/\/naturschutzsl.ch\/wp-content\/uploads\/2023\/10\/Gottesanbeterin-Buechhalde-Seltisberg-BL_12.09.2023-1024x768.jpg\" alt=\"\" class=\"wp-image-1289\" srcset=\"https:\/\/naturschutzsl.ch\/wp-content\/uploads\/2023\/10\/Gottesanbeterin-Buechhalde-Seltisberg-BL_12.09.2023-1024x768.jpg 1024w, https:\/\/naturschutzsl.ch\/wp-content\/uploads\/2023\/10\/Gottesanbeterin-Buechhalde-Seltisberg-BL_12.09.2023-300x225.jpg 300w, https:\/\/naturschutzsl.ch\/wp-content\/uploads\/2023\/10\/Gottesanbeterin-Buechhalde-Seltisberg-BL_12.09.2023-768x576.jpg 768w, https:\/\/naturschutzsl.ch\/wp-content\/uploads\/2023\/10\/Gottesanbeterin-Buechhalde-Seltisberg-BL_12.09.2023-1536x1152.jpg 1536w, https:\/\/naturschutzsl.ch\/wp-content\/uploads\/2023\/10\/Gottesanbeterin-Buechhalde-Seltisberg-BL_12.09.2023-2048x1536.jpg 2048w, https:\/\/naturschutzsl.ch\/wp-content\/uploads\/2023\/10\/Gottesanbeterin-Buechhalde-Seltisberg-BL_12.09.2023-150x113.jpg 150w\" sizes=\"auto, (max-width: 1024px) 100vw, 1024px\" \/><\/a><figcaption class=\"wp-element-caption\">Gottesanbeterin, Buechhalde Seltisberg,12.09.2023, Simon Keller<\/figcaption><\/figure>\n\n\n\n<figure class=\"wp-block-image size-large\"><a href=\"https:\/\/naturschutzsl.ch\/wp-content\/uploads\/2024\/10\/Gottesanbeterin-Maya-Loew-2024_DSC9544.jpeg\"><img loading=\"lazy\" decoding=\"async\" width=\"682\" height=\"1024\" data-id=\"1658\" src=\"https:\/\/naturschutzsl.ch\/wp-content\/uploads\/2024\/10\/Gottesanbeterin-Maya-Loew-2024_DSC9544-682x1024.jpeg\" alt=\"\" class=\"wp-image-1658\" srcset=\"https:\/\/naturschutzsl.ch\/wp-content\/uploads\/2024\/10\/Gottesanbeterin-Maya-Loew-2024_DSC9544-682x1024.jpeg 682w, https:\/\/naturschutzsl.ch\/wp-content\/uploads\/2024\/10\/Gottesanbeterin-Maya-Loew-2024_DSC9544-200x300.jpeg 200w, https:\/\/naturschutzsl.ch\/wp-content\/uploads\/2024\/10\/Gottesanbeterin-Maya-Loew-2024_DSC9544-768x1152.jpeg 768w, https:\/\/naturschutzsl.ch\/wp-content\/uploads\/2024\/10\/Gottesanbeterin-Maya-Loew-2024_DSC9544-100x150.jpeg 100w, https:\/\/naturschutzsl.ch\/wp-content\/uploads\/2024\/10\/Gottesanbeterin-Maya-Loew-2024_DSC9544.jpeg 853w\" sizes=\"auto, (max-width: 682px) 100vw, 682px\" \/><\/a><figcaption class=\"wp-element-caption\">Gottesanbeterin, Maya L\u00f6w, Seltisberg 2024<\/figcaption><\/figure>\n\n\n\n<figure class=\"wp-block-image size-large\"><a href=\"https:\/\/naturschutzsl.ch\/wp-content\/uploads\/2025\/09\/DSCN4380.jpg\"><img loading=\"lazy\" decoding=\"async\" width=\"627\" height=\"1024\" data-id=\"2009\" src=\"https:\/\/naturschutzsl.ch\/wp-content\/uploads\/2025\/09\/DSCN4380-627x1024.jpg\" alt=\"\" class=\"wp-image-2009\" srcset=\"https:\/\/naturschutzsl.ch\/wp-content\/uploads\/2025\/09\/DSCN4380-627x1024.jpg 627w, https:\/\/naturschutzsl.ch\/wp-content\/uploads\/2025\/09\/DSCN4380-184x300.jpg 184w, https:\/\/naturschutzsl.ch\/wp-content\/uploads\/2025\/09\/DSCN4380-768x1255.jpg 768w, https:\/\/naturschutzsl.ch\/wp-content\/uploads\/2025\/09\/DSCN4380-940x1536.jpg 940w, https:\/\/naturschutzsl.ch\/wp-content\/uploads\/2025\/09\/DSCN4380-1253x2048.jpg 1253w, https:\/\/naturschutzsl.ch\/wp-content\/uploads\/2025\/09\/DSCN4380-92x150.jpg 92w, https:\/\/naturschutzsl.ch\/wp-content\/uploads\/2025\/09\/DSCN4380.jpg 1554w\" sizes=\"auto, (max-width: 627px) 100vw, 627px\" \/><\/a><figcaption class=\"wp-element-caption\">Gottesanbeterin, Buechhalde Seltisberg, 19.9.2025, Simon Keller<\/figcaption><\/figure>\n\n\n\n<figure class=\"wp-block-image size-large\"><a href=\"https:\/\/naturschutzsl.ch\/wp-content\/uploads\/2023\/10\/Hirschkaefer-m-Seltisberg-BL_06.2023-scaled.jpg\"><img loading=\"lazy\" decoding=\"async\" width=\"1024\" height=\"768\" data-id=\"1317\" src=\"https:\/\/naturschutzsl.ch\/wp-content\/uploads\/2023\/10\/Hirschkaefer-m-Seltisberg-BL_06.2023-1024x768.jpg\" alt=\"\" class=\"wp-image-1317\" srcset=\"https:\/\/naturschutzsl.ch\/wp-content\/uploads\/2023\/10\/Hirschkaefer-m-Seltisberg-BL_06.2023-1024x768.jpg 1024w, https:\/\/naturschutzsl.ch\/wp-content\/uploads\/2023\/10\/Hirschkaefer-m-Seltisberg-BL_06.2023-300x225.jpg 300w, https:\/\/naturschutzsl.ch\/wp-content\/uploads\/2023\/10\/Hirschkaefer-m-Seltisberg-BL_06.2023-768x576.jpg 768w, https:\/\/naturschutzsl.ch\/wp-content\/uploads\/2023\/10\/Hirschkaefer-m-Seltisberg-BL_06.2023-1536x1152.jpg 1536w, https:\/\/naturschutzsl.ch\/wp-content\/uploads\/2023\/10\/Hirschkaefer-m-Seltisberg-BL_06.2023-2048x1536.jpg 2048w, https:\/\/naturschutzsl.ch\/wp-content\/uploads\/2023\/10\/Hirschkaefer-m-Seltisberg-BL_06.2023-150x113.jpg 150w\" sizes=\"auto, (max-width: 1024px) 100vw, 1024px\" \/><\/a><figcaption class=\"wp-element-caption\">Hirschk\u00e4fer m, \u00f6stlich Schweini Seltisberg, 06.2023_Simon Keller<\/figcaption><\/figure>\n\n\n\n<figure class=\"wp-block-image size-large\"><a href=\"https:\/\/naturschutzsl.ch\/wp-content\/uploads\/2026\/03\/Grosser-Fuchs-Buechhalde-Seltisberg-BL-22.03.2026-Simon-Keller.jpg\"><img loading=\"lazy\" decoding=\"async\" width=\"1024\" height=\"739\" data-id=\"2125\" src=\"https:\/\/naturschutzsl.ch\/wp-content\/uploads\/2026\/03\/Grosser-Fuchs-Buechhalde-Seltisberg-BL-22.03.2026-Simon-Keller-1024x739.jpg\" alt=\"\" class=\"wp-image-2125\" srcset=\"https:\/\/naturschutzsl.ch\/wp-content\/uploads\/2026\/03\/Grosser-Fuchs-Buechhalde-Seltisberg-BL-22.03.2026-Simon-Keller-1024x739.jpg 1024w, https:\/\/naturschutzsl.ch\/wp-content\/uploads\/2026\/03\/Grosser-Fuchs-Buechhalde-Seltisberg-BL-22.03.2026-Simon-Keller-300x216.jpg 300w, https:\/\/naturschutzsl.ch\/wp-content\/uploads\/2026\/03\/Grosser-Fuchs-Buechhalde-Seltisberg-BL-22.03.2026-Simon-Keller-768x554.jpg 768w, https:\/\/naturschutzsl.ch\/wp-content\/uploads\/2026\/03\/Grosser-Fuchs-Buechhalde-Seltisberg-BL-22.03.2026-Simon-Keller-1536x1108.jpg 1536w, https:\/\/naturschutzsl.ch\/wp-content\/uploads\/2026\/03\/Grosser-Fuchs-Buechhalde-Seltisberg-BL-22.03.2026-Simon-Keller-150x108.jpg 150w, https:\/\/naturschutzsl.ch\/wp-content\/uploads\/2026\/03\/Grosser-Fuchs-Buechhalde-Seltisberg-BL-22.03.2026-Simon-Keller.jpg 1983w\" sizes=\"auto, (max-width: 1024px) 100vw, 1024px\" \/><\/a><figcaption class=\"wp-element-caption\">Grosser Fuchs, Buechhalde Seltisberg BL, 22.03.2026, Simon Keller<\/figcaption><\/figure>\n\n\n\n<figure class=\"wp-block-image size-large\"><a href=\"https:\/\/naturschutzsl.ch\/wp-content\/uploads\/2023\/10\/Kl.Eisvogel-Seltisberg-BL-07.2022-scaled.jpg\"><img loading=\"lazy\" decoding=\"async\" width=\"768\" height=\"1024\" data-id=\"1318\" src=\"https:\/\/naturschutzsl.ch\/wp-content\/uploads\/2023\/10\/Kl.Eisvogel-Seltisberg-BL-07.2022-768x1024.jpg\" alt=\"\" class=\"wp-image-1318\" srcset=\"https:\/\/naturschutzsl.ch\/wp-content\/uploads\/2023\/10\/Kl.Eisvogel-Seltisberg-BL-07.2022-768x1024.jpg 768w, https:\/\/naturschutzsl.ch\/wp-content\/uploads\/2023\/10\/Kl.Eisvogel-Seltisberg-BL-07.2022-225x300.jpg 225w, https:\/\/naturschutzsl.ch\/wp-content\/uploads\/2023\/10\/Kl.Eisvogel-Seltisberg-BL-07.2022-1152x1536.jpg 1152w, https:\/\/naturschutzsl.ch\/wp-content\/uploads\/2023\/10\/Kl.Eisvogel-Seltisberg-BL-07.2022-1536x2048.jpg 1536w, https:\/\/naturschutzsl.ch\/wp-content\/uploads\/2023\/10\/Kl.Eisvogel-Seltisberg-BL-07.2022-113x150.jpg 113w, https:\/\/naturschutzsl.ch\/wp-content\/uploads\/2023\/10\/Kl.Eisvogel-Seltisberg-BL-07.2022-scaled.jpg 1920w\" sizes=\"auto, (max-width: 768px) 100vw, 768px\" \/><\/a><figcaption class=\"wp-element-caption\">Kleiner Eisvogel, Seltisberg, 07.2022, Simon Keller<\/figcaption><\/figure>\n\n\n\n<figure class=\"wp-block-image size-large\"><a href=\"https:\/\/naturschutzsl.ch\/wp-content\/uploads\/2023\/10\/Grosser-Schillerfalter-Riedbachtaeli-Bubendorf-BL_24.6.2023-scaled.jpg\"><img loading=\"lazy\" decoding=\"async\" width=\"1024\" height=\"790\" data-id=\"1319\" src=\"https:\/\/naturschutzsl.ch\/wp-content\/uploads\/2023\/10\/Grosser-Schillerfalter-Riedbachtaeli-Bubendorf-BL_24.6.2023-1024x790.jpg\" alt=\"\" class=\"wp-image-1319\" srcset=\"https:\/\/naturschutzsl.ch\/wp-content\/uploads\/2023\/10\/Grosser-Schillerfalter-Riedbachtaeli-Bubendorf-BL_24.6.2023-1024x790.jpg 1024w, https:\/\/naturschutzsl.ch\/wp-content\/uploads\/2023\/10\/Grosser-Schillerfalter-Riedbachtaeli-Bubendorf-BL_24.6.2023-300x231.jpg 300w, https:\/\/naturschutzsl.ch\/wp-content\/uploads\/2023\/10\/Grosser-Schillerfalter-Riedbachtaeli-Bubendorf-BL_24.6.2023-768x593.jpg 768w, https:\/\/naturschutzsl.ch\/wp-content\/uploads\/2023\/10\/Grosser-Schillerfalter-Riedbachtaeli-Bubendorf-BL_24.6.2023-1536x1185.jpg 1536w, https:\/\/naturschutzsl.ch\/wp-content\/uploads\/2023\/10\/Grosser-Schillerfalter-Riedbachtaeli-Bubendorf-BL_24.6.2023-2048x1580.jpg 2048w, https:\/\/naturschutzsl.ch\/wp-content\/uploads\/2023\/10\/Grosser-Schillerfalter-Riedbachtaeli-Bubendorf-BL_24.6.2023-150x116.jpg 150w\" sizes=\"auto, (max-width: 1024px) 100vw, 1024px\" \/><\/a><figcaption class=\"wp-element-caption\">Grosser Schillerfalter, Riedbacht\u00e4li Bubendorf-Seltisberg, 24.6.2023, Simon Keller<\/figcaption><\/figure>\n\n\n\n<figure class=\"wp-block-image size-large\"><a href=\"https:\/\/naturschutzsl.ch\/wp-content\/uploads\/2023\/10\/Kl.Feuerfalter-Buechhalde-Seltisberg-BL_11.10.2022-scaled.jpg\"><img loading=\"lazy\" decoding=\"async\" width=\"1024\" height=\"849\" data-id=\"1328\" src=\"https:\/\/naturschutzsl.ch\/wp-content\/uploads\/2023\/10\/Kl.Feuerfalter-Buechhalde-Seltisberg-BL_11.10.2022-1024x849.jpg\" alt=\"\" class=\"wp-image-1328\" srcset=\"https:\/\/naturschutzsl.ch\/wp-content\/uploads\/2023\/10\/Kl.Feuerfalter-Buechhalde-Seltisberg-BL_11.10.2022-1024x849.jpg 1024w, https:\/\/naturschutzsl.ch\/wp-content\/uploads\/2023\/10\/Kl.Feuerfalter-Buechhalde-Seltisberg-BL_11.10.2022-300x249.jpg 300w, https:\/\/naturschutzsl.ch\/wp-content\/uploads\/2023\/10\/Kl.Feuerfalter-Buechhalde-Seltisberg-BL_11.10.2022-768x637.jpg 768w, https:\/\/naturschutzsl.ch\/wp-content\/uploads\/2023\/10\/Kl.Feuerfalter-Buechhalde-Seltisberg-BL_11.10.2022-1536x1274.jpg 1536w, https:\/\/naturschutzsl.ch\/wp-content\/uploads\/2023\/10\/Kl.Feuerfalter-Buechhalde-Seltisberg-BL_11.10.2022-2048x1698.jpg 2048w, https:\/\/naturschutzsl.ch\/wp-content\/uploads\/2023\/10\/Kl.Feuerfalter-Buechhalde-Seltisberg-BL_11.10.2022-150x124.jpg 150w\" sizes=\"auto, (max-width: 1024px) 100vw, 1024px\" \/><\/a><figcaption class=\"wp-element-caption\">Kleiner Feuerfalter, Buechhalde Seltisberg, 11.10.2022, Simon Keller<\/figcaption><\/figure>\n\n\n\n<figure class=\"wp-block-image size-large\"><a href=\"https:\/\/naturschutzsl.ch\/wp-content\/uploads\/2023\/10\/Brauner-Feuerfalter-Aussenseite-Galms-Seltisberg-BL-04.07.2023.jpg\"><img loading=\"lazy\" decoding=\"async\" width=\"1024\" height=\"849\" data-id=\"1326\" src=\"https:\/\/naturschutzsl.ch\/wp-content\/uploads\/2023\/10\/Brauner-Feuerfalter-Aussenseite-Galms-Seltisberg-BL-04.07.2023-1024x849.jpg\" alt=\"\" class=\"wp-image-1326\" srcset=\"https:\/\/naturschutzsl.ch\/wp-content\/uploads\/2023\/10\/Brauner-Feuerfalter-Aussenseite-Galms-Seltisberg-BL-04.07.2023-1024x849.jpg 1024w, https:\/\/naturschutzsl.ch\/wp-content\/uploads\/2023\/10\/Brauner-Feuerfalter-Aussenseite-Galms-Seltisberg-BL-04.07.2023-300x249.jpg 300w, https:\/\/naturschutzsl.ch\/wp-content\/uploads\/2023\/10\/Brauner-Feuerfalter-Aussenseite-Galms-Seltisberg-BL-04.07.2023-768x636.jpg 768w, https:\/\/naturschutzsl.ch\/wp-content\/uploads\/2023\/10\/Brauner-Feuerfalter-Aussenseite-Galms-Seltisberg-BL-04.07.2023-1536x1273.jpg 1536w, https:\/\/naturschutzsl.ch\/wp-content\/uploads\/2023\/10\/Brauner-Feuerfalter-Aussenseite-Galms-Seltisberg-BL-04.07.2023-2048x1697.jpg 2048w, https:\/\/naturschutzsl.ch\/wp-content\/uploads\/2023\/10\/Brauner-Feuerfalter-Aussenseite-Galms-Seltisberg-BL-04.07.2023-150x124.jpg 150w\" sizes=\"auto, (max-width: 1024px) 100vw, 1024px\" \/><\/a><figcaption class=\"wp-element-caption\">Brauner Feuerfalter oder auch &#8222;Schwefelv\u00f6gelchen&#8220;, Galms Seltisberg, 04.07.2023, Simon Keller<\/figcaption><\/figure>\n\n\n\n<figure class=\"wp-block-image size-large\"><a href=\"https:\/\/naturschutzsl.ch\/wp-content\/uploads\/2023\/10\/Grosser-Fuchs-eingangs-Buechhalde-Seltisberg-BL_05.04.2023.jpg\"><img loading=\"lazy\" decoding=\"async\" width=\"1024\" height=\"811\" data-id=\"1320\" src=\"https:\/\/naturschutzsl.ch\/wp-content\/uploads\/2023\/10\/Grosser-Fuchs-eingangs-Buechhalde-Seltisberg-BL_05.04.2023-1024x811.jpg\" alt=\"\" class=\"wp-image-1320\" srcset=\"https:\/\/naturschutzsl.ch\/wp-content\/uploads\/2023\/10\/Grosser-Fuchs-eingangs-Buechhalde-Seltisberg-BL_05.04.2023-1024x811.jpg 1024w, https:\/\/naturschutzsl.ch\/wp-content\/uploads\/2023\/10\/Grosser-Fuchs-eingangs-Buechhalde-Seltisberg-BL_05.04.2023-300x238.jpg 300w, https:\/\/naturschutzsl.ch\/wp-content\/uploads\/2023\/10\/Grosser-Fuchs-eingangs-Buechhalde-Seltisberg-BL_05.04.2023-768x608.jpg 768w, https:\/\/naturschutzsl.ch\/wp-content\/uploads\/2023\/10\/Grosser-Fuchs-eingangs-Buechhalde-Seltisberg-BL_05.04.2023-1536x1216.jpg 1536w, https:\/\/naturschutzsl.ch\/wp-content\/uploads\/2023\/10\/Grosser-Fuchs-eingangs-Buechhalde-Seltisberg-BL_05.04.2023-2048x1622.jpg 2048w, https:\/\/naturschutzsl.ch\/wp-content\/uploads\/2023\/10\/Grosser-Fuchs-eingangs-Buechhalde-Seltisberg-BL_05.04.2023-150x119.jpg 150w\" sizes=\"auto, (max-width: 1024px) 100vw, 1024px\" \/><\/a><figcaption class=\"wp-element-caption\">Grosser Fuchs, Buechhalde Seltisberg,05.04.2023, Simon Keller<\/figcaption><\/figure>\n\n\n\n<figure class=\"wp-block-image size-large\"><a href=\"https:\/\/naturschutzsl.ch\/wp-content\/uploads\/2023\/10\/Weisser-Waldportier-Galms-Seltisberg-BL_06.2022-scaled.jpg\"><img loading=\"lazy\" decoding=\"async\" width=\"768\" height=\"1024\" data-id=\"1336\" src=\"https:\/\/naturschutzsl.ch\/wp-content\/uploads\/2023\/10\/Weisser-Waldportier-Galms-Seltisberg-BL_06.2022-768x1024.jpg\" alt=\"\" class=\"wp-image-1336\" srcset=\"https:\/\/naturschutzsl.ch\/wp-content\/uploads\/2023\/10\/Weisser-Waldportier-Galms-Seltisberg-BL_06.2022-768x1024.jpg 768w, https:\/\/naturschutzsl.ch\/wp-content\/uploads\/2023\/10\/Weisser-Waldportier-Galms-Seltisberg-BL_06.2022-225x300.jpg 225w, https:\/\/naturschutzsl.ch\/wp-content\/uploads\/2023\/10\/Weisser-Waldportier-Galms-Seltisberg-BL_06.2022-1152x1536.jpg 1152w, https:\/\/naturschutzsl.ch\/wp-content\/uploads\/2023\/10\/Weisser-Waldportier-Galms-Seltisberg-BL_06.2022-1536x2048.jpg 1536w, https:\/\/naturschutzsl.ch\/wp-content\/uploads\/2023\/10\/Weisser-Waldportier-Galms-Seltisberg-BL_06.2022-113x150.jpg 113w, https:\/\/naturschutzsl.ch\/wp-content\/uploads\/2023\/10\/Weisser-Waldportier-Galms-Seltisberg-BL_06.2022-scaled.jpg 1920w\" sizes=\"auto, (max-width: 768px) 100vw, 768px\" \/><\/a><figcaption class=\"wp-element-caption\">Weisser Waldportier, Galms Seltisberg, 06.2022, Simon Keller<\/figcaption><\/figure>\n\n\n\n<figure class=\"wp-block-image size-large\"><a href=\"https:\/\/naturschutzsl.ch\/wp-content\/uploads\/2023\/10\/Suedlicher-Kurzschwaenziger-Blaeuling-Buechhalde-Seltisberg-BL_08.2022.jpg\"><img loading=\"lazy\" decoding=\"async\" width=\"1024\" height=\"863\" data-id=\"1334\" src=\"https:\/\/naturschutzsl.ch\/wp-content\/uploads\/2023\/10\/Suedlicher-Kurzschwaenziger-Blaeuling-Buechhalde-Seltisberg-BL_08.2022-1024x863.jpg\" alt=\"\" class=\"wp-image-1334\" srcset=\"https:\/\/naturschutzsl.ch\/wp-content\/uploads\/2023\/10\/Suedlicher-Kurzschwaenziger-Blaeuling-Buechhalde-Seltisberg-BL_08.2022-1024x863.jpg 1024w, https:\/\/naturschutzsl.ch\/wp-content\/uploads\/2023\/10\/Suedlicher-Kurzschwaenziger-Blaeuling-Buechhalde-Seltisberg-BL_08.2022-300x253.jpg 300w, https:\/\/naturschutzsl.ch\/wp-content\/uploads\/2023\/10\/Suedlicher-Kurzschwaenziger-Blaeuling-Buechhalde-Seltisberg-BL_08.2022-768x647.jpg 768w, https:\/\/naturschutzsl.ch\/wp-content\/uploads\/2023\/10\/Suedlicher-Kurzschwaenziger-Blaeuling-Buechhalde-Seltisberg-BL_08.2022-1536x1294.jpg 1536w, https:\/\/naturschutzsl.ch\/wp-content\/uploads\/2023\/10\/Suedlicher-Kurzschwaenziger-Blaeuling-Buechhalde-Seltisberg-BL_08.2022-150x126.jpg 150w, https:\/\/naturschutzsl.ch\/wp-content\/uploads\/2023\/10\/Suedlicher-Kurzschwaenziger-Blaeuling-Buechhalde-Seltisberg-BL_08.2022.jpg 1976w\" sizes=\"auto, (max-width: 1024px) 100vw, 1024px\" \/><\/a><figcaption class=\"wp-element-caption\">S\u00fcdlicher Kurzschw\u00e4nziger Bl\u00e4uling, Buechhalde Seltisberg, 08.2022, Simon Keller<\/figcaption><\/figure>\n\n\n\n<figure class=\"wp-block-image size-large\"><a href=\"https:\/\/naturschutzsl.ch\/wp-content\/uploads\/2023\/10\/Kurzschwaenziger-Blaeuling-Buechhalde-Seltisberg-BL_06.2022-scaled.jpg\"><img loading=\"lazy\" decoding=\"async\" width=\"1024\" height=\"819\" data-id=\"1333\" src=\"https:\/\/naturschutzsl.ch\/wp-content\/uploads\/2023\/10\/Kurzschwaenziger-Blaeuling-Buechhalde-Seltisberg-BL_06.2022-1024x819.jpg\" alt=\"\" class=\"wp-image-1333\" srcset=\"https:\/\/naturschutzsl.ch\/wp-content\/uploads\/2023\/10\/Kurzschwaenziger-Blaeuling-Buechhalde-Seltisberg-BL_06.2022-1024x819.jpg 1024w, https:\/\/naturschutzsl.ch\/wp-content\/uploads\/2023\/10\/Kurzschwaenziger-Blaeuling-Buechhalde-Seltisberg-BL_06.2022-300x240.jpg 300w, https:\/\/naturschutzsl.ch\/wp-content\/uploads\/2023\/10\/Kurzschwaenziger-Blaeuling-Buechhalde-Seltisberg-BL_06.2022-768x615.jpg 768w, https:\/\/naturschutzsl.ch\/wp-content\/uploads\/2023\/10\/Kurzschwaenziger-Blaeuling-Buechhalde-Seltisberg-BL_06.2022-1536x1229.jpg 1536w, https:\/\/naturschutzsl.ch\/wp-content\/uploads\/2023\/10\/Kurzschwaenziger-Blaeuling-Buechhalde-Seltisberg-BL_06.2022-2048x1639.jpg 2048w, https:\/\/naturschutzsl.ch\/wp-content\/uploads\/2023\/10\/Kurzschwaenziger-Blaeuling-Buechhalde-Seltisberg-BL_06.2022-150x120.jpg 150w\" sizes=\"auto, (max-width: 1024px) 100vw, 1024px\" \/><\/a><figcaption class=\"wp-element-caption\">Kurzschw\u00e4nziger Bl\u00e4uling, Buechhalde Seltisberg, 06.2022, Simon Keller<\/figcaption><\/figure>\n\n\n\n<figure class=\"wp-block-image size-large\"><a href=\"https:\/\/naturschutzsl.ch\/wp-content\/uploads\/2023\/10\/Kleiner-Ampfer-Feuerfalter-w-gem.-Markus-Fluri-Tagfalterprojektleiter-BL-und-kein-Violetter-Feuerfalter_Rehhag-Waldenburg-BL-2008.jpg\"><img loading=\"lazy\" decoding=\"async\" width=\"1024\" height=\"768\" data-id=\"1321\" src=\"https:\/\/naturschutzsl.ch\/wp-content\/uploads\/2023\/10\/Kleiner-Ampfer-Feuerfalter-w-gem.-Markus-Fluri-Tagfalterprojektleiter-BL-und-kein-Violetter-Feuerfalter_Rehhag-Waldenburg-BL-2008-1024x768.jpg\" alt=\"\" class=\"wp-image-1321\" srcset=\"https:\/\/naturschutzsl.ch\/wp-content\/uploads\/2023\/10\/Kleiner-Ampfer-Feuerfalter-w-gem.-Markus-Fluri-Tagfalterprojektleiter-BL-und-kein-Violetter-Feuerfalter_Rehhag-Waldenburg-BL-2008-1024x768.jpg 1024w, https:\/\/naturschutzsl.ch\/wp-content\/uploads\/2023\/10\/Kleiner-Ampfer-Feuerfalter-w-gem.-Markus-Fluri-Tagfalterprojektleiter-BL-und-kein-Violetter-Feuerfalter_Rehhag-Waldenburg-BL-2008-300x225.jpg 300w, https:\/\/naturschutzsl.ch\/wp-content\/uploads\/2023\/10\/Kleiner-Ampfer-Feuerfalter-w-gem.-Markus-Fluri-Tagfalterprojektleiter-BL-und-kein-Violetter-Feuerfalter_Rehhag-Waldenburg-BL-2008-768x576.jpg 768w, https:\/\/naturschutzsl.ch\/wp-content\/uploads\/2023\/10\/Kleiner-Ampfer-Feuerfalter-w-gem.-Markus-Fluri-Tagfalterprojektleiter-BL-und-kein-Violetter-Feuerfalter_Rehhag-Waldenburg-BL-2008-1536x1152.jpg 1536w, https:\/\/naturschutzsl.ch\/wp-content\/uploads\/2023\/10\/Kleiner-Ampfer-Feuerfalter-w-gem.-Markus-Fluri-Tagfalterprojektleiter-BL-und-kein-Violetter-Feuerfalter_Rehhag-Waldenburg-BL-2008-2048x1536.jpg 2048w, https:\/\/naturschutzsl.ch\/wp-content\/uploads\/2023\/10\/Kleiner-Ampfer-Feuerfalter-w-gem.-Markus-Fluri-Tagfalterprojektleiter-BL-und-kein-Violetter-Feuerfalter_Rehhag-Waldenburg-BL-2008-150x113.jpg 150w\" sizes=\"auto, (max-width: 1024px) 100vw, 1024px\" \/><\/a><figcaption class=\"wp-element-caption\">Kleiner Ampfer-Feuerfalter w, Rehhag Waldenburg, 2008, Simon Keller<\/figcaption><\/figure>\n\n\n\n<figure class=\"wp-block-image size-large\"><a href=\"https:\/\/naturschutzsl.ch\/wp-content\/uploads\/2023\/10\/Fruehlingsscheckenfalter_Vogelberg-Lauwil-BL-2009.jpg\"><img loading=\"lazy\" decoding=\"async\" width=\"1024\" height=\"867\" data-id=\"1323\" src=\"https:\/\/naturschutzsl.ch\/wp-content\/uploads\/2023\/10\/Fruehlingsscheckenfalter_Vogelberg-Lauwil-BL-2009-1024x867.jpg\" alt=\"\" class=\"wp-image-1323\" srcset=\"https:\/\/naturschutzsl.ch\/wp-content\/uploads\/2023\/10\/Fruehlingsscheckenfalter_Vogelberg-Lauwil-BL-2009-1024x867.jpg 1024w, https:\/\/naturschutzsl.ch\/wp-content\/uploads\/2023\/10\/Fruehlingsscheckenfalter_Vogelberg-Lauwil-BL-2009-300x254.jpg 300w, https:\/\/naturschutzsl.ch\/wp-content\/uploads\/2023\/10\/Fruehlingsscheckenfalter_Vogelberg-Lauwil-BL-2009-768x651.jpg 768w, https:\/\/naturschutzsl.ch\/wp-content\/uploads\/2023\/10\/Fruehlingsscheckenfalter_Vogelberg-Lauwil-BL-2009-1536x1301.jpg 1536w, https:\/\/naturschutzsl.ch\/wp-content\/uploads\/2023\/10\/Fruehlingsscheckenfalter_Vogelberg-Lauwil-BL-2009-150x127.jpg 150w, https:\/\/naturschutzsl.ch\/wp-content\/uploads\/2023\/10\/Fruehlingsscheckenfalter_Vogelberg-Lauwil-BL-2009.jpg 1629w\" sizes=\"auto, (max-width: 1024px) 100vw, 1024px\" \/><\/a><figcaption class=\"wp-element-caption\">Fr\u00fchlingsscheckenfalter, Vogelberg Lauwil, 2009, Simon Keller<\/figcaption><\/figure>\n\n\n\n<figure class=\"wp-block-image size-large\"><a href=\"https:\/\/naturschutzsl.ch\/wp-content\/uploads\/2023\/10\/Kreuzdorn-Schlehen-Zipfelfalter-auf-Weisser-Fetthenne-Passwang-SO_20.7.2020.jpg\"><img loading=\"lazy\" decoding=\"async\" width=\"1024\" height=\"988\" data-id=\"1324\" src=\"https:\/\/naturschutzsl.ch\/wp-content\/uploads\/2023\/10\/Kreuzdorn-Schlehen-Zipfelfalter-auf-Weisser-Fetthenne-Passwang-SO_20.7.2020-1024x988.jpg\" alt=\"\" class=\"wp-image-1324\" srcset=\"https:\/\/naturschutzsl.ch\/wp-content\/uploads\/2023\/10\/Kreuzdorn-Schlehen-Zipfelfalter-auf-Weisser-Fetthenne-Passwang-SO_20.7.2020-1024x988.jpg 1024w, https:\/\/naturschutzsl.ch\/wp-content\/uploads\/2023\/10\/Kreuzdorn-Schlehen-Zipfelfalter-auf-Weisser-Fetthenne-Passwang-SO_20.7.2020-300x289.jpg 300w, https:\/\/naturschutzsl.ch\/wp-content\/uploads\/2023\/10\/Kreuzdorn-Schlehen-Zipfelfalter-auf-Weisser-Fetthenne-Passwang-SO_20.7.2020-768x741.jpg 768w, https:\/\/naturschutzsl.ch\/wp-content\/uploads\/2023\/10\/Kreuzdorn-Schlehen-Zipfelfalter-auf-Weisser-Fetthenne-Passwang-SO_20.7.2020-1536x1482.jpg 1536w, https:\/\/naturschutzsl.ch\/wp-content\/uploads\/2023\/10\/Kreuzdorn-Schlehen-Zipfelfalter-auf-Weisser-Fetthenne-Passwang-SO_20.7.2020-2048x1975.jpg 2048w, https:\/\/naturschutzsl.ch\/wp-content\/uploads\/2023\/10\/Kreuzdorn-Schlehen-Zipfelfalter-auf-Weisser-Fetthenne-Passwang-SO_20.7.2020-150x145.jpg 150w\" sizes=\"auto, (max-width: 1024px) 100vw, 1024px\" \/><\/a><figcaption class=\"wp-element-caption\">Kreuzdorn-Zipfelfalter auf Weisser Fetthenne, Wasserfallen-Passwang, 20.7.2020, Simon Keller<\/figcaption><\/figure>\n\n\n\n<figure class=\"wp-block-image size-large\"><a href=\"https:\/\/naturschutzsl.ch\/wp-content\/uploads\/2023\/10\/Kronwickenblaeuling-m-Rheininsel-Village-Neuf-05.08.2021-scaled.jpg\"><img loading=\"lazy\" decoding=\"async\" width=\"1024\" height=\"943\" data-id=\"1330\" src=\"https:\/\/naturschutzsl.ch\/wp-content\/uploads\/2023\/10\/Kronwickenblaeuling-m-Rheininsel-Village-Neuf-05.08.2021-1024x943.jpg\" alt=\"\" class=\"wp-image-1330\" srcset=\"https:\/\/naturschutzsl.ch\/wp-content\/uploads\/2023\/10\/Kronwickenblaeuling-m-Rheininsel-Village-Neuf-05.08.2021-1024x943.jpg 1024w, https:\/\/naturschutzsl.ch\/wp-content\/uploads\/2023\/10\/Kronwickenblaeuling-m-Rheininsel-Village-Neuf-05.08.2021-300x276.jpg 300w, https:\/\/naturschutzsl.ch\/wp-content\/uploads\/2023\/10\/Kronwickenblaeuling-m-Rheininsel-Village-Neuf-05.08.2021-768x707.jpg 768w, https:\/\/naturschutzsl.ch\/wp-content\/uploads\/2023\/10\/Kronwickenblaeuling-m-Rheininsel-Village-Neuf-05.08.2021-1536x1414.jpg 1536w, https:\/\/naturschutzsl.ch\/wp-content\/uploads\/2023\/10\/Kronwickenblaeuling-m-Rheininsel-Village-Neuf-05.08.2021-2048x1885.jpg 2048w, https:\/\/naturschutzsl.ch\/wp-content\/uploads\/2023\/10\/Kronwickenblaeuling-m-Rheininsel-Village-Neuf-05.08.2021-150x138.jpg 150w\" sizes=\"auto, (max-width: 1024px) 100vw, 1024px\" \/><\/a><figcaption class=\"wp-element-caption\">Kronwickenbl\u00e4uling m, Rheininsel Village-Neuf, 05.08.2021, Simon Keller<\/figcaption><\/figure>\n\n\n\n<figure class=\"wp-block-image size-large\"><a href=\"https:\/\/naturschutzsl.ch\/wp-content\/uploads\/2023\/10\/Kronwicken-Widderchen-Zygaena-achilleae-Nuglar-SO_01.06.2022-scaled.jpg\"><img loading=\"lazy\" decoding=\"async\" width=\"768\" height=\"1024\" data-id=\"1331\" src=\"https:\/\/naturschutzsl.ch\/wp-content\/uploads\/2023\/10\/Kronwicken-Widderchen-Zygaena-achilleae-Nuglar-SO_01.06.2022-768x1024.jpg\" alt=\"\" class=\"wp-image-1331\" srcset=\"https:\/\/naturschutzsl.ch\/wp-content\/uploads\/2023\/10\/Kronwicken-Widderchen-Zygaena-achilleae-Nuglar-SO_01.06.2022-768x1024.jpg 768w, https:\/\/naturschutzsl.ch\/wp-content\/uploads\/2023\/10\/Kronwicken-Widderchen-Zygaena-achilleae-Nuglar-SO_01.06.2022-225x300.jpg 225w, https:\/\/naturschutzsl.ch\/wp-content\/uploads\/2023\/10\/Kronwicken-Widderchen-Zygaena-achilleae-Nuglar-SO_01.06.2022-1152x1536.jpg 1152w, https:\/\/naturschutzsl.ch\/wp-content\/uploads\/2023\/10\/Kronwicken-Widderchen-Zygaena-achilleae-Nuglar-SO_01.06.2022-1536x2048.jpg 1536w, https:\/\/naturschutzsl.ch\/wp-content\/uploads\/2023\/10\/Kronwicken-Widderchen-Zygaena-achilleae-Nuglar-SO_01.06.2022-113x150.jpg 113w, https:\/\/naturschutzsl.ch\/wp-content\/uploads\/2023\/10\/Kronwicken-Widderchen-Zygaena-achilleae-Nuglar-SO_01.06.2022-scaled.jpg 1920w\" sizes=\"auto, (max-width: 768px) 100vw, 768px\" \/><\/a><figcaption class=\"wp-element-caption\">Kronwicken-Widderchen Zygaena achilleae , Nuglar SO, 01.06.2022, S. Keller<\/figcaption><\/figure>\n\n\n\n<figure class=\"wp-block-image size-large\"><a href=\"https:\/\/naturschutzsl.ch\/wp-content\/uploads\/2024\/10\/Weinschwaermer-Maya-Loew-2024_DSC6464.jpeg\"><img loading=\"lazy\" decoding=\"async\" width=\"1024\" height=\"682\" data-id=\"1660\" src=\"https:\/\/naturschutzsl.ch\/wp-content\/uploads\/2024\/10\/Weinschwaermer-Maya-Loew-2024_DSC6464-1024x682.jpeg\" alt=\"\" class=\"wp-image-1660\" srcset=\"https:\/\/naturschutzsl.ch\/wp-content\/uploads\/2024\/10\/Weinschwaermer-Maya-Loew-2024_DSC6464-1024x682.jpeg 1024w, https:\/\/naturschutzsl.ch\/wp-content\/uploads\/2024\/10\/Weinschwaermer-Maya-Loew-2024_DSC6464-300x200.jpeg 300w, https:\/\/naturschutzsl.ch\/wp-content\/uploads\/2024\/10\/Weinschwaermer-Maya-Loew-2024_DSC6464-768x512.jpeg 768w, https:\/\/naturschutzsl.ch\/wp-content\/uploads\/2024\/10\/Weinschwaermer-Maya-Loew-2024_DSC6464-150x100.jpeg 150w, https:\/\/naturschutzsl.ch\/wp-content\/uploads\/2024\/10\/Weinschwaermer-Maya-Loew-2024_DSC6464-375x250.jpeg 375w, https:\/\/naturschutzsl.ch\/wp-content\/uploads\/2024\/10\/Weinschwaermer-Maya-Loew-2024_DSC6464.jpeg 1280w\" sizes=\"auto, (max-width: 1024px) 100vw, 1024px\" \/><\/a><figcaption class=\"wp-element-caption\">Kleiner Weinschw\u00e4rmer, Maya L\u00f6w, Seltisberg 2024<\/figcaption><\/figure>\n\n\n\n<figure class=\"wp-block-image size-large\"><a href=\"https:\/\/naturschutzsl.ch\/wp-content\/uploads\/2025\/07\/Segelfalter-Foto-von-Maya-Loew-Chalchofe-Seltisberg-BL-21.7.2025-1.jpeg\"><img loading=\"lazy\" decoding=\"async\" width=\"853\" height=\"673\" data-id=\"1950\" src=\"https:\/\/naturschutzsl.ch\/wp-content\/uploads\/2025\/07\/Segelfalter-Foto-von-Maya-Loew-Chalchofe-Seltisberg-BL-21.7.2025-1.jpeg\" alt=\"\" class=\"wp-image-1950\" srcset=\"https:\/\/naturschutzsl.ch\/wp-content\/uploads\/2025\/07\/Segelfalter-Foto-von-Maya-Loew-Chalchofe-Seltisberg-BL-21.7.2025-1.jpeg 853w, https:\/\/naturschutzsl.ch\/wp-content\/uploads\/2025\/07\/Segelfalter-Foto-von-Maya-Loew-Chalchofe-Seltisberg-BL-21.7.2025-1-300x237.jpeg 300w, https:\/\/naturschutzsl.ch\/wp-content\/uploads\/2025\/07\/Segelfalter-Foto-von-Maya-Loew-Chalchofe-Seltisberg-BL-21.7.2025-1-768x606.jpeg 768w, https:\/\/naturschutzsl.ch\/wp-content\/uploads\/2025\/07\/Segelfalter-Foto-von-Maya-Loew-Chalchofe-Seltisberg-BL-21.7.2025-1-150x118.jpeg 150w\" sizes=\"auto, (max-width: 853px) 100vw, 853px\" \/><\/a><figcaption class=\"wp-element-caption\">Segelfalter-Foto von Maya L\u00f6w, Chalchofe Seltisberg BL, 21.7.2025<\/figcaption><\/figure>\n\n\n\n<figure class=\"wp-block-image size-large\"><a href=\"https:\/\/naturschutzsl.ch\/wp-content\/uploads\/2023\/10\/Fruehe-Adonislibelle-Hauptstr.70-Seltisberg-BL_30.04.2022-scaled.jpg\"><img loading=\"lazy\" decoding=\"async\" width=\"768\" height=\"1024\" data-id=\"1338\" src=\"https:\/\/naturschutzsl.ch\/wp-content\/uploads\/2023\/10\/Fruehe-Adonislibelle-Hauptstr.70-Seltisberg-BL_30.04.2022-768x1024.jpg\" alt=\"\" class=\"wp-image-1338\" srcset=\"https:\/\/naturschutzsl.ch\/wp-content\/uploads\/2023\/10\/Fruehe-Adonislibelle-Hauptstr.70-Seltisberg-BL_30.04.2022-768x1024.jpg 768w, https:\/\/naturschutzsl.ch\/wp-content\/uploads\/2023\/10\/Fruehe-Adonislibelle-Hauptstr.70-Seltisberg-BL_30.04.2022-225x300.jpg 225w, https:\/\/naturschutzsl.ch\/wp-content\/uploads\/2023\/10\/Fruehe-Adonislibelle-Hauptstr.70-Seltisberg-BL_30.04.2022-1152x1536.jpg 1152w, https:\/\/naturschutzsl.ch\/wp-content\/uploads\/2023\/10\/Fruehe-Adonislibelle-Hauptstr.70-Seltisberg-BL_30.04.2022-1536x2048.jpg 1536w, https:\/\/naturschutzsl.ch\/wp-content\/uploads\/2023\/10\/Fruehe-Adonislibelle-Hauptstr.70-Seltisberg-BL_30.04.2022-113x150.jpg 113w, https:\/\/naturschutzsl.ch\/wp-content\/uploads\/2023\/10\/Fruehe-Adonislibelle-Hauptstr.70-Seltisberg-BL_30.04.2022-scaled.jpg 1920w\" sizes=\"auto, (max-width: 768px) 100vw, 768px\" \/><\/a><figcaption class=\"wp-element-caption\">Fr\u00fche Adonislibelle, Hauptstr.70 Seltisberg, 30.04.2022, Simon Keller<\/figcaption><\/figure>\n\n\n\n<figure class=\"wp-block-image size-large\"><a href=\"https:\/\/naturschutzsl.ch\/wp-content\/uploads\/2024\/03\/Nosferatu-Spinne-aus-Mittelmeerraum-Hauptstr.-70-Seltisberg-BL-03.2024.jpg\"><img loading=\"lazy\" decoding=\"async\" width=\"1024\" height=\"985\" data-id=\"1490\" src=\"https:\/\/naturschutzsl.ch\/wp-content\/uploads\/2024\/03\/Nosferatu-Spinne-aus-Mittelmeerraum-Hauptstr.-70-Seltisberg-BL-03.2024-1024x985.jpg\" alt=\"\" class=\"wp-image-1490\" srcset=\"https:\/\/naturschutzsl.ch\/wp-content\/uploads\/2024\/03\/Nosferatu-Spinne-aus-Mittelmeerraum-Hauptstr.-70-Seltisberg-BL-03.2024-1024x985.jpg 1024w, https:\/\/naturschutzsl.ch\/wp-content\/uploads\/2024\/03\/Nosferatu-Spinne-aus-Mittelmeerraum-Hauptstr.-70-Seltisberg-BL-03.2024-300x289.jpg 300w, https:\/\/naturschutzsl.ch\/wp-content\/uploads\/2024\/03\/Nosferatu-Spinne-aus-Mittelmeerraum-Hauptstr.-70-Seltisberg-BL-03.2024-768x739.jpg 768w, https:\/\/naturschutzsl.ch\/wp-content\/uploads\/2024\/03\/Nosferatu-Spinne-aus-Mittelmeerraum-Hauptstr.-70-Seltisberg-BL-03.2024-1536x1478.jpg 1536w, https:\/\/naturschutzsl.ch\/wp-content\/uploads\/2024\/03\/Nosferatu-Spinne-aus-Mittelmeerraum-Hauptstr.-70-Seltisberg-BL-03.2024-2048x1971.jpg 2048w, https:\/\/naturschutzsl.ch\/wp-content\/uploads\/2024\/03\/Nosferatu-Spinne-aus-Mittelmeerraum-Hauptstr.-70-Seltisberg-BL-03.2024-150x144.jpg 150w\" sizes=\"auto, (max-width: 1024px) 100vw, 1024px\" \/><\/a><figcaption class=\"wp-element-caption\">Nosferatu Spinne, urspr\u00fcnglich aus dem Mittelmeerraum nun auch in Seltisberg, 03.2024 Simon Keller<\/figcaption><\/figure>\n\n\n\n<figure class=\"wp-block-image size-large\"><a href=\"https:\/\/naturschutzsl.ch\/wp-content\/uploads\/2024\/08\/Europaeische-Sumpfschildkroete-und-Eisvogel-Petite-Camargue-Alsacienne-F-02.08.2024_Simon-Keller.jpg\"><img loading=\"lazy\" decoding=\"async\" width=\"1024\" height=\"664\" data-id=\"1624\" src=\"https:\/\/naturschutzsl.ch\/wp-content\/uploads\/2024\/08\/Europaeische-Sumpfschildkroete-und-Eisvogel-Petite-Camargue-Alsacienne-F-02.08.2024_Simon-Keller-1024x664.jpg\" alt=\"\" class=\"wp-image-1624\" srcset=\"https:\/\/naturschutzsl.ch\/wp-content\/uploads\/2024\/08\/Europaeische-Sumpfschildkroete-und-Eisvogel-Petite-Camargue-Alsacienne-F-02.08.2024_Simon-Keller-1024x664.jpg 1024w, https:\/\/naturschutzsl.ch\/wp-content\/uploads\/2024\/08\/Europaeische-Sumpfschildkroete-und-Eisvogel-Petite-Camargue-Alsacienne-F-02.08.2024_Simon-Keller-300x195.jpg 300w, https:\/\/naturschutzsl.ch\/wp-content\/uploads\/2024\/08\/Europaeische-Sumpfschildkroete-und-Eisvogel-Petite-Camargue-Alsacienne-F-02.08.2024_Simon-Keller-768x498.jpg 768w, https:\/\/naturschutzsl.ch\/wp-content\/uploads\/2024\/08\/Europaeische-Sumpfschildkroete-und-Eisvogel-Petite-Camargue-Alsacienne-F-02.08.2024_Simon-Keller-150x97.jpg 150w, https:\/\/naturschutzsl.ch\/wp-content\/uploads\/2024\/08\/Europaeische-Sumpfschildkroete-und-Eisvogel-Petite-Camargue-Alsacienne-F-02.08.2024_Simon-Keller.jpg 1110w\" sizes=\"auto, (max-width: 1024px) 100vw, 1024px\" \/><\/a><figcaption class=\"wp-element-caption\">Europ\u00e4ische Sumpfschildkr\u00f6te und Eisvogel, Petite Camargue F, 02.08.2024, Simon Keller<\/figcaption><\/figure>\n\n\n\n<figure class=\"wp-block-image size-large\"><a href=\"https:\/\/naturschutzsl.ch\/wp-content\/uploads\/2023\/10\/Blindschleiche-Seltisberg-Deponie-BL_18.9.2021-scaled.jpg\"><img loading=\"lazy\" decoding=\"async\" width=\"1024\" height=\"768\" data-id=\"1311\" src=\"https:\/\/naturschutzsl.ch\/wp-content\/uploads\/2023\/10\/Blindschleiche-Seltisberg-Deponie-BL_18.9.2021-1024x768.jpg\" alt=\"\" class=\"wp-image-1311\" srcset=\"https:\/\/naturschutzsl.ch\/wp-content\/uploads\/2023\/10\/Blindschleiche-Seltisberg-Deponie-BL_18.9.2021-1024x768.jpg 1024w, https:\/\/naturschutzsl.ch\/wp-content\/uploads\/2023\/10\/Blindschleiche-Seltisberg-Deponie-BL_18.9.2021-300x225.jpg 300w, https:\/\/naturschutzsl.ch\/wp-content\/uploads\/2023\/10\/Blindschleiche-Seltisberg-Deponie-BL_18.9.2021-768x576.jpg 768w, https:\/\/naturschutzsl.ch\/wp-content\/uploads\/2023\/10\/Blindschleiche-Seltisberg-Deponie-BL_18.9.2021-1536x1152.jpg 1536w, https:\/\/naturschutzsl.ch\/wp-content\/uploads\/2023\/10\/Blindschleiche-Seltisberg-Deponie-BL_18.9.2021-2048x1536.jpg 2048w, https:\/\/naturschutzsl.ch\/wp-content\/uploads\/2023\/10\/Blindschleiche-Seltisberg-Deponie-BL_18.9.2021-150x113.jpg 150w\" sizes=\"auto, (max-width: 1024px) 100vw, 1024px\" \/><\/a><figcaption class=\"wp-element-caption\">Blindschleiche, Seltisberg Buechhalde, 18.9.2021, Simon Keller<\/figcaption><\/figure>\n\n\n\n<figure class=\"wp-block-image size-large\"><a href=\"https:\/\/naturschutzsl.ch\/wp-content\/uploads\/2023\/10\/Ringelnatter-Bubendorf-2011-scaled.jpg\"><img loading=\"lazy\" decoding=\"async\" width=\"1024\" height=\"619\" data-id=\"1312\" src=\"https:\/\/naturschutzsl.ch\/wp-content\/uploads\/2023\/10\/Ringelnatter-Bubendorf-2011-1024x619.jpg\" alt=\"\" class=\"wp-image-1312\" srcset=\"https:\/\/naturschutzsl.ch\/wp-content\/uploads\/2023\/10\/Ringelnatter-Bubendorf-2011-1024x619.jpg 1024w, https:\/\/naturschutzsl.ch\/wp-content\/uploads\/2023\/10\/Ringelnatter-Bubendorf-2011-300x181.jpg 300w, https:\/\/naturschutzsl.ch\/wp-content\/uploads\/2023\/10\/Ringelnatter-Bubendorf-2011-768x464.jpg 768w, https:\/\/naturschutzsl.ch\/wp-content\/uploads\/2023\/10\/Ringelnatter-Bubendorf-2011-1536x928.jpg 1536w, https:\/\/naturschutzsl.ch\/wp-content\/uploads\/2023\/10\/Ringelnatter-Bubendorf-2011-2048x1237.jpg 2048w, https:\/\/naturschutzsl.ch\/wp-content\/uploads\/2023\/10\/Ringelnatter-Bubendorf-2011-150x91.jpg 150w\" sizes=\"auto, (max-width: 1024px) 100vw, 1024px\" \/><\/a><figcaption class=\"wp-element-caption\">Ringelnatter, Riedbacht\u00e4li Bubendorf-Seltisberg, 2011, Simon Keller<\/figcaption><\/figure>\n\n\n\n<figure class=\"wp-block-image size-large\"><a href=\"https:\/\/naturschutzsl.ch\/wp-content\/uploads\/2023\/10\/Mauereidechse-Seltsiberg-BL_08.2020.jpg\"><img loading=\"lazy\" decoding=\"async\" width=\"1024\" height=\"755\" data-id=\"1314\" src=\"https:\/\/naturschutzsl.ch\/wp-content\/uploads\/2023\/10\/Mauereidechse-Seltsiberg-BL_08.2020-1024x755.jpg\" alt=\"\" class=\"wp-image-1314\" srcset=\"https:\/\/naturschutzsl.ch\/wp-content\/uploads\/2023\/10\/Mauereidechse-Seltsiberg-BL_08.2020-1024x755.jpg 1024w, https:\/\/naturschutzsl.ch\/wp-content\/uploads\/2023\/10\/Mauereidechse-Seltsiberg-BL_08.2020-300x221.jpg 300w, https:\/\/naturschutzsl.ch\/wp-content\/uploads\/2023\/10\/Mauereidechse-Seltsiberg-BL_08.2020-768x566.jpg 768w, https:\/\/naturschutzsl.ch\/wp-content\/uploads\/2023\/10\/Mauereidechse-Seltsiberg-BL_08.2020-1536x1133.jpg 1536w, https:\/\/naturschutzsl.ch\/wp-content\/uploads\/2023\/10\/Mauereidechse-Seltsiberg-BL_08.2020-150x111.jpg 150w, https:\/\/naturschutzsl.ch\/wp-content\/uploads\/2023\/10\/Mauereidechse-Seltsiberg-BL_08.2020.jpg 1616w\" sizes=\"auto, (max-width: 1024px) 100vw, 1024px\" \/><\/a><figcaption class=\"wp-element-caption\">Mauereidechse, Buechhalde Seltsiberg, 08.2020, Simon Keller<\/figcaption><\/figure>\n\n\n\n<figure class=\"wp-block-image size-large\"><a href=\"https:\/\/naturschutzsl.ch\/wp-content\/uploads\/2024\/03\/Mauereidechsen-auf-Buechhalde-Seltisberg-BL-03.2024-scaled.jpg\"><img loading=\"lazy\" decoding=\"async\" width=\"952\" height=\"1024\" data-id=\"1493\" src=\"https:\/\/naturschutzsl.ch\/wp-content\/uploads\/2024\/03\/Mauereidechsen-auf-Buechhalde-Seltisberg-BL-03.2024-952x1024.jpg\" alt=\"\" class=\"wp-image-1493\" srcset=\"https:\/\/naturschutzsl.ch\/wp-content\/uploads\/2024\/03\/Mauereidechsen-auf-Buechhalde-Seltisberg-BL-03.2024-952x1024.jpg 952w, https:\/\/naturschutzsl.ch\/wp-content\/uploads\/2024\/03\/Mauereidechsen-auf-Buechhalde-Seltisberg-BL-03.2024-279x300.jpg 279w, https:\/\/naturschutzsl.ch\/wp-content\/uploads\/2024\/03\/Mauereidechsen-auf-Buechhalde-Seltisberg-BL-03.2024-768x826.jpg 768w, https:\/\/naturschutzsl.ch\/wp-content\/uploads\/2024\/03\/Mauereidechsen-auf-Buechhalde-Seltisberg-BL-03.2024-1428x1536.jpg 1428w, https:\/\/naturschutzsl.ch\/wp-content\/uploads\/2024\/03\/Mauereidechsen-auf-Buechhalde-Seltisberg-BL-03.2024-1904x2048.jpg 1904w, https:\/\/naturschutzsl.ch\/wp-content\/uploads\/2024\/03\/Mauereidechsen-auf-Buechhalde-Seltisberg-BL-03.2024-139x150.jpg 139w\" sizes=\"auto, (max-width: 952px) 100vw, 952px\" \/><\/a><figcaption class=\"wp-element-caption\">Mauereidechsen-Versammlung auf Buechhalde Seltisberg, 03.2024, Simon Keller<\/figcaption><\/figure>\n\n\n\n<figure class=\"wp-block-image size-large\"><a href=\"https:\/\/naturschutzsl.ch\/wp-content\/uploads\/2023\/10\/Grasfrosch-Seltisberg-BL_07.2020-scaled.jpg\"><img loading=\"lazy\" decoding=\"async\" width=\"1024\" height=\"768\" data-id=\"1315\" src=\"https:\/\/naturschutzsl.ch\/wp-content\/uploads\/2023\/10\/Grasfrosch-Seltisberg-BL_07.2020-1024x768.jpg\" alt=\"\" class=\"wp-image-1315\" srcset=\"https:\/\/naturschutzsl.ch\/wp-content\/uploads\/2023\/10\/Grasfrosch-Seltisberg-BL_07.2020-1024x768.jpg 1024w, https:\/\/naturschutzsl.ch\/wp-content\/uploads\/2023\/10\/Grasfrosch-Seltisberg-BL_07.2020-300x225.jpg 300w, https:\/\/naturschutzsl.ch\/wp-content\/uploads\/2023\/10\/Grasfrosch-Seltisberg-BL_07.2020-768x576.jpg 768w, https:\/\/naturschutzsl.ch\/wp-content\/uploads\/2023\/10\/Grasfrosch-Seltisberg-BL_07.2020-1536x1152.jpg 1536w, https:\/\/naturschutzsl.ch\/wp-content\/uploads\/2023\/10\/Grasfrosch-Seltisberg-BL_07.2020-2048x1536.jpg 2048w, https:\/\/naturschutzsl.ch\/wp-content\/uploads\/2023\/10\/Grasfrosch-Seltisberg-BL_07.2020-150x113.jpg 150w\" sizes=\"auto, (max-width: 1024px) 100vw, 1024px\" \/><\/a><figcaption class=\"wp-element-caption\">Grasfrosch, Seltisberg, 07.2020, Simon Keller<\/figcaption><\/figure>\n\n\n\n<figure class=\"wp-block-image size-large\"><a href=\"https:\/\/naturschutzsl.ch\/wp-content\/uploads\/2023\/10\/Eichhoernchen-Galms-Seltisberg-BL_27.08.2021-scaled.jpg\"><img loading=\"lazy\" decoding=\"async\" width=\"1024\" height=\"768\" data-id=\"1339\" src=\"https:\/\/naturschutzsl.ch\/wp-content\/uploads\/2023\/10\/Eichhoernchen-Galms-Seltisberg-BL_27.08.2021-1024x768.jpg\" alt=\"\" class=\"wp-image-1339\" srcset=\"https:\/\/naturschutzsl.ch\/wp-content\/uploads\/2023\/10\/Eichhoernchen-Galms-Seltisberg-BL_27.08.2021-1024x768.jpg 1024w, https:\/\/naturschutzsl.ch\/wp-content\/uploads\/2023\/10\/Eichhoernchen-Galms-Seltisberg-BL_27.08.2021-300x225.jpg 300w, https:\/\/naturschutzsl.ch\/wp-content\/uploads\/2023\/10\/Eichhoernchen-Galms-Seltisberg-BL_27.08.2021-768x576.jpg 768w, https:\/\/naturschutzsl.ch\/wp-content\/uploads\/2023\/10\/Eichhoernchen-Galms-Seltisberg-BL_27.08.2021-1536x1152.jpg 1536w, https:\/\/naturschutzsl.ch\/wp-content\/uploads\/2023\/10\/Eichhoernchen-Galms-Seltisberg-BL_27.08.2021-2048x1536.jpg 2048w, https:\/\/naturschutzsl.ch\/wp-content\/uploads\/2023\/10\/Eichhoernchen-Galms-Seltisberg-BL_27.08.2021-150x113.jpg 150w\" sizes=\"auto, (max-width: 1024px) 100vw, 1024px\" \/><\/a><figcaption class=\"wp-element-caption\">Eichh\u00f6rnchen, Galms Seltisberg, 27.08.2021, Simon Keller<\/figcaption><\/figure>\n\n\n\n<figure class=\"wp-block-image size-large\"><a href=\"https:\/\/naturschutzsl.ch\/wp-content\/uploads\/2023\/10\/Fuchs-juv.-Seltisberg-Deponie-Buechholle-04.2021-scaled.jpg\"><img loading=\"lazy\" decoding=\"async\" width=\"1024\" height=\"768\" data-id=\"1340\" src=\"https:\/\/naturschutzsl.ch\/wp-content\/uploads\/2023\/10\/Fuchs-juv.-Seltisberg-Deponie-Buechholle-04.2021-1024x768.jpg\" alt=\"\" class=\"wp-image-1340\" srcset=\"https:\/\/naturschutzsl.ch\/wp-content\/uploads\/2023\/10\/Fuchs-juv.-Seltisberg-Deponie-Buechholle-04.2021-1024x768.jpg 1024w, https:\/\/naturschutzsl.ch\/wp-content\/uploads\/2023\/10\/Fuchs-juv.-Seltisberg-Deponie-Buechholle-04.2021-300x225.jpg 300w, https:\/\/naturschutzsl.ch\/wp-content\/uploads\/2023\/10\/Fuchs-juv.-Seltisberg-Deponie-Buechholle-04.2021-768x576.jpg 768w, https:\/\/naturschutzsl.ch\/wp-content\/uploads\/2023\/10\/Fuchs-juv.-Seltisberg-Deponie-Buechholle-04.2021-1536x1152.jpg 1536w, https:\/\/naturschutzsl.ch\/wp-content\/uploads\/2023\/10\/Fuchs-juv.-Seltisberg-Deponie-Buechholle-04.2021-2048x1536.jpg 2048w, https:\/\/naturschutzsl.ch\/wp-content\/uploads\/2023\/10\/Fuchs-juv.-Seltisberg-Deponie-Buechholle-04.2021-150x113.jpg 150w\" sizes=\"auto, (max-width: 1024px) 100vw, 1024px\" \/><\/a><figcaption class=\"wp-element-caption\">Fuchs juv., Buechhalde Seltisberg, 04.2021, Simon Keller<\/figcaption><\/figure>\n\n\n\n<figure class=\"wp-block-image size-large\"><a href=\"https:\/\/naturschutzsl.ch\/wp-content\/uploads\/2023\/10\/Fuchs-Seltisberg-BL-16.04.2021-scaled.jpg\"><img loading=\"lazy\" decoding=\"async\" width=\"1024\" height=\"768\" data-id=\"1341\" src=\"https:\/\/naturschutzsl.ch\/wp-content\/uploads\/2023\/10\/Fuchs-Seltisberg-BL-16.04.2021-1024x768.jpg\" alt=\"\" class=\"wp-image-1341\" srcset=\"https:\/\/naturschutzsl.ch\/wp-content\/uploads\/2023\/10\/Fuchs-Seltisberg-BL-16.04.2021-1024x768.jpg 1024w, https:\/\/naturschutzsl.ch\/wp-content\/uploads\/2023\/10\/Fuchs-Seltisberg-BL-16.04.2021-300x225.jpg 300w, https:\/\/naturschutzsl.ch\/wp-content\/uploads\/2023\/10\/Fuchs-Seltisberg-BL-16.04.2021-768x576.jpg 768w, https:\/\/naturschutzsl.ch\/wp-content\/uploads\/2023\/10\/Fuchs-Seltisberg-BL-16.04.2021-1536x1152.jpg 1536w, https:\/\/naturschutzsl.ch\/wp-content\/uploads\/2023\/10\/Fuchs-Seltisberg-BL-16.04.2021-2048x1536.jpg 2048w, https:\/\/naturschutzsl.ch\/wp-content\/uploads\/2023\/10\/Fuchs-Seltisberg-BL-16.04.2021-150x113.jpg 150w\" sizes=\"auto, (max-width: 1024px) 100vw, 1024px\" \/><\/a><figcaption class=\"wp-element-caption\">Fuchs, Seltisberg, 16.04.2021, Simon Keller<\/figcaption><\/figure>\n\n\n\n<figure class=\"wp-block-image size-large\"><a href=\"https:\/\/naturschutzsl.ch\/wp-content\/uploads\/2023\/10\/Hermelin-unterhalb-Buechhalde-Seltisberg-BL_18.02.2023-scaled.jpg\"><img loading=\"lazy\" decoding=\"async\" width=\"1024\" height=\"768\" data-id=\"1342\" src=\"https:\/\/naturschutzsl.ch\/wp-content\/uploads\/2023\/10\/Hermelin-unterhalb-Buechhalde-Seltisberg-BL_18.02.2023-1024x768.jpg\" alt=\"\" class=\"wp-image-1342\" srcset=\"https:\/\/naturschutzsl.ch\/wp-content\/uploads\/2023\/10\/Hermelin-unterhalb-Buechhalde-Seltisberg-BL_18.02.2023-1024x768.jpg 1024w, https:\/\/naturschutzsl.ch\/wp-content\/uploads\/2023\/10\/Hermelin-unterhalb-Buechhalde-Seltisberg-BL_18.02.2023-300x225.jpg 300w, https:\/\/naturschutzsl.ch\/wp-content\/uploads\/2023\/10\/Hermelin-unterhalb-Buechhalde-Seltisberg-BL_18.02.2023-768x576.jpg 768w, https:\/\/naturschutzsl.ch\/wp-content\/uploads\/2023\/10\/Hermelin-unterhalb-Buechhalde-Seltisberg-BL_18.02.2023-1536x1152.jpg 1536w, https:\/\/naturschutzsl.ch\/wp-content\/uploads\/2023\/10\/Hermelin-unterhalb-Buechhalde-Seltisberg-BL_18.02.2023-2048x1536.jpg 2048w, https:\/\/naturschutzsl.ch\/wp-content\/uploads\/2023\/10\/Hermelin-unterhalb-Buechhalde-Seltisberg-BL_18.02.2023-150x113.jpg 150w\" sizes=\"auto, (max-width: 1024px) 100vw, 1024px\" \/><\/a><figcaption class=\"wp-element-caption\">Hermelin WK-&gt;SK, unterhalb Buechhalde Seltisberg, 18.02.2023, Simon Keller<\/figcaption><\/figure>\n\n\n\n<figure class=\"wp-block-image size-large\"><a href=\"https:\/\/naturschutzsl.ch\/wp-content\/uploads\/2023\/10\/Wiesel-Buechhalde-Seltisberg-BL_20.09.2022-scaled.jpg\"><img loading=\"lazy\" decoding=\"async\" width=\"1024\" height=\"768\" data-id=\"1343\" src=\"https:\/\/naturschutzsl.ch\/wp-content\/uploads\/2023\/10\/Wiesel-Buechhalde-Seltisberg-BL_20.09.2022-1024x768.jpg\" alt=\"\" class=\"wp-image-1343\" srcset=\"https:\/\/naturschutzsl.ch\/wp-content\/uploads\/2023\/10\/Wiesel-Buechhalde-Seltisberg-BL_20.09.2022-1024x768.jpg 1024w, https:\/\/naturschutzsl.ch\/wp-content\/uploads\/2023\/10\/Wiesel-Buechhalde-Seltisberg-BL_20.09.2022-300x225.jpg 300w, https:\/\/naturschutzsl.ch\/wp-content\/uploads\/2023\/10\/Wiesel-Buechhalde-Seltisberg-BL_20.09.2022-768x576.jpg 768w, https:\/\/naturschutzsl.ch\/wp-content\/uploads\/2023\/10\/Wiesel-Buechhalde-Seltisberg-BL_20.09.2022-1536x1152.jpg 1536w, https:\/\/naturschutzsl.ch\/wp-content\/uploads\/2023\/10\/Wiesel-Buechhalde-Seltisberg-BL_20.09.2022-2048x1536.jpg 2048w, https:\/\/naturschutzsl.ch\/wp-content\/uploads\/2023\/10\/Wiesel-Buechhalde-Seltisberg-BL_20.09.2022-150x113.jpg 150w\" sizes=\"auto, (max-width: 1024px) 100vw, 1024px\" \/><\/a><figcaption class=\"wp-element-caption\">Hermelin (Wiesel) im SK, Buechhalde Seltisberg, 20.09.2022, Simon Keller<\/figcaption><\/figure>\n\n\n\n<figure class=\"wp-block-image size-large\"><a href=\"https:\/\/naturschutzsl.ch\/wp-content\/uploads\/2023\/10\/Luchs-Deponie-Seltisberg-BL_16.9.2021-scaled.jpg\"><img loading=\"lazy\" decoding=\"async\" width=\"1024\" height=\"768\" data-id=\"1344\" src=\"https:\/\/naturschutzsl.ch\/wp-content\/uploads\/2023\/10\/Luchs-Deponie-Seltisberg-BL_16.9.2021-1024x768.jpg\" alt=\"\" class=\"wp-image-1344\" srcset=\"https:\/\/naturschutzsl.ch\/wp-content\/uploads\/2023\/10\/Luchs-Deponie-Seltisberg-BL_16.9.2021-1024x768.jpg 1024w, https:\/\/naturschutzsl.ch\/wp-content\/uploads\/2023\/10\/Luchs-Deponie-Seltisberg-BL_16.9.2021-300x225.jpg 300w, https:\/\/naturschutzsl.ch\/wp-content\/uploads\/2023\/10\/Luchs-Deponie-Seltisberg-BL_16.9.2021-768x576.jpg 768w, https:\/\/naturschutzsl.ch\/wp-content\/uploads\/2023\/10\/Luchs-Deponie-Seltisberg-BL_16.9.2021-1536x1152.jpg 1536w, https:\/\/naturschutzsl.ch\/wp-content\/uploads\/2023\/10\/Luchs-Deponie-Seltisberg-BL_16.9.2021-2048x1536.jpg 2048w, https:\/\/naturschutzsl.ch\/wp-content\/uploads\/2023\/10\/Luchs-Deponie-Seltisberg-BL_16.9.2021-150x113.jpg 150w\" sizes=\"auto, (max-width: 1024px) 100vw, 1024px\" \/><\/a><figcaption class=\"wp-element-caption\">Luchs, Seltisberg, 16.9.2021, Simon Keller<\/figcaption><\/figure>\n\n\n\n<figure class=\"wp-block-image size-large\"><a href=\"https:\/\/naturschutzsl.ch\/wp-content\/uploads\/2023\/10\/Wildkatzen-Collage_Seltisberg-BL-09.202105.2022.jpg\"><img loading=\"lazy\" decoding=\"async\" width=\"950\" height=\"717\" data-id=\"1345\" src=\"https:\/\/naturschutzsl.ch\/wp-content\/uploads\/2023\/10\/Wildkatzen-Collage_Seltisberg-BL-09.202105.2022.jpg\" alt=\"\" class=\"wp-image-1345\" srcset=\"https:\/\/naturschutzsl.ch\/wp-content\/uploads\/2023\/10\/Wildkatzen-Collage_Seltisberg-BL-09.202105.2022.jpg 950w, https:\/\/naturschutzsl.ch\/wp-content\/uploads\/2023\/10\/Wildkatzen-Collage_Seltisberg-BL-09.202105.2022-300x226.jpg 300w, https:\/\/naturschutzsl.ch\/wp-content\/uploads\/2023\/10\/Wildkatzen-Collage_Seltisberg-BL-09.202105.2022-768x580.jpg 768w, https:\/\/naturschutzsl.ch\/wp-content\/uploads\/2023\/10\/Wildkatzen-Collage_Seltisberg-BL-09.202105.2022-150x113.jpg 150w\" sizes=\"auto, (max-width: 950px) 100vw, 950px\" \/><\/a><figcaption class=\"wp-element-caption\">Wildkatzen-Collage, Seltisberg, 09.2021+05.2022_Simon Keller<\/figcaption><\/figure>\n\n\n\n<figure class=\"wp-block-image size-large\"><a href=\"https:\/\/naturschutzsl.ch\/wp-content\/uploads\/2024\/08\/Waschbaer-Collage-Altrhein-Wyhlen-D_11.08.2024.jpg\"><img loading=\"lazy\" decoding=\"async\" width=\"1024\" height=\"627\" data-id=\"1629\" src=\"https:\/\/naturschutzsl.ch\/wp-content\/uploads\/2024\/08\/Waschbaer-Collage-Altrhein-Wyhlen-D_11.08.2024-1024x627.jpg\" alt=\"\" class=\"wp-image-1629\" srcset=\"https:\/\/naturschutzsl.ch\/wp-content\/uploads\/2024\/08\/Waschbaer-Collage-Altrhein-Wyhlen-D_11.08.2024-1024x627.jpg 1024w, https:\/\/naturschutzsl.ch\/wp-content\/uploads\/2024\/08\/Waschbaer-Collage-Altrhein-Wyhlen-D_11.08.2024-300x184.jpg 300w, https:\/\/naturschutzsl.ch\/wp-content\/uploads\/2024\/08\/Waschbaer-Collage-Altrhein-Wyhlen-D_11.08.2024-768x470.jpg 768w, https:\/\/naturschutzsl.ch\/wp-content\/uploads\/2024\/08\/Waschbaer-Collage-Altrhein-Wyhlen-D_11.08.2024-150x92.jpg 150w, https:\/\/naturschutzsl.ch\/wp-content\/uploads\/2024\/08\/Waschbaer-Collage-Altrhein-Wyhlen-D_11.08.2024.jpg 1176w\" sizes=\"auto, (max-width: 1024px) 100vw, 1024px\" \/><\/a><figcaption class=\"wp-element-caption\">Waschb\u00e4r, Altrhein Wyhlen D gg\u00fc Augst BL, 11.08.2024_Simon Keller<\/figcaption><\/figure>\n\n\n\n<figure class=\"wp-block-image size-large\"><a href=\"https:\/\/naturschutzsl.ch\/wp-content\/uploads\/2026\/03\/Wildkatzen-Phaenotyp-Blutmond-in-Seltisberg-BL-02-03.03.2026.jpg\"><img loading=\"lazy\" decoding=\"async\" width=\"1024\" height=\"657\" data-id=\"2066\" src=\"https:\/\/naturschutzsl.ch\/wp-content\/uploads\/2026\/03\/Wildkatzen-Phaenotyp-Blutmond-in-Seltisberg-BL-02-03.03.2026-1024x657.jpg\" alt=\"\" class=\"wp-image-2066\" srcset=\"https:\/\/naturschutzsl.ch\/wp-content\/uploads\/2026\/03\/Wildkatzen-Phaenotyp-Blutmond-in-Seltisberg-BL-02-03.03.2026-1024x657.jpg 1024w, https:\/\/naturschutzsl.ch\/wp-content\/uploads\/2026\/03\/Wildkatzen-Phaenotyp-Blutmond-in-Seltisberg-BL-02-03.03.2026-300x192.jpg 300w, https:\/\/naturschutzsl.ch\/wp-content\/uploads\/2026\/03\/Wildkatzen-Phaenotyp-Blutmond-in-Seltisberg-BL-02-03.03.2026-768x492.jpg 768w, https:\/\/naturschutzsl.ch\/wp-content\/uploads\/2026\/03\/Wildkatzen-Phaenotyp-Blutmond-in-Seltisberg-BL-02-03.03.2026-150x96.jpg 150w, https:\/\/naturschutzsl.ch\/wp-content\/uploads\/2026\/03\/Wildkatzen-Phaenotyp-Blutmond-in-Seltisberg-BL-02-03.03.2026.jpg 1123w\" sizes=\"auto, (max-width: 1024px) 100vw, 1024px\" \/><\/a><figcaption class=\"wp-element-caption\">Wildkatzen-Ph\u00e4notyp, Seltisberg BL, 02.03.2026<\/figcaption><\/figure>\n<\/figure>\n","protected":false},"excerpt":{"rendered":"<p>Fotos Fotos von unseren Mitgliedern:<\/p>\n<p> <a class=\"continue-reading-link\" href=\"https:\/\/naturschutzsl.ch\/index.php\/bilder-links\/fotos-2\/\"><span><\/span><i class=\"crycon-right-dir\"><\/i><\/a> <\/p>\n","protected":false},"author":1,"featured_media":1227,"parent":1198,"menu_order":0,"comment_status":"closed","ping_status":"closed","template":"","meta":{"footnotes":""},"class_list":["post-268","page","type-page","status-publish","has-post-thumbnail","hentry"],"_links":{"self":[{"href":"https:\/\/naturschutzsl.ch\/index.php\/wp-json\/wp\/v2\/pages\/268","targetHints":{"allow":["GET"]}}],"collection":[{"href":"https:\/\/naturschutzsl.ch\/index.php\/wp-json\/wp\/v2\/pages"}],"about":[{"href":"https:\/\/naturschutzsl.ch\/index.php\/wp-json\/wp\/v2\/types\/page"}],"author":[{"embeddable":true,"href":"https:\/\/naturschutzsl.ch\/index.php\/wp-json\/wp\/v2\/users\/1"}],"replies":[{"embeddable":true,"href":"https:\/\/naturschutzsl.ch\/index.php\/wp-json\/wp\/v2\/comments?post=268"}],"version-history":[{"count":196,"href":"https:\/\/naturschutzsl.ch\/index.php\/wp-json\/wp\/v2\/pages\/268\/revisions"}],"predecessor-version":[{"id":2193,"href":"https:\/\/naturschutzsl.ch\/index.php\/wp-json\/wp\/v2\/pages\/268\/revisions\/2193"}],"up":[{"embeddable":true,"href":"https:\/\/naturschutzsl.ch\/index.php\/wp-json\/wp\/v2\/pages\/1198"}],"wp:featuredmedia":[{"embeddable":true,"href":"https:\/\/naturschutzsl.ch\/index.php\/wp-json\/wp\/v2\/media\/1227"}],"wp:attachment":[{"href":"https:\/\/naturschutzsl.ch\/index.php\/wp-json\/wp\/v2\/media?parent=268"}],"curies":[{"name":"wp","href":"https:\/\/api.w.org\/{rel}","templated":true}]}}